{"id":682,"date":"2016-02-11T17:19:30","date_gmt":"2016-02-11T16:19:30","guid":{"rendered":"http:\/\/jlmirall.es\/?page_id=682"},"modified":"2024-02-17T14:59:55","modified_gmt":"2024-02-17T13:59:55","slug":"perfil-investigador","status":"publish","type":"page","link":"https:\/\/jlmirall.es\/?page_id=682","title":{"rendered":"Perfil Investigador"},"content":{"rendered":"\n<p class=\"has-text-align-center\">Nombre normalizado: <em><strong>Jos\u00e9 Luis Miralles-Bono<\/strong><\/em><\/p>\n\n\n\n<p class=\"has-text-align-center\"><\/p>\n\n\n\n<p class=\"has-text-align-center\">ORCID<\/p>\n\n\n\n<figure class=\"wp-block-image aligncenter\"><a href=\"http:\/\/orcid.org\/0000-0003-2894-5973\" target=\"_blank\" rel=\"attachment wp-att-748 noopener noreferrer\"><img data-recalc-dims=\"1\" loading=\"lazy\" decoding=\"async\" width=\"50\" height=\"50\" data-attachment-id=\"748\" data-permalink=\"https:\/\/jlmirall.es\/?attachment_id=748\" data-orig-file=\"https:\/\/i0.wp.com\/jlmirall.es\/wp-content\/uploads\/2016\/02\/logo-orcid.png?fit=50%2C50&amp;ssl=1\" data-orig-size=\"50,50\" data-comments-opened=\"0\" data-image-meta=\"{&quot;aperture&quot;:&quot;0&quot;,&quot;credit&quot;:&quot;&quot;,&quot;camera&quot;:&quot;&quot;,&quot;caption&quot;:&quot;&quot;,&quot;created_timestamp&quot;:&quot;0&quot;,&quot;copyright&quot;:&quot;&quot;,&quot;focal_length&quot;:&quot;0&quot;,&quot;iso&quot;:&quot;0&quot;,&quot;shutter_speed&quot;:&quot;0&quot;,&quot;title&quot;:&quot;&quot;,&quot;orientation&quot;:&quot;0&quot;}\" data-image-title=\"logo orcid\" data-image-description=\"\" data-image-caption=\"\" data-large-file=\"https:\/\/i0.wp.com\/jlmirall.es\/wp-content\/uploads\/2016\/02\/logo-orcid.png?fit=50%2C50&amp;ssl=1\" src=\"https:\/\/i0.wp.com\/jlmirall.es\/wp-content\/uploads\/2016\/02\/logo-orcid.png?resize=50%2C50\" alt=\"logo orcid\" class=\"wp-image-748\"\/><\/a><\/figure>\n\n\n\n<p class=\"has-text-align-center\">Perfil en Research Gate<\/p>\n\n\n\n<figure class=\"wp-block-image aligncenter\"><a href=\"https:\/\/www.researchgate.net\/profile\/Jose_Miralles_Bono\" target=\"_blank\" rel=\"attachment wp-att-749 noopener noreferrer\"><img data-recalc-dims=\"1\" loading=\"lazy\" decoding=\"async\" width=\"50\" height=\"50\" data-attachment-id=\"749\" data-permalink=\"https:\/\/jlmirall.es\/?attachment_id=749\" data-orig-file=\"https:\/\/i0.wp.com\/jlmirall.es\/wp-content\/uploads\/2016\/02\/logo-researchgate.png?fit=50%2C50&amp;ssl=1\" data-orig-size=\"50,50\" data-comments-opened=\"0\" data-image-meta=\"{&quot;aperture&quot;:&quot;0&quot;,&quot;credit&quot;:&quot;&quot;,&quot;camera&quot;:&quot;&quot;,&quot;caption&quot;:&quot;&quot;,&quot;created_timestamp&quot;:&quot;0&quot;,&quot;copyright&quot;:&quot;&quot;,&quot;focal_length&quot;:&quot;0&quot;,&quot;iso&quot;:&quot;0&quot;,&quot;shutter_speed&quot;:&quot;0&quot;,&quot;title&quot;:&quot;&quot;,&quot;orientation&quot;:&quot;0&quot;}\" data-image-title=\"logo researchgate\" data-image-description=\"\" data-image-caption=\"\" data-large-file=\"https:\/\/i0.wp.com\/jlmirall.es\/wp-content\/uploads\/2016\/02\/logo-researchgate.png?fit=50%2C50&amp;ssl=1\" src=\"https:\/\/i0.wp.com\/jlmirall.es\/wp-content\/uploads\/2016\/02\/logo-researchgate.png?resize=50%2C50\" alt=\"logo researchgate\" class=\"wp-image-749\"\/><\/a><\/figure>\n\n\n\n<p class=\"has-text-align-center\">Repositorio de la Universitat Jaume I<\/p>\n\n\n\n<figure class=\"wp-block-image aligncenter\"><a href=\"http:\/\/repositori.uji.es\/xmlui\/browse?type=author&amp;value=Miralles%20Bono,%20Jos\u00e9%20Luis\" target=\"_blank\" rel=\"attachment wp-att-747 noopener noreferrer\"><img data-recalc-dims=\"1\" loading=\"lazy\" decoding=\"async\" width=\"108\" height=\"105\" data-attachment-id=\"747\" data-permalink=\"https:\/\/jlmirall.es\/?attachment_id=747\" data-orig-file=\"https:\/\/i0.wp.com\/jlmirall.es\/wp-content\/uploads\/2016\/02\/logo_uji_vertical.png?fit=108%2C105&amp;ssl=1\" data-orig-size=\"108,105\" data-comments-opened=\"0\" data-image-meta=\"{&quot;aperture&quot;:&quot;0&quot;,&quot;credit&quot;:&quot;&quot;,&quot;camera&quot;:&quot;&quot;,&quot;caption&quot;:&quot;&quot;,&quot;created_timestamp&quot;:&quot;0&quot;,&quot;copyright&quot;:&quot;&quot;,&quot;focal_length&quot;:&quot;0&quot;,&quot;iso&quot;:&quot;0&quot;,&quot;shutter_speed&quot;:&quot;0&quot;,&quot;title&quot;:&quot;&quot;,&quot;orientation&quot;:&quot;0&quot;}\" data-image-title=\"logo_uji_vertical\" data-image-description=\"\" data-image-caption=\"\" data-large-file=\"https:\/\/i0.wp.com\/jlmirall.es\/wp-content\/uploads\/2016\/02\/logo_uji_vertical.png?fit=108%2C105&amp;ssl=1\" src=\"https:\/\/i0.wp.com\/jlmirall.es\/wp-content\/uploads\/2016\/02\/logo_uji_vertical.png?resize=108%2C105\" alt=\"logo_uji_vertical\" class=\"wp-image-747\"\/><\/a><\/figure>\n\n\n\n<p class=\"has-text-align-center\"><\/p>\n\n\n\n<p class=\"has-text-align-center\"><\/p>\n\n\n\n<p class=\"has-text-align-left\"><strong>Ha pertenecido a los siguientes comit\u00e9s:<\/strong><\/p>\n\n\n\n<ul class=\"wp-block-list\">\n<li>2017 |&nbsp;XXVII Jornadas Estatales del Foro Europeo de Administradores de la Educaci\u00f3n-FEAE Direcci\u00f3n y Liderazgo en Centros Educativos &#8211; Comit\u00e9 Organizador<\/li>\n\n\n\n<li>2017 |&nbsp;II Jornadas de Did\u00e1ctica de la Expresi\u00f3n Musical &#8211; Comit\u00e9 Organizador<\/li>\n\n\n\n<li>2016 | III Congreso Nacional y I Internacional de Conservatorios Superiores de M\u00fasica &#8211; Comit\u00e9 Organizador<\/li>\n\n\n\n<li>2016 | IV Congreso de Educaci\u00f3n e Investigaci\u00f3n Musical CEIMUS &#8211; Comit\u00e9 Cient\u00edfico<\/li>\n<\/ul>\n\n\n\n<p class=\"has-text-align-left\"><strong>Ha sido miembro de:<\/strong><\/p>\n\n\n\n<ul class=\"wp-block-list\">\n<li><em>Sociedad para la Educaci\u00f3n Musical del Estado Espa\u00f1ol<\/em><\/li>\n\n\n\n<li><em>Forum Europeo de Administradores de la Educaci\u00f3n<\/em><\/li>\n\n\n\n<li><em>European Association for Music in Schools<\/em><\/li>\n\n\n\n<li><em>National Association for Music Education<\/em><\/li>\n\n\n\n<li><em>International Society for Music Education<\/em><\/li>\n\n\n\n<li><em>Asociaci\u00f3n Espa\u00f1ola de Psicolog\u00eda de la M\u00fasica y la Interpretaci\u00f3n Musical<\/em><\/li>\n<\/ul>\n","protected":false},"excerpt":{"rendered":"<p>Nombre normalizado: Jos\u00e9 Luis Miralles-Bono ORCID Perfil en Research Gate Repositorio de la Universitat Jaume I Ha pertenecido a los siguientes comit\u00e9s: Ha sido miembro de:<\/p>\n","protected":false},"author":1,"featured_media":0,"parent":680,"menu_order":0,"comment_status":"closed","ping_status":"closed","template":"","meta":{"footnotes":""},"class_list":["post-682","page","type-page","status-publish","hentry"],"jetpack_shortlink":"https:\/\/wp.me\/P2FSry-b0","jetpack-related-posts":[{"id":977,"url":"https:\/\/jlmirall.es\/?page_id=977","url_meta":{"origin":682,"position":0},"title":"Prensa","author":"Oysiao","date":"18 junio, 2018","format":false,"excerpt":"Jos\u00e9 Luis Miralles: \"La noche es oscura y alberga horrores\" | nomepierdoniuna Entre el piano de Jos\u00e9 Luis Miralles y las im\u00e1genes de la EASD surgi\u00f3 el emotivo homenaje a Vicent Vidal | nomepierdoniuna Las creaciones experimentales al piano de Jos\u00e9 Luis Miralles y las piezas de cer\u00e1mica y vidrio\u2026","rel":"","context":"Entrada similar","block_context":{"text":"Entrada similar","link":""},"img":{"alt_text":"","src":"","width":0,"height":0},"classes":[]},{"id":314,"url":"https:\/\/jlmirall.es\/","url_meta":{"origin":682,"position":1},"title":"Inicio","author":"Miralles","date":"7 julio, 2011","format":false,"excerpt":"Jos\u00e9 Luis Miralles Bono Vila-real, 1985 Piano & Educaci\u00f3n M\u00fasica Experimental & Arte Sonoro \u201csigo con curiosidad e inter\u00e9s sus propuestas art\u00edstico sonoras, y he de decir que veo en todas ellas un entrevere de solidez y audacia, propia de quien carga con una formaci\u00f3n \u2018cl\u00e1sica\u2019, pero se desenvuelve con\u2026","rel":"","context":"Entrada similar","block_context":{"text":"Entrada similar","link":""},"img":{"alt_text":"","src":"https:\/\/i0.wp.com\/jlmirall.es\/wp-content\/uploads\/2011\/07\/Piano-player.jpg?resize=350%2C200&ssl=1","width":350,"height":200,"srcset":"https:\/\/i0.wp.com\/jlmirall.es\/wp-content\/uploads\/2011\/07\/Piano-player.jpg?resize=350%2C200&ssl=1 1x, https:\/\/i0.wp.com\/jlmirall.es\/wp-content\/uploads\/2011\/07\/Piano-player.jpg?resize=525%2C300&ssl=1 1.5x, https:\/\/i0.wp.com\/jlmirall.es\/wp-content\/uploads\/2011\/07\/Piano-player.jpg?resize=700%2C400&ssl=1 2x, https:\/\/i0.wp.com\/jlmirall.es\/wp-content\/uploads\/2011\/07\/Piano-player.jpg?resize=1050%2C600&ssl=1 3x, https:\/\/i0.wp.com\/jlmirall.es\/wp-content\/uploads\/2011\/07\/Piano-player.jpg?resize=1400%2C800&ssl=1 4x"},"classes":[]},{"id":684,"url":"https:\/\/jlmirall.es\/?page_id=684","url_meta":{"origin":682,"position":2},"title":"Publicaciones","author":"Oysiao","date":"11 febrero, 2016","format":false,"excerpt":"Al final de cada art\u00edculo se pueden encontrar links a\u00a0las p\u00e1ginas web de la UJI (Universitat Jaume I) y ResearchGate para aquellos que est\u00e1n disponibles. 2024 Miralles-Bono, J. L. (2024). Planificaci\u00f3n Inteligente para resultados no artificiales.\u00a0Eufon\u00eda: did\u00e1ctica de la m\u00fasica,\u00a0101, 14-19. Miralles-Bono, J. L. (2024). Another AI-generated Chopin nocturne? Better\u2026","rel":"","context":"Entrada similar","block_context":{"text":"Entrada similar","link":""},"img":{"alt_text":"Captura de pantalla 2016-03-02 a les 14.59.46","src":"https:\/\/i0.wp.com\/jlmirall.es\/wp-content\/uploads\/2016\/02\/Captura-de-pantalla-2016-03-02-a-les-14.59.46.png?resize=350%2C200","width":350,"height":200},"classes":[]},{"id":680,"url":"https:\/\/jlmirall.es\/?page_id=680","url_meta":{"origin":682,"position":3},"title":"Investigaci\u00f3n","author":"Oysiao","date":"11 febrero, 2016","format":false,"excerpt":"Perfil Investigador Publicaciones Direcci\u00f3n de TFG & TFM","rel":"","context":"Entrada similar","block_context":{"text":"Entrada similar","link":""},"img":{"alt_text":"","src":"","width":0,"height":0},"classes":[]},{"id":335,"url":"https:\/\/jlmirall.es\/?page_id=335","url_meta":{"origin":682,"position":4},"title":"Curr\u00edculum ampliado","author":"Miralles","date":"8 julio, 2011","format":false,"excerpt":"Director Art\u00edstico del Laboratori de M\u00fasica \u00df, GuidoBlogs, pianista solista y asistente de director de la OLCS y miembro fundador Espai Cl\u00e0ssic. Colaborador de la revista M\u00fasica y Educaci\u00f3n, CEFIRE feria internacional MARTE de Arte Contempor\u00e1neo, revista cultural independiente Nomepierdoniuna, Escuela de Arte y Superior de Dise\u00f1o de Castell\u00f3n, la\u2026","rel":"","context":"Entrada similar","block_context":{"text":"Entrada similar","link":""},"img":{"alt_text":"","src":"","width":0,"height":0},"classes":[]},{"id":688,"url":"https:\/\/jlmirall.es\/?page_id=688","url_meta":{"origin":682,"position":5},"title":"Direcci\u00f3n de TFG &#038; TFM","author":"Oysiao","date":"11 febrero, 2016","format":false,"excerpt":"Direcci\u00f3n de TFM A\u00f1o 2018 Reig Sanchis, M. (2018). La integraci\u00f3n de las asignaturas de instrumento y lenguaje musical. Una propuesta did\u00e1ctica para las ense\u00f1anzas elementales de piano en el contexto auton\u00f3mico valenciano. Universitat Jaume I. [En co-direcci\u00f3n con Dra. Amparo Porta]\u00a0 Casades Lapiedra, V. (2018). Investigaci\u00f3n y pr\u00e1ctica sobre\u2026","rel":"","context":"Entrada similar","block_context":{"text":"Entrada similar","link":""},"img":{"alt_text":"Captura de pantalla 2016-03-02 a les 14.59.37","src":"https:\/\/i0.wp.com\/jlmirall.es\/wp-content\/uploads\/2016\/02\/Captura-de-pantalla-2016-03-02-a-les-14.59.37.png?resize=350%2C200","width":350,"height":200},"classes":[]}],"jetpack_sharing_enabled":true,"_links":{"self":[{"href":"https:\/\/jlmirall.es\/index.php?rest_route=\/wp\/v2\/pages\/682","targetHints":{"allow":["GET"]}}],"collection":[{"href":"https:\/\/jlmirall.es\/index.php?rest_route=\/wp\/v2\/pages"}],"about":[{"href":"https:\/\/jlmirall.es\/index.php?rest_route=\/wp\/v2\/types\/page"}],"author":[{"embeddable":true,"href":"https:\/\/jlmirall.es\/index.php?rest_route=\/wp\/v2\/users\/1"}],"replies":[{"embeddable":true,"href":"https:\/\/jlmirall.es\/index.php?rest_route=%2Fwp%2Fv2%2Fcomments&post=682"}],"version-history":[{"count":9,"href":"https:\/\/jlmirall.es\/index.php?rest_route=\/wp\/v2\/pages\/682\/revisions"}],"predecessor-version":[{"id":2629,"href":"https:\/\/jlmirall.es\/index.php?rest_route=\/wp\/v2\/pages\/682\/revisions\/2629"}],"up":[{"embeddable":true,"href":"https:\/\/jlmirall.es\/index.php?rest_route=\/wp\/v2\/pages\/680"}],"wp:attachment":[{"href":"https:\/\/jlmirall.es\/index.php?rest_route=%2Fwp%2Fv2%2Fmedia&parent=682"}],"curies":[{"name":"wp","href":"https:\/\/api.w.org\/{rel}","templated":true}]}}