{"id":543,"date":"2015-04-06T09:54:14","date_gmt":"2015-04-06T07:54:14","guid":{"rendered":"http:\/\/jlmirall.es\/?page_id=543"},"modified":"2024-02-18T01:04:28","modified_gmt":"2024-02-18T00:04:28","slug":"conferencias","status":"publish","type":"page","link":"https:\/\/jlmirall.es\/?page_id=543","title":{"rendered":"Ponencias y Conferencias"},"content":{"rendered":"\n<p>Ir directamente a:<\/p>\n\n\n\n<p><a href=\"#Ponencias\" data-type=\"internal\" data-id=\"#Ponencias\">Ponencias (investigaci\u00f3n)<\/a><\/p>\n\n\n\n<p><a href=\"#Conferencias\" data-type=\"internal\" data-id=\"#Conferencias\">Conferencias (divulgaci\u00f3n)<\/a><\/p>\n\n\n\n<h2 class=\"wp-block-heading\" id=\"Ponencias\">Ponencias<\/h2>\n\n\n\n<p>Dentro de la actividad&nbsp;de<strong>&nbsp;investigaci\u00f3n musical<\/strong>, he realizado diferentes&nbsp;<strong>ponencias y comunicaciones<\/strong>&nbsp;en jornadas y congresos. Muchas han sido sobre dos grandes proyectos que coordino: GuidoBlogs y el Laboratori de M\u00fasica \u00df.<\/p>\n\n\n\n<p>\u00daltimamente, tambi\u00e9n me he centrado en el&nbsp;<strong>papel de la m\u00fasica en la educaci\u00f3n<\/strong>&nbsp;y los&nbsp;<strong>perfiles<\/strong>&nbsp;que deber\u00edan adquirir los futuros maestros de m\u00fasica.<\/p>\n\n\n\n<div class=\"wp-block-query is-layout-flow wp-block-query-is-layout-flow\"><ul class=\"wp-block-post-template is-layout-flow wp-block-post-template-is-layout-flow\"><li class=\"wp-block-post post-1637 jetpack-portfolio type-jetpack-portfolio status-publish format-standard has-post-thumbnail hentry jetpack-portfolio-type-ponencia jetpack-portfolio-type-ponencias-conferencias\">\n\n<div class=\"wp-block-columns are-vertically-aligned-center is-layout-flex wp-container-core-columns-is-layout-28f84493 wp-block-columns-is-layout-flex\">\n<div class=\"wp-block-column is-vertically-aligned-center is-layout-flow wp-block-column-is-layout-flow\" style=\"flex-basis:25%\"><figure class=\"wp-block-post-featured-image\"><a href=\"https:\/\/jlmirall.es\/?portfolio=de-la-vista-al-oido-sinestesia-y-creacion-de-partituras-graficas\" target=\"_self\"  ><img data-recalc-dims=\"1\" loading=\"lazy\" decoding=\"async\" width=\"2000\" height=\"1504\" src=\"https:\/\/i0.wp.com\/jlmirall.es\/wp-content\/uploads\/2024\/02\/de-la-vista.jpg?resize=2000%2C1504&#038;ssl=1\" class=\"attachment-post-thumbnail size-post-thumbnail wp-post-image\" alt=\"de la vista al oido, sinestesia y creaci\u00f3n de partituras gr\u00e1ficas\" style=\"border-radius:0px;object-fit:cover;\" srcset=\"https:\/\/i0.wp.com\/jlmirall.es\/wp-content\/uploads\/2024\/02\/de-la-vista.jpg?w=2000&amp;ssl=1 2000w, https:\/\/i0.wp.com\/jlmirall.es\/wp-content\/uploads\/2024\/02\/de-la-vista.jpg?resize=300%2C226&amp;ssl=1 300w, https:\/\/i0.wp.com\/jlmirall.es\/wp-content\/uploads\/2024\/02\/de-la-vista.jpg?resize=1024%2C770&amp;ssl=1 1024w, https:\/\/i0.wp.com\/jlmirall.es\/wp-content\/uploads\/2024\/02\/de-la-vista.jpg?resize=768%2C578&amp;ssl=1 768w, https:\/\/i0.wp.com\/jlmirall.es\/wp-content\/uploads\/2024\/02\/de-la-vista.jpg?resize=1536%2C1155&amp;ssl=1 1536w\" sizes=\"auto, (max-width: 1000px) 100vw, 1000px\" data-attachment-id=\"1639\" data-permalink=\"https:\/\/jlmirall.es\/?attachment_id=1639\" data-orig-file=\"https:\/\/i0.wp.com\/jlmirall.es\/wp-content\/uploads\/2024\/02\/de-la-vista.jpg?fit=2000%2C1504&amp;ssl=1\" data-orig-size=\"2000,1504\" data-comments-opened=\"0\" data-image-meta=\"{&quot;aperture&quot;:&quot;0&quot;,&quot;credit&quot;:&quot;&quot;,&quot;camera&quot;:&quot;&quot;,&quot;caption&quot;:&quot;&quot;,&quot;created_timestamp&quot;:&quot;0&quot;,&quot;copyright&quot;:&quot;&quot;,&quot;focal_length&quot;:&quot;0&quot;,&quot;iso&quot;:&quot;0&quot;,&quot;shutter_speed&quot;:&quot;0&quot;,&quot;title&quot;:&quot;&quot;,&quot;orientation&quot;:&quot;1&quot;}\" data-image-title=\"de-la-vista\" data-image-description=\"\" data-image-caption=\"\" data-large-file=\"https:\/\/i0.wp.com\/jlmirall.es\/wp-content\/uploads\/2024\/02\/de-la-vista.jpg?fit=1024%2C770&amp;ssl=1\" \/><\/a><\/figure><\/div>\n\n\n\n<div class=\"wp-block-column is-vertically-aligned-center is-layout-flow wp-block-column-is-layout-flow\" style=\"flex-basis:75%\"><h2 class=\"wp-block-post-title\"><a href=\"https:\/\/jlmirall.es\/?portfolio=de-la-vista-al-oido-sinestesia-y-creacion-de-partituras-graficas\" target=\"_self\" >de la vista al oido, sinestesia y creaci\u00f3n de partituras gr\u00e1ficas<\/a><\/h2>\n\n<div class=\"wp-block-post-excerpt\"><p class=\"wp-block-post-excerpt__excerpt\"> <\/p><\/div><\/div>\n<\/div>\n\n<\/li><li class=\"wp-block-post post-1635 jetpack-portfolio type-jetpack-portfolio status-publish format-standard has-post-thumbnail hentry jetpack-portfolio-type-ponencia jetpack-portfolio-type-ponencias-conferencias\">\n\n<div class=\"wp-block-columns are-vertically-aligned-center is-layout-flex wp-container-core-columns-is-layout-28f84493 wp-block-columns-is-layout-flex\">\n<div class=\"wp-block-column is-vertically-aligned-center is-layout-flow wp-block-column-is-layout-flow\" style=\"flex-basis:25%\"><figure class=\"wp-block-post-featured-image\"><a href=\"https:\/\/jlmirall.es\/?portfolio=centros-integrados-jornada-escolar-continua-y-escuelas-de-musica-una-oportunidad-perfecta\" target=\"_self\"  ><img data-recalc-dims=\"1\" loading=\"lazy\" decoding=\"async\" width=\"2068\" height=\"1552\" src=\"https:\/\/i0.wp.com\/jlmirall.es\/wp-content\/uploads\/2024\/02\/feaecv.jpg?resize=2068%2C1552&#038;ssl=1\" class=\"attachment-post-thumbnail size-post-thumbnail wp-post-image\" alt=\"Centros integrados, jornada escolar continua, y escuelas de m\u00fasica: una oportunidad perfecta.\" style=\"border-radius:0px;object-fit:cover;\" srcset=\"https:\/\/i0.wp.com\/jlmirall.es\/wp-content\/uploads\/2024\/02\/feaecv.jpg?w=2068&amp;ssl=1 2068w, https:\/\/i0.wp.com\/jlmirall.es\/wp-content\/uploads\/2024\/02\/feaecv.jpg?resize=300%2C225&amp;ssl=1 300w, https:\/\/i0.wp.com\/jlmirall.es\/wp-content\/uploads\/2024\/02\/feaecv.jpg?resize=1024%2C768&amp;ssl=1 1024w, https:\/\/i0.wp.com\/jlmirall.es\/wp-content\/uploads\/2024\/02\/feaecv.jpg?resize=768%2C576&amp;ssl=1 768w, https:\/\/i0.wp.com\/jlmirall.es\/wp-content\/uploads\/2024\/02\/feaecv.jpg?resize=1536%2C1153&amp;ssl=1 1536w, https:\/\/i0.wp.com\/jlmirall.es\/wp-content\/uploads\/2024\/02\/feaecv.jpg?resize=2048%2C1537&amp;ssl=1 2048w\" sizes=\"auto, (max-width: 1000px) 100vw, 1000px\" data-attachment-id=\"1640\" data-permalink=\"https:\/\/jlmirall.es\/?attachment_id=1640\" data-orig-file=\"https:\/\/i0.wp.com\/jlmirall.es\/wp-content\/uploads\/2024\/02\/feaecv.jpg?fit=2068%2C1552&amp;ssl=1\" data-orig-size=\"2068,1552\" data-comments-opened=\"0\" data-image-meta=\"{&quot;aperture&quot;:&quot;0&quot;,&quot;credit&quot;:&quot;&quot;,&quot;camera&quot;:&quot;&quot;,&quot;caption&quot;:&quot;&quot;,&quot;created_timestamp&quot;:&quot;0&quot;,&quot;copyright&quot;:&quot;&quot;,&quot;focal_length&quot;:&quot;0&quot;,&quot;iso&quot;:&quot;0&quot;,&quot;shutter_speed&quot;:&quot;0&quot;,&quot;title&quot;:&quot;&quot;,&quot;orientation&quot;:&quot;1&quot;}\" data-image-title=\"feaecv\" data-image-description=\"\" data-image-caption=\"\" data-large-file=\"https:\/\/i0.wp.com\/jlmirall.es\/wp-content\/uploads\/2024\/02\/feaecv.jpg?fit=1024%2C768&amp;ssl=1\" \/><\/a><\/figure><\/div>\n\n\n\n<div class=\"wp-block-column is-vertically-aligned-center is-layout-flow wp-block-column-is-layout-flow\" style=\"flex-basis:75%\"><h2 class=\"wp-block-post-title\"><a href=\"https:\/\/jlmirall.es\/?portfolio=centros-integrados-jornada-escolar-continua-y-escuelas-de-musica-una-oportunidad-perfecta\" target=\"_self\" >Centros integrados, jornada escolar continua, y escuelas de m\u00fasica: una oportunidad perfecta.<\/a><\/h2>\n\n<div class=\"wp-block-post-excerpt\"><p class=\"wp-block-post-excerpt__excerpt\"> <\/p><\/div><\/div>\n<\/div>\n\n<\/li><li class=\"wp-block-post post-1633 jetpack-portfolio type-jetpack-portfolio status-publish format-standard has-post-thumbnail hentry jetpack-portfolio-type-ponencia jetpack-portfolio-type-ponencias-conferencias\">\n\n<div class=\"wp-block-columns are-vertically-aligned-center is-layout-flex wp-container-core-columns-is-layout-28f84493 wp-block-columns-is-layout-flex\">\n<div class=\"wp-block-column is-vertically-aligned-center is-layout-flow wp-block-column-is-layout-flow\" style=\"flex-basis:25%\"><figure class=\"wp-block-post-featured-image\"><a href=\"https:\/\/jlmirall.es\/?portfolio=cuando-hacemos-sonar-la-inteligencia-musical-cefire\" target=\"_self\"  ><img data-recalc-dims=\"1\" loading=\"lazy\" decoding=\"async\" width=\"1285\" height=\"964\" src=\"https:\/\/i0.wp.com\/jlmirall.es\/wp-content\/uploads\/2024\/02\/Inteligencia-Musical.jpg?resize=1285%2C964&#038;ssl=1\" class=\"attachment-post-thumbnail size-post-thumbnail wp-post-image\" alt=\"Cuando hacemos sonar la inteligencia musical (CEFIRE)\" style=\"border-radius:0px;object-fit:cover;\" srcset=\"https:\/\/i0.wp.com\/jlmirall.es\/wp-content\/uploads\/2024\/02\/Inteligencia-Musical.jpg?w=1285&amp;ssl=1 1285w, https:\/\/i0.wp.com\/jlmirall.es\/wp-content\/uploads\/2024\/02\/Inteligencia-Musical.jpg?resize=300%2C225&amp;ssl=1 300w, https:\/\/i0.wp.com\/jlmirall.es\/wp-content\/uploads\/2024\/02\/Inteligencia-Musical.jpg?resize=1024%2C768&amp;ssl=1 1024w, https:\/\/i0.wp.com\/jlmirall.es\/wp-content\/uploads\/2024\/02\/Inteligencia-Musical.jpg?resize=768%2C576&amp;ssl=1 768w\" sizes=\"auto, (max-width: 1000px) 100vw, 1000px\" data-attachment-id=\"1641\" data-permalink=\"https:\/\/jlmirall.es\/?attachment_id=1641\" data-orig-file=\"https:\/\/i0.wp.com\/jlmirall.es\/wp-content\/uploads\/2024\/02\/Inteligencia-Musical.jpg?fit=1285%2C964&amp;ssl=1\" data-orig-size=\"1285,964\" data-comments-opened=\"0\" data-image-meta=\"{&quot;aperture&quot;:&quot;0&quot;,&quot;credit&quot;:&quot;&quot;,&quot;camera&quot;:&quot;&quot;,&quot;caption&quot;:&quot;&quot;,&quot;created_timestamp&quot;:&quot;0&quot;,&quot;copyright&quot;:&quot;&quot;,&quot;focal_length&quot;:&quot;0&quot;,&quot;iso&quot;:&quot;0&quot;,&quot;shutter_speed&quot;:&quot;0&quot;,&quot;title&quot;:&quot;&quot;,&quot;orientation&quot;:&quot;1&quot;}\" data-image-title=\"Inteligencia-Musical\" data-image-description=\"\" data-image-caption=\"\" data-large-file=\"https:\/\/i0.wp.com\/jlmirall.es\/wp-content\/uploads\/2024\/02\/Inteligencia-Musical.jpg?fit=1024%2C768&amp;ssl=1\" \/><\/a><\/figure><\/div>\n\n\n\n<div class=\"wp-block-column is-vertically-aligned-center is-layout-flow wp-block-column-is-layout-flow\" style=\"flex-basis:75%\"><h2 class=\"wp-block-post-title\"><a href=\"https:\/\/jlmirall.es\/?portfolio=cuando-hacemos-sonar-la-inteligencia-musical-cefire\" target=\"_self\" >Cuando hacemos sonar la inteligencia musical (CEFIRE)<\/a><\/h2>\n\n<div class=\"wp-block-post-excerpt\"><p class=\"wp-block-post-excerpt__excerpt\"> <\/p><\/div><\/div>\n<\/div>\n\n<\/li><li class=\"wp-block-post post-1631 jetpack-portfolio type-jetpack-portfolio status-publish format-standard has-post-thumbnail hentry jetpack-portfolio-type-ponencia jetpack-portfolio-type-ponencias-conferencias\">\n\n<div class=\"wp-block-columns are-vertically-aligned-center is-layout-flex wp-container-core-columns-is-layout-28f84493 wp-block-columns-is-layout-flex\">\n<div class=\"wp-block-column is-vertically-aligned-center is-layout-flow wp-block-column-is-layout-flow\" style=\"flex-basis:25%\"><figure class=\"wp-block-post-featured-image\"><a href=\"https:\/\/jlmirall.es\/?portfolio=la-educacion-musical-sufre-bullying\" target=\"_self\"  ><img data-recalc-dims=\"1\" loading=\"lazy\" decoding=\"async\" width=\"1829\" height=\"1167\" src=\"https:\/\/i0.wp.com\/jlmirall.es\/wp-content\/uploads\/2024\/02\/bullying.jpg?resize=1829%2C1167&#038;ssl=1\" class=\"attachment-post-thumbnail size-post-thumbnail wp-post-image\" alt=\"La educaci\u00f3n musical sufre bullying\" style=\"border-radius:0px;object-fit:cover;\" srcset=\"https:\/\/i0.wp.com\/jlmirall.es\/wp-content\/uploads\/2024\/02\/bullying.jpg?w=1829&amp;ssl=1 1829w, https:\/\/i0.wp.com\/jlmirall.es\/wp-content\/uploads\/2024\/02\/bullying.jpg?resize=300%2C191&amp;ssl=1 300w, https:\/\/i0.wp.com\/jlmirall.es\/wp-content\/uploads\/2024\/02\/bullying.jpg?resize=1024%2C653&amp;ssl=1 1024w, https:\/\/i0.wp.com\/jlmirall.es\/wp-content\/uploads\/2024\/02\/bullying.jpg?resize=768%2C490&amp;ssl=1 768w, https:\/\/i0.wp.com\/jlmirall.es\/wp-content\/uploads\/2024\/02\/bullying.jpg?resize=1536%2C980&amp;ssl=1 1536w\" sizes=\"auto, (max-width: 1000px) 100vw, 1000px\" data-attachment-id=\"1642\" data-permalink=\"https:\/\/jlmirall.es\/?attachment_id=1642\" data-orig-file=\"https:\/\/i0.wp.com\/jlmirall.es\/wp-content\/uploads\/2024\/02\/bullying.jpg?fit=1829%2C1167&amp;ssl=1\" data-orig-size=\"1829,1167\" data-comments-opened=\"0\" data-image-meta=\"{&quot;aperture&quot;:&quot;0&quot;,&quot;credit&quot;:&quot;&quot;,&quot;camera&quot;:&quot;&quot;,&quot;caption&quot;:&quot;&quot;,&quot;created_timestamp&quot;:&quot;0&quot;,&quot;copyright&quot;:&quot;&quot;,&quot;focal_length&quot;:&quot;0&quot;,&quot;iso&quot;:&quot;0&quot;,&quot;shutter_speed&quot;:&quot;0&quot;,&quot;title&quot;:&quot;&quot;,&quot;orientation&quot;:&quot;1&quot;}\" data-image-title=\"bullying\" data-image-description=\"\" data-image-caption=\"\" data-large-file=\"https:\/\/i0.wp.com\/jlmirall.es\/wp-content\/uploads\/2024\/02\/bullying.jpg?fit=1024%2C653&amp;ssl=1\" \/><\/a><\/figure><\/div>\n\n\n\n<div class=\"wp-block-column is-vertically-aligned-center is-layout-flow wp-block-column-is-layout-flow\" style=\"flex-basis:75%\"><h2 class=\"wp-block-post-title\"><a href=\"https:\/\/jlmirall.es\/?portfolio=la-educacion-musical-sufre-bullying\" target=\"_self\" >La educaci\u00f3n musical sufre bullying<\/a><\/h2>\n\n<div class=\"wp-block-post-excerpt\"><p class=\"wp-block-post-excerpt__excerpt\"> <\/p><\/div><\/div>\n<\/div>\n\n<\/li><li class=\"wp-block-post post-1629 jetpack-portfolio type-jetpack-portfolio status-publish format-standard has-post-thumbnail hentry jetpack-portfolio-type-ponencia jetpack-portfolio-type-ponencias-conferencias\">\n\n<div class=\"wp-block-columns are-vertically-aligned-center is-layout-flex wp-container-core-columns-is-layout-28f84493 wp-block-columns-is-layout-flex\">\n<div class=\"wp-block-column is-vertically-aligned-center is-layout-flow wp-block-column-is-layout-flow\" style=\"flex-basis:25%\"><figure class=\"wp-block-post-featured-image\"><a href=\"https:\/\/jlmirall.es\/?portfolio=usos-comunes-y-no-tan-comunes-de-los-dispositivos-moviles-en-la-educacion\" target=\"_self\"  ><img data-recalc-dims=\"1\" loading=\"lazy\" decoding=\"async\" width=\"1280\" height=\"956\" src=\"https:\/\/i0.wp.com\/jlmirall.es\/wp-content\/uploads\/2024\/02\/DIMEU.jpg?resize=1280%2C956&#038;ssl=1\" class=\"attachment-post-thumbnail size-post-thumbnail wp-post-image\" alt=\"Usos comunes y no tan comunes de los dispositivos m\u00f3viles en la educaci\u00f3n\" style=\"border-radius:0px;object-fit:cover;\" srcset=\"https:\/\/i0.wp.com\/jlmirall.es\/wp-content\/uploads\/2024\/02\/DIMEU.jpg?w=1280&amp;ssl=1 1280w, https:\/\/i0.wp.com\/jlmirall.es\/wp-content\/uploads\/2024\/02\/DIMEU.jpg?resize=300%2C224&amp;ssl=1 300w, https:\/\/i0.wp.com\/jlmirall.es\/wp-content\/uploads\/2024\/02\/DIMEU.jpg?resize=1024%2C765&amp;ssl=1 1024w, https:\/\/i0.wp.com\/jlmirall.es\/wp-content\/uploads\/2024\/02\/DIMEU.jpg?resize=768%2C574&amp;ssl=1 768w\" sizes=\"auto, (max-width: 1000px) 100vw, 1000px\" data-attachment-id=\"1643\" data-permalink=\"https:\/\/jlmirall.es\/?attachment_id=1643\" data-orig-file=\"https:\/\/i0.wp.com\/jlmirall.es\/wp-content\/uploads\/2024\/02\/DIMEU.jpg?fit=1280%2C956&amp;ssl=1\" data-orig-size=\"1280,956\" data-comments-opened=\"0\" data-image-meta=\"{&quot;aperture&quot;:&quot;0&quot;,&quot;credit&quot;:&quot;&quot;,&quot;camera&quot;:&quot;&quot;,&quot;caption&quot;:&quot;&quot;,&quot;created_timestamp&quot;:&quot;0&quot;,&quot;copyright&quot;:&quot;&quot;,&quot;focal_length&quot;:&quot;0&quot;,&quot;iso&quot;:&quot;0&quot;,&quot;shutter_speed&quot;:&quot;0&quot;,&quot;title&quot;:&quot;&quot;,&quot;orientation&quot;:&quot;1&quot;}\" data-image-title=\"DIMEU\" data-image-description=\"\" data-image-caption=\"\" data-large-file=\"https:\/\/i0.wp.com\/jlmirall.es\/wp-content\/uploads\/2024\/02\/DIMEU.jpg?fit=1024%2C765&amp;ssl=1\" \/><\/a><\/figure><\/div>\n\n\n\n<div class=\"wp-block-column is-vertically-aligned-center is-layout-flow wp-block-column-is-layout-flow\" style=\"flex-basis:75%\"><h2 class=\"wp-block-post-title\"><a href=\"https:\/\/jlmirall.es\/?portfolio=usos-comunes-y-no-tan-comunes-de-los-dispositivos-moviles-en-la-educacion\" target=\"_self\" >Usos comunes y no tan comunes de los dispositivos m\u00f3viles en la educaci\u00f3n<\/a><\/h2>\n\n<div class=\"wp-block-post-excerpt\"><p class=\"wp-block-post-excerpt__excerpt\"> <\/p><\/div><\/div>\n<\/div>\n\n<\/li><li class=\"wp-block-post post-1627 jetpack-portfolio type-jetpack-portfolio status-publish format-standard has-post-thumbnail hentry jetpack-portfolio-type-ponencia jetpack-portfolio-type-ponencias-conferencias\">\n\n<div class=\"wp-block-columns are-vertically-aligned-center is-layout-flex wp-container-core-columns-is-layout-28f84493 wp-block-columns-is-layout-flex\">\n<div class=\"wp-block-column is-vertically-aligned-center is-layout-flow wp-block-column-is-layout-flow\" style=\"flex-basis:25%\"><figure class=\"wp-block-post-featured-image\"><a href=\"https:\/\/jlmirall.es\/?portfolio=de-las-bandas-de-musica-a-las-ciudades-educadoras\" target=\"_self\"  ><img data-recalc-dims=\"1\" loading=\"lazy\" decoding=\"async\" width=\"1333\" height=\"750\" src=\"https:\/\/i0.wp.com\/jlmirall.es\/wp-content\/uploads\/2024\/02\/De-las-bandas.jpg?resize=1333%2C750&#038;ssl=1\" class=\"attachment-post-thumbnail size-post-thumbnail wp-post-image\" alt=\"De las bandas de m\u00fasica a las ciudades educadoras\" style=\"border-radius:0px;object-fit:cover;\" srcset=\"https:\/\/i0.wp.com\/jlmirall.es\/wp-content\/uploads\/2024\/02\/De-las-bandas.jpg?w=1333&amp;ssl=1 1333w, https:\/\/i0.wp.com\/jlmirall.es\/wp-content\/uploads\/2024\/02\/De-las-bandas.jpg?resize=300%2C169&amp;ssl=1 300w, https:\/\/i0.wp.com\/jlmirall.es\/wp-content\/uploads\/2024\/02\/De-las-bandas.jpg?resize=1024%2C576&amp;ssl=1 1024w, https:\/\/i0.wp.com\/jlmirall.es\/wp-content\/uploads\/2024\/02\/De-las-bandas.jpg?resize=768%2C432&amp;ssl=1 768w\" sizes=\"auto, (max-width: 1000px) 100vw, 1000px\" data-attachment-id=\"1645\" data-permalink=\"https:\/\/jlmirall.es\/?attachment_id=1645\" data-orig-file=\"https:\/\/i0.wp.com\/jlmirall.es\/wp-content\/uploads\/2024\/02\/De-las-bandas.jpg?fit=1333%2C750&amp;ssl=1\" data-orig-size=\"1333,750\" data-comments-opened=\"0\" data-image-meta=\"{&quot;aperture&quot;:&quot;0&quot;,&quot;credit&quot;:&quot;&quot;,&quot;camera&quot;:&quot;&quot;,&quot;caption&quot;:&quot;&quot;,&quot;created_timestamp&quot;:&quot;0&quot;,&quot;copyright&quot;:&quot;&quot;,&quot;focal_length&quot;:&quot;0&quot;,&quot;iso&quot;:&quot;0&quot;,&quot;shutter_speed&quot;:&quot;0&quot;,&quot;title&quot;:&quot;&quot;,&quot;orientation&quot;:&quot;1&quot;}\" data-image-title=\"De-las-bandas\" data-image-description=\"\" data-image-caption=\"\" data-large-file=\"https:\/\/i0.wp.com\/jlmirall.es\/wp-content\/uploads\/2024\/02\/De-las-bandas.jpg?fit=1024%2C576&amp;ssl=1\" \/><\/a><\/figure><\/div>\n\n\n\n<div class=\"wp-block-column is-vertically-aligned-center is-layout-flow wp-block-column-is-layout-flow\" style=\"flex-basis:75%\"><h2 class=\"wp-block-post-title\"><a href=\"https:\/\/jlmirall.es\/?portfolio=de-las-bandas-de-musica-a-las-ciudades-educadoras\" target=\"_self\" >De las bandas de m\u00fasica a las ciudades educadoras<\/a><\/h2>\n\n<div class=\"wp-block-post-excerpt\"><p class=\"wp-block-post-excerpt__excerpt\"> <\/p><\/div><\/div>\n<\/div>\n\n<\/li><li class=\"wp-block-post post-1625 jetpack-portfolio type-jetpack-portfolio status-publish format-standard has-post-thumbnail hentry jetpack-portfolio-type-ponencia jetpack-portfolio-type-ponencias-conferencias\">\n\n<div class=\"wp-block-columns are-vertically-aligned-center is-layout-flex wp-container-core-columns-is-layout-28f84493 wp-block-columns-is-layout-flex\">\n<div class=\"wp-block-column is-vertically-aligned-center is-layout-flow wp-block-column-is-layout-flow\" style=\"flex-basis:25%\"><figure class=\"wp-block-post-featured-image\"><a href=\"https:\/\/jlmirall.es\/?portfolio=revealing-the-secrets-of-teaching-piano-sight-reading\" target=\"_self\"  ><img data-recalc-dims=\"1\" loading=\"lazy\" decoding=\"async\" width=\"828\" height=\"618\" src=\"https:\/\/i0.wp.com\/jlmirall.es\/wp-content\/uploads\/2024\/02\/Captura-de-pantalla-2016-10-05-a-les-20.12.04.jpg?resize=828%2C618&#038;ssl=1\" class=\"attachment-post-thumbnail size-post-thumbnail wp-post-image\" alt=\"Revealing the secrets of teaching piano sight-reading\" style=\"border-radius:0px;object-fit:cover;\" srcset=\"https:\/\/i0.wp.com\/jlmirall.es\/wp-content\/uploads\/2024\/02\/Captura-de-pantalla-2016-10-05-a-les-20.12.04.jpg?w=828&amp;ssl=1 828w, https:\/\/i0.wp.com\/jlmirall.es\/wp-content\/uploads\/2024\/02\/Captura-de-pantalla-2016-10-05-a-les-20.12.04.jpg?resize=300%2C224&amp;ssl=1 300w, https:\/\/i0.wp.com\/jlmirall.es\/wp-content\/uploads\/2024\/02\/Captura-de-pantalla-2016-10-05-a-les-20.12.04.jpg?resize=768%2C573&amp;ssl=1 768w\" sizes=\"auto, (max-width: 828px) 100vw, 828px\" data-attachment-id=\"1646\" data-permalink=\"https:\/\/jlmirall.es\/?attachment_id=1646\" data-orig-file=\"https:\/\/i0.wp.com\/jlmirall.es\/wp-content\/uploads\/2024\/02\/Captura-de-pantalla-2016-10-05-a-les-20.12.04.jpg?fit=828%2C618&amp;ssl=1\" data-orig-size=\"828,618\" data-comments-opened=\"0\" data-image-meta=\"{&quot;aperture&quot;:&quot;0&quot;,&quot;credit&quot;:&quot;&quot;,&quot;camera&quot;:&quot;&quot;,&quot;caption&quot;:&quot;&quot;,&quot;created_timestamp&quot;:&quot;0&quot;,&quot;copyright&quot;:&quot;&quot;,&quot;focal_length&quot;:&quot;0&quot;,&quot;iso&quot;:&quot;0&quot;,&quot;shutter_speed&quot;:&quot;0&quot;,&quot;title&quot;:&quot;&quot;,&quot;orientation&quot;:&quot;1&quot;}\" data-image-title=\"Captura-de-pantalla-2016-10-05-a-les-20.12.04\" data-image-description=\"\" data-image-caption=\"\" data-large-file=\"https:\/\/i0.wp.com\/jlmirall.es\/wp-content\/uploads\/2024\/02\/Captura-de-pantalla-2016-10-05-a-les-20.12.04.jpg?fit=828%2C618&amp;ssl=1\" \/><\/a><\/figure><\/div>\n\n\n\n<div class=\"wp-block-column is-vertically-aligned-center is-layout-flow wp-block-column-is-layout-flow\" style=\"flex-basis:75%\"><h2 class=\"wp-block-post-title\"><a href=\"https:\/\/jlmirall.es\/?portfolio=revealing-the-secrets-of-teaching-piano-sight-reading\" target=\"_self\" >Revealing the secrets of teaching piano sight-reading<\/a><\/h2>\n\n<div class=\"wp-block-post-excerpt\"><p class=\"wp-block-post-excerpt__excerpt\"> <\/p><\/div><\/div>\n<\/div>\n\n<\/li><li class=\"wp-block-post post-1623 jetpack-portfolio type-jetpack-portfolio status-publish format-standard has-post-thumbnail hentry jetpack-portfolio-type-ponencia jetpack-portfolio-type-ponencias-conferencias\">\n\n<div class=\"wp-block-columns are-vertically-aligned-center is-layout-flex wp-container-core-columns-is-layout-28f84493 wp-block-columns-is-layout-flex\">\n<div class=\"wp-block-column is-vertically-aligned-center is-layout-flow wp-block-column-is-layout-flow\" style=\"flex-basis:25%\"><figure class=\"wp-block-post-featured-image\"><a href=\"https:\/\/jlmirall.es\/?portfolio=from-re-search-to-me-search-apuntes-sobre-una-educacion-musical-reflexiva\" target=\"_self\"  ><img data-recalc-dims=\"1\" loading=\"lazy\" decoding=\"async\" width=\"1059\" height=\"794\" src=\"https:\/\/i0.wp.com\/jlmirall.es\/wp-content\/uploads\/2024\/02\/from-re-search.jpg?resize=1059%2C794&#038;ssl=1\" class=\"attachment-post-thumbnail size-post-thumbnail wp-post-image\" alt=\"From re-search to me-search: apuntes sobre una educaci\u00f3n musical reflexiva\" style=\"border-radius:0px;object-fit:cover;\" srcset=\"https:\/\/i0.wp.com\/jlmirall.es\/wp-content\/uploads\/2024\/02\/from-re-search.jpg?w=1059&amp;ssl=1 1059w, https:\/\/i0.wp.com\/jlmirall.es\/wp-content\/uploads\/2024\/02\/from-re-search.jpg?resize=300%2C225&amp;ssl=1 300w, https:\/\/i0.wp.com\/jlmirall.es\/wp-content\/uploads\/2024\/02\/from-re-search.jpg?resize=1024%2C768&amp;ssl=1 1024w, https:\/\/i0.wp.com\/jlmirall.es\/wp-content\/uploads\/2024\/02\/from-re-search.jpg?resize=768%2C576&amp;ssl=1 768w\" sizes=\"auto, (max-width: 1000px) 100vw, 1000px\" data-attachment-id=\"1647\" data-permalink=\"https:\/\/jlmirall.es\/?attachment_id=1647\" data-orig-file=\"https:\/\/i0.wp.com\/jlmirall.es\/wp-content\/uploads\/2024\/02\/from-re-search.jpg?fit=1059%2C794&amp;ssl=1\" data-orig-size=\"1059,794\" data-comments-opened=\"0\" data-image-meta=\"{&quot;aperture&quot;:&quot;0&quot;,&quot;credit&quot;:&quot;&quot;,&quot;camera&quot;:&quot;&quot;,&quot;caption&quot;:&quot;&quot;,&quot;created_timestamp&quot;:&quot;0&quot;,&quot;copyright&quot;:&quot;&quot;,&quot;focal_length&quot;:&quot;0&quot;,&quot;iso&quot;:&quot;0&quot;,&quot;shutter_speed&quot;:&quot;0&quot;,&quot;title&quot;:&quot;&quot;,&quot;orientation&quot;:&quot;1&quot;}\" data-image-title=\"from-re-search\" data-image-description=\"\" data-image-caption=\"\" data-large-file=\"https:\/\/i0.wp.com\/jlmirall.es\/wp-content\/uploads\/2024\/02\/from-re-search.jpg?fit=1024%2C768&amp;ssl=1\" \/><\/a><\/figure><\/div>\n\n\n\n<div class=\"wp-block-column is-vertically-aligned-center is-layout-flow wp-block-column-is-layout-flow\" style=\"flex-basis:75%\"><h2 class=\"wp-block-post-title\"><a href=\"https:\/\/jlmirall.es\/?portfolio=from-re-search-to-me-search-apuntes-sobre-una-educacion-musical-reflexiva\" target=\"_self\" >From re-search to me-search: apuntes sobre una educaci\u00f3n musical reflexiva<\/a><\/h2>\n\n<div class=\"wp-block-post-excerpt\"><p class=\"wp-block-post-excerpt__excerpt\"> <\/p><\/div><\/div>\n<\/div>\n\n<\/li><li class=\"wp-block-post post-1621 jetpack-portfolio type-jetpack-portfolio status-publish format-standard has-post-thumbnail hentry jetpack-portfolio-type-ponencia jetpack-portfolio-type-ponencias-conferencias\">\n\n<div class=\"wp-block-columns are-vertically-aligned-center is-layout-flex wp-container-core-columns-is-layout-28f84493 wp-block-columns-is-layout-flex\">\n<div class=\"wp-block-column is-vertically-aligned-center is-layout-flow wp-block-column-is-layout-flow\" style=\"flex-basis:25%\"><figure class=\"wp-block-post-featured-image\"><a href=\"https:\/\/jlmirall.es\/?portfolio=rompiendo-moldes-mentales\" target=\"_self\"  ><img data-recalc-dims=\"1\" loading=\"lazy\" decoding=\"async\" width=\"1017\" height=\"765\" src=\"https:\/\/i0.wp.com\/jlmirall.es\/wp-content\/uploads\/2024\/02\/rompiendo-moldes-mentales.jpg?resize=1017%2C765&#038;ssl=1\" class=\"attachment-post-thumbnail size-post-thumbnail wp-post-image\" alt=\"Rompiendo moldes (mentales)\" style=\"border-radius:0px;object-fit:cover;\" srcset=\"https:\/\/i0.wp.com\/jlmirall.es\/wp-content\/uploads\/2024\/02\/rompiendo-moldes-mentales.jpg?w=1017&amp;ssl=1 1017w, https:\/\/i0.wp.com\/jlmirall.es\/wp-content\/uploads\/2024\/02\/rompiendo-moldes-mentales.jpg?resize=300%2C226&amp;ssl=1 300w, https:\/\/i0.wp.com\/jlmirall.es\/wp-content\/uploads\/2024\/02\/rompiendo-moldes-mentales.jpg?resize=768%2C578&amp;ssl=1 768w\" sizes=\"auto, (max-width: 1000px) 100vw, 1000px\" data-attachment-id=\"1648\" data-permalink=\"https:\/\/jlmirall.es\/?attachment_id=1648\" data-orig-file=\"https:\/\/i0.wp.com\/jlmirall.es\/wp-content\/uploads\/2024\/02\/rompiendo-moldes-mentales.jpg?fit=1017%2C765&amp;ssl=1\" data-orig-size=\"1017,765\" data-comments-opened=\"0\" data-image-meta=\"{&quot;aperture&quot;:&quot;0&quot;,&quot;credit&quot;:&quot;&quot;,&quot;camera&quot;:&quot;&quot;,&quot;caption&quot;:&quot;&quot;,&quot;created_timestamp&quot;:&quot;0&quot;,&quot;copyright&quot;:&quot;&quot;,&quot;focal_length&quot;:&quot;0&quot;,&quot;iso&quot;:&quot;0&quot;,&quot;shutter_speed&quot;:&quot;0&quot;,&quot;title&quot;:&quot;&quot;,&quot;orientation&quot;:&quot;1&quot;}\" data-image-title=\"rompiendo-moldes-mentales\" data-image-description=\"\" data-image-caption=\"\" data-large-file=\"https:\/\/i0.wp.com\/jlmirall.es\/wp-content\/uploads\/2024\/02\/rompiendo-moldes-mentales.jpg?fit=1017%2C765&amp;ssl=1\" \/><\/a><\/figure><\/div>\n\n\n\n<div class=\"wp-block-column is-vertically-aligned-center is-layout-flow wp-block-column-is-layout-flow\" style=\"flex-basis:75%\"><h2 class=\"wp-block-post-title\"><a href=\"https:\/\/jlmirall.es\/?portfolio=rompiendo-moldes-mentales\" target=\"_self\" >Rompiendo moldes (mentales)<\/a><\/h2>\n\n<div class=\"wp-block-post-excerpt\"><p class=\"wp-block-post-excerpt__excerpt\"> <\/p><\/div><\/div>\n<\/div>\n\n<\/li><li class=\"wp-block-post post-1619 jetpack-portfolio type-jetpack-portfolio status-publish format-standard has-post-thumbnail hentry jetpack-portfolio-type-ponencia jetpack-portfolio-type-ponencias-conferencias\">\n\n<div class=\"wp-block-columns are-vertically-aligned-center is-layout-flex wp-container-core-columns-is-layout-28f84493 wp-block-columns-is-layout-flex\">\n<div class=\"wp-block-column is-vertically-aligned-center is-layout-flow wp-block-column-is-layout-flow\" style=\"flex-basis:25%\"><figure class=\"wp-block-post-featured-image\"><a href=\"https:\/\/jlmirall.es\/?portfolio=se-puede-improvisar-sin-saber-musica\" target=\"_self\"  ><img data-recalc-dims=\"1\" loading=\"lazy\" decoding=\"async\" width=\"961\" height=\"720\" src=\"https:\/\/i0.wp.com\/jlmirall.es\/wp-content\/uploads\/2024\/02\/se-puede.jpg?resize=961%2C720&#038;ssl=1\" class=\"attachment-post-thumbnail size-post-thumbnail wp-post-image\" alt=\"\u00bfSe puede improvisar sin saber m\u00fasica?\" style=\"border-radius:0px;object-fit:cover;\" srcset=\"https:\/\/i0.wp.com\/jlmirall.es\/wp-content\/uploads\/2024\/02\/se-puede.jpg?w=961&amp;ssl=1 961w, https:\/\/i0.wp.com\/jlmirall.es\/wp-content\/uploads\/2024\/02\/se-puede.jpg?resize=300%2C225&amp;ssl=1 300w, https:\/\/i0.wp.com\/jlmirall.es\/wp-content\/uploads\/2024\/02\/se-puede.jpg?resize=768%2C575&amp;ssl=1 768w\" sizes=\"auto, (max-width: 961px) 100vw, 961px\" data-attachment-id=\"1650\" data-permalink=\"https:\/\/jlmirall.es\/?attachment_id=1650\" data-orig-file=\"https:\/\/i0.wp.com\/jlmirall.es\/wp-content\/uploads\/2024\/02\/se-puede.jpg?fit=961%2C720&amp;ssl=1\" data-orig-size=\"961,720\" data-comments-opened=\"0\" data-image-meta=\"{&quot;aperture&quot;:&quot;0&quot;,&quot;credit&quot;:&quot;&quot;,&quot;camera&quot;:&quot;&quot;,&quot;caption&quot;:&quot;&quot;,&quot;created_timestamp&quot;:&quot;0&quot;,&quot;copyright&quot;:&quot;&quot;,&quot;focal_length&quot;:&quot;0&quot;,&quot;iso&quot;:&quot;0&quot;,&quot;shutter_speed&quot;:&quot;0&quot;,&quot;title&quot;:&quot;&quot;,&quot;orientation&quot;:&quot;1&quot;}\" data-image-title=\"se-puede\" data-image-description=\"\" data-image-caption=\"\" data-large-file=\"https:\/\/i0.wp.com\/jlmirall.es\/wp-content\/uploads\/2024\/02\/se-puede.jpg?fit=961%2C720&amp;ssl=1\" \/><\/a><\/figure><\/div>\n\n\n\n<div class=\"wp-block-column is-vertically-aligned-center is-layout-flow wp-block-column-is-layout-flow\" style=\"flex-basis:75%\"><h2 class=\"wp-block-post-title\"><a href=\"https:\/\/jlmirall.es\/?portfolio=se-puede-improvisar-sin-saber-musica\" target=\"_self\" >\u00bfSe puede improvisar sin saber m\u00fasica?<\/a><\/h2>\n\n<div class=\"wp-block-post-excerpt\"><p class=\"wp-block-post-excerpt__excerpt\"> <\/p><\/div><\/div>\n<\/div>\n\n<\/li><li class=\"wp-block-post post-1617 jetpack-portfolio type-jetpack-portfolio status-publish format-standard has-post-thumbnail hentry jetpack-portfolio-type-ponencia jetpack-portfolio-type-ponencias-conferencias\">\n\n<div class=\"wp-block-columns are-vertically-aligned-center is-layout-flex wp-container-core-columns-is-layout-28f84493 wp-block-columns-is-layout-flex\">\n<div class=\"wp-block-column is-vertically-aligned-center is-layout-flow wp-block-column-is-layout-flow\" style=\"flex-basis:25%\"><figure class=\"wp-block-post-featured-image\"><a href=\"https:\/\/jlmirall.es\/?portfolio=el-rol-de-los-expertos-para-enriquecer-la-propia-praxis-docente\" target=\"_self\"  ><img data-recalc-dims=\"1\" loading=\"lazy\" decoding=\"async\" width=\"1594\" height=\"1199\" src=\"https:\/\/i0.wp.com\/jlmirall.es\/wp-content\/uploads\/2024\/02\/rol-expertos.jpg?resize=1594%2C1199&#038;ssl=1\" class=\"attachment-post-thumbnail size-post-thumbnail wp-post-image\" alt=\"El rol de los expertos para enriquecer la propia praxis docente\" style=\"border-radius:0px;object-fit:cover;\" srcset=\"https:\/\/i0.wp.com\/jlmirall.es\/wp-content\/uploads\/2024\/02\/rol-expertos.jpg?w=1594&amp;ssl=1 1594w, https:\/\/i0.wp.com\/jlmirall.es\/wp-content\/uploads\/2024\/02\/rol-expertos.jpg?resize=300%2C226&amp;ssl=1 300w, https:\/\/i0.wp.com\/jlmirall.es\/wp-content\/uploads\/2024\/02\/rol-expertos.jpg?resize=1024%2C770&amp;ssl=1 1024w, https:\/\/i0.wp.com\/jlmirall.es\/wp-content\/uploads\/2024\/02\/rol-expertos.jpg?resize=768%2C578&amp;ssl=1 768w, https:\/\/i0.wp.com\/jlmirall.es\/wp-content\/uploads\/2024\/02\/rol-expertos.jpg?resize=1536%2C1155&amp;ssl=1 1536w\" sizes=\"auto, (max-width: 1000px) 100vw, 1000px\" data-attachment-id=\"1649\" data-permalink=\"https:\/\/jlmirall.es\/?attachment_id=1649\" data-orig-file=\"https:\/\/i0.wp.com\/jlmirall.es\/wp-content\/uploads\/2024\/02\/rol-expertos.jpg?fit=1594%2C1199&amp;ssl=1\" data-orig-size=\"1594,1199\" data-comments-opened=\"0\" data-image-meta=\"{&quot;aperture&quot;:&quot;0&quot;,&quot;credit&quot;:&quot;&quot;,&quot;camera&quot;:&quot;&quot;,&quot;caption&quot;:&quot;&quot;,&quot;created_timestamp&quot;:&quot;0&quot;,&quot;copyright&quot;:&quot;&quot;,&quot;focal_length&quot;:&quot;0&quot;,&quot;iso&quot;:&quot;0&quot;,&quot;shutter_speed&quot;:&quot;0&quot;,&quot;title&quot;:&quot;&quot;,&quot;orientation&quot;:&quot;1&quot;}\" data-image-title=\"rol-expertos\" data-image-description=\"\" data-image-caption=\"\" data-large-file=\"https:\/\/i0.wp.com\/jlmirall.es\/wp-content\/uploads\/2024\/02\/rol-expertos.jpg?fit=1024%2C770&amp;ssl=1\" \/><\/a><\/figure><\/div>\n\n\n\n<div class=\"wp-block-column is-vertically-aligned-center is-layout-flow wp-block-column-is-layout-flow\" style=\"flex-basis:75%\"><h2 class=\"wp-block-post-title\"><a href=\"https:\/\/jlmirall.es\/?portfolio=el-rol-de-los-expertos-para-enriquecer-la-propia-praxis-docente\" target=\"_self\" >El rol de los expertos para enriquecer la propia praxis docente<\/a><\/h2>\n\n<div class=\"wp-block-post-excerpt\"><p class=\"wp-block-post-excerpt__excerpt\"> <\/p><\/div><\/div>\n<\/div>\n\n<\/li><li class=\"wp-block-post post-1615 jetpack-portfolio type-jetpack-portfolio status-publish format-standard has-post-thumbnail hentry jetpack-portfolio-type-ponencia jetpack-portfolio-type-ponencias-conferencias\">\n\n<div class=\"wp-block-columns are-vertically-aligned-center is-layout-flex wp-container-core-columns-is-layout-28f84493 wp-block-columns-is-layout-flex\">\n<div class=\"wp-block-column is-vertically-aligned-center is-layout-flow wp-block-column-is-layout-flow\" style=\"flex-basis:25%\"><figure class=\"wp-block-post-featured-image\"><a href=\"https:\/\/jlmirall.es\/?portfolio=horarios-deberes-practica-ese-fragil-equilibrio-de-los-alumnos-de-conservatorio\" target=\"_self\"  ><img data-recalc-dims=\"1\" loading=\"lazy\" decoding=\"async\" width=\"1801\" height=\"1015\" src=\"https:\/\/i0.wp.com\/jlmirall.es\/wp-content\/uploads\/2024\/02\/horarios.jpg?resize=1801%2C1015&#038;ssl=1\" class=\"attachment-post-thumbnail size-post-thumbnail wp-post-image\" alt=\"Horarios, deberes, pr\u00e1ctica,\u2026 ese fr\u00e1gil equilibrio de los alumnos de conservatorio\" style=\"border-radius:0px;object-fit:cover;\" srcset=\"https:\/\/i0.wp.com\/jlmirall.es\/wp-content\/uploads\/2024\/02\/horarios.jpg?w=1801&amp;ssl=1 1801w, https:\/\/i0.wp.com\/jlmirall.es\/wp-content\/uploads\/2024\/02\/horarios.jpg?resize=300%2C169&amp;ssl=1 300w, https:\/\/i0.wp.com\/jlmirall.es\/wp-content\/uploads\/2024\/02\/horarios.jpg?resize=1024%2C577&amp;ssl=1 1024w, https:\/\/i0.wp.com\/jlmirall.es\/wp-content\/uploads\/2024\/02\/horarios.jpg?resize=768%2C433&amp;ssl=1 768w, https:\/\/i0.wp.com\/jlmirall.es\/wp-content\/uploads\/2024\/02\/horarios.jpg?resize=1536%2C866&amp;ssl=1 1536w\" sizes=\"auto, (max-width: 1000px) 100vw, 1000px\" data-attachment-id=\"1651\" data-permalink=\"https:\/\/jlmirall.es\/?attachment_id=1651\" data-orig-file=\"https:\/\/i0.wp.com\/jlmirall.es\/wp-content\/uploads\/2024\/02\/horarios.jpg?fit=1801%2C1015&amp;ssl=1\" data-orig-size=\"1801,1015\" data-comments-opened=\"0\" data-image-meta=\"{&quot;aperture&quot;:&quot;0&quot;,&quot;credit&quot;:&quot;&quot;,&quot;camera&quot;:&quot;&quot;,&quot;caption&quot;:&quot;&quot;,&quot;created_timestamp&quot;:&quot;0&quot;,&quot;copyright&quot;:&quot;&quot;,&quot;focal_length&quot;:&quot;0&quot;,&quot;iso&quot;:&quot;0&quot;,&quot;shutter_speed&quot;:&quot;0&quot;,&quot;title&quot;:&quot;&quot;,&quot;orientation&quot;:&quot;1&quot;}\" data-image-title=\"horarios\" data-image-description=\"\" data-image-caption=\"\" data-large-file=\"https:\/\/i0.wp.com\/jlmirall.es\/wp-content\/uploads\/2024\/02\/horarios.jpg?fit=1024%2C577&amp;ssl=1\" \/><\/a><\/figure><\/div>\n\n\n\n<div class=\"wp-block-column is-vertically-aligned-center is-layout-flow wp-block-column-is-layout-flow\" style=\"flex-basis:75%\"><h2 class=\"wp-block-post-title\"><a href=\"https:\/\/jlmirall.es\/?portfolio=horarios-deberes-practica-ese-fragil-equilibrio-de-los-alumnos-de-conservatorio\" target=\"_self\" >Horarios, deberes, pr\u00e1ctica,\u2026 ese fr\u00e1gil equilibrio de los alumnos de conservatorio<\/a><\/h2>\n\n<div class=\"wp-block-post-excerpt\"><p class=\"wp-block-post-excerpt__excerpt\"> <\/p><\/div><\/div>\n<\/div>\n\n<\/li><\/ul>\n\n<nav class=\"wp-block-query-pagination is-layout-flex wp-block-query-pagination-is-layout-flex\" aria-label=\"Paginaci\u00f3n\">\n\n\n<div class=\"wp-block-query-pagination-numbers\"><span aria-current=\"page\" class=\"page-numbers current\">1<\/span>\n<a class=\"page-numbers\" href=\"?query-39-page=2&#038;rest_route=%2Fwp%2Fv2%2Fpages%2F543\">2<\/a>\n<a class=\"page-numbers\" href=\"?query-39-page=3&#038;rest_route=%2Fwp%2Fv2%2Fpages%2F543\">3<\/a><\/div>\n\n<a href=\"\/index.php?rest_route=%2Fwp%2Fv2%2Fpages%2F543&#038;query-39-page=2\" class=\"wp-block-query-pagination-next\">P\u00e1gina siguiente<\/a>\n<\/nav><\/div>\n\n\n\n<h2 class=\"wp-block-heading\" id=\"Conferencias\">Conferencias<\/h2>\n\n\n\n<p>Dentro de la actividad <strong>divulgativa y de difusi\u00f3n de la m\u00fasica&nbsp;cl\u00e1sica<\/strong>, he realizado diferentes <em><strong>conferencias<\/strong><\/em>. Siempre con un <strong>tono ameno<\/strong> y con un <strong>lenguaje entendible<\/strong> para profanos y provechoso para expertos. Algunas han sido motivadas por las tem\u00e1ticas de las <strong>semanas culturales<\/strong> de mi conservatorio o por visitas con alumnos a <strong>conciertos en el Auditorio<\/strong>.<\/p>\n\n\n\n<p>Tambi\u00e9n he realizado <em><strong>conciertos-conferencia<\/strong><\/em> dirigidos a alumnos del <strong>conservatorio<\/strong> o de centros de <strong>educaci\u00f3n secundaria<\/strong> en colaboraci\u00f3n con el profesorado de m\u00fasica.<\/p>\n\n\n\n<p>La <strong>formaci\u00f3n de un m\u00fasico<\/strong> es algo muy complejo, que requiere de muchas horas de pr\u00e1ctica, y saber elegir bien qu\u00e9 caminos recorrer durante el importante per\u00edodo formativo. He realizado varias conferencias enfocadas a explicar como funciona el <strong>sistema educativo musical<\/strong> y qu\u00e9 <strong>estrategias y opciones de futuro<\/strong> existen.<\/p>\n\n\n\n<div class=\"wp-block-query is-layout-flow wp-block-query-is-layout-flow\"><ul class=\"wp-block-post-template is-layout-flow wp-block-post-template-is-layout-flow\"><li class=\"wp-block-post post-2823 jetpack-portfolio type-jetpack-portfolio status-publish format-standard has-post-thumbnail hentry jetpack-portfolio-type-conferencia jetpack-portfolio-type-ponencias-conferencias\">\n\n<div class=\"wp-block-columns are-vertically-aligned-center is-layout-flex wp-container-core-columns-is-layout-28f84493 wp-block-columns-is-layout-flex\">\n<div class=\"wp-block-column is-vertically-aligned-center is-layout-flow wp-container-core-column-is-layout-43dc041e wp-block-column-is-layout-flow\" style=\"border-style:none;border-width:0px;padding-top:0;padding-right:0;padding-bottom:0;padding-left:0;flex-basis:25%\"><figure class=\"wp-block-post-featured-image\"><a href=\"https:\/\/jlmirall.es\/?portfolio=i-carles-esdevingue-piano-festival-arc-2021\" target=\"_self\"  ><img data-recalc-dims=\"1\" loading=\"lazy\" decoding=\"async\" width=\"2560\" height=\"1435\" src=\"https:\/\/i0.wp.com\/jlmirall.es\/wp-content\/uploads\/2024\/02\/Captura-de-pantalla-2024-02-18-a-les-0.56.04-scaled.jpg?resize=2560%2C1435&#038;ssl=1\" class=\"attachment-post-thumbnail size-post-thumbnail wp-post-image\" alt=\"i Carles esdevingu\u00e9 piano (Festival ARC, 2021)\" style=\"border-radius:0px;object-fit:cover;\" srcset=\"https:\/\/i0.wp.com\/jlmirall.es\/wp-content\/uploads\/2024\/02\/Captura-de-pantalla-2024-02-18-a-les-0.56.04-scaled.jpg?w=2560&amp;ssl=1 2560w, https:\/\/i0.wp.com\/jlmirall.es\/wp-content\/uploads\/2024\/02\/Captura-de-pantalla-2024-02-18-a-les-0.56.04-scaled.jpg?resize=300%2C168&amp;ssl=1 300w, https:\/\/i0.wp.com\/jlmirall.es\/wp-content\/uploads\/2024\/02\/Captura-de-pantalla-2024-02-18-a-les-0.56.04-scaled.jpg?resize=1024%2C574&amp;ssl=1 1024w, https:\/\/i0.wp.com\/jlmirall.es\/wp-content\/uploads\/2024\/02\/Captura-de-pantalla-2024-02-18-a-les-0.56.04-scaled.jpg?resize=768%2C431&amp;ssl=1 768w, https:\/\/i0.wp.com\/jlmirall.es\/wp-content\/uploads\/2024\/02\/Captura-de-pantalla-2024-02-18-a-les-0.56.04-scaled.jpg?resize=1536%2C861&amp;ssl=1 1536w, https:\/\/i0.wp.com\/jlmirall.es\/wp-content\/uploads\/2024\/02\/Captura-de-pantalla-2024-02-18-a-les-0.56.04-scaled.jpg?resize=2048%2C1148&amp;ssl=1 2048w\" sizes=\"auto, (max-width: 1000px) 100vw, 1000px\" data-attachment-id=\"2824\" data-permalink=\"https:\/\/jlmirall.es\/?attachment_id=2824\" data-orig-file=\"https:\/\/i0.wp.com\/jlmirall.es\/wp-content\/uploads\/2024\/02\/Captura-de-pantalla-2024-02-18-a-les-0.56.04-scaled.jpg?fit=2560%2C1435&amp;ssl=1\" data-orig-size=\"2560,1435\" data-comments-opened=\"0\" data-image-meta=\"{&quot;aperture&quot;:&quot;0&quot;,&quot;credit&quot;:&quot;&quot;,&quot;camera&quot;:&quot;&quot;,&quot;caption&quot;:&quot;&quot;,&quot;created_timestamp&quot;:&quot;0&quot;,&quot;copyright&quot;:&quot;&quot;,&quot;focal_length&quot;:&quot;0&quot;,&quot;iso&quot;:&quot;0&quot;,&quot;shutter_speed&quot;:&quot;0&quot;,&quot;title&quot;:&quot;&quot;,&quot;orientation&quot;:&quot;0&quot;}\" data-image-title=\"Captura-de-pantalla-2024-02-18-a-les-0.56.04\" data-image-description=\"\" data-image-caption=\"\" data-large-file=\"https:\/\/i0.wp.com\/jlmirall.es\/wp-content\/uploads\/2024\/02\/Captura-de-pantalla-2024-02-18-a-les-0.56.04-scaled.jpg?fit=1024%2C574&amp;ssl=1\" \/><\/a><\/figure><\/div>\n\n\n\n<div class=\"wp-block-column is-vertically-aligned-center is-layout-flow wp-block-column-is-layout-flow\" style=\"flex-basis:75%\"><h2 class=\"wp-block-post-title\"><a href=\"https:\/\/jlmirall.es\/?portfolio=i-carles-esdevingue-piano-festival-arc-2021\" target=\"_self\" >i Carles esdevingu\u00e9 piano (Festival ARC, 2021)<\/a><\/h2>\n\n<div class=\"wp-block-post-excerpt\"><p class=\"wp-block-post-excerpt__excerpt\"> <\/p><\/div><\/div>\n<\/div>\n\n<\/li><li class=\"wp-block-post post-2826 jetpack-portfolio type-jetpack-portfolio status-publish format-standard has-post-thumbnail hentry jetpack-portfolio-type-conferencia jetpack-portfolio-type-ponencias-conferencias\">\n\n<div class=\"wp-block-columns are-vertically-aligned-center is-layout-flex wp-container-core-columns-is-layout-28f84493 wp-block-columns-is-layout-flex\">\n<div class=\"wp-block-column is-vertically-aligned-center is-layout-flow wp-container-core-column-is-layout-43dc041e wp-block-column-is-layout-flow\" style=\"border-style:none;border-width:0px;padding-top:0;padding-right:0;padding-bottom:0;padding-left:0;flex-basis:25%\"><figure class=\"wp-block-post-featured-image\"><a href=\"https:\/\/jlmirall.es\/?portfolio=carles-santos-jornades-nits-llorenc-barber-2020\" target=\"_self\"  ><img data-recalc-dims=\"1\" loading=\"lazy\" decoding=\"async\" width=\"2560\" height=\"1444\" src=\"https:\/\/i0.wp.com\/jlmirall.es\/wp-content\/uploads\/2024\/02\/Captura-de-pantalla-2024-02-18-a-les-0.55.33-scaled.jpg?resize=2560%2C1444&#038;ssl=1\" class=\"attachment-post-thumbnail size-post-thumbnail wp-post-image\" alt=\"Carles Santos (Jornades Nits Lloren\u00e7 Barber, 2020)\" style=\"border-radius:0px;object-fit:cover;\" srcset=\"https:\/\/i0.wp.com\/jlmirall.es\/wp-content\/uploads\/2024\/02\/Captura-de-pantalla-2024-02-18-a-les-0.55.33-scaled.jpg?w=2560&amp;ssl=1 2560w, https:\/\/i0.wp.com\/jlmirall.es\/wp-content\/uploads\/2024\/02\/Captura-de-pantalla-2024-02-18-a-les-0.55.33-scaled.jpg?resize=300%2C169&amp;ssl=1 300w, https:\/\/i0.wp.com\/jlmirall.es\/wp-content\/uploads\/2024\/02\/Captura-de-pantalla-2024-02-18-a-les-0.55.33-scaled.jpg?resize=1024%2C578&amp;ssl=1 1024w, https:\/\/i0.wp.com\/jlmirall.es\/wp-content\/uploads\/2024\/02\/Captura-de-pantalla-2024-02-18-a-les-0.55.33-scaled.jpg?resize=768%2C433&amp;ssl=1 768w, https:\/\/i0.wp.com\/jlmirall.es\/wp-content\/uploads\/2024\/02\/Captura-de-pantalla-2024-02-18-a-les-0.55.33-scaled.jpg?resize=1536%2C867&amp;ssl=1 1536w, https:\/\/i0.wp.com\/jlmirall.es\/wp-content\/uploads\/2024\/02\/Captura-de-pantalla-2024-02-18-a-les-0.55.33-scaled.jpg?resize=2048%2C1155&amp;ssl=1 2048w\" sizes=\"auto, (max-width: 1000px) 100vw, 1000px\" data-attachment-id=\"2827\" data-permalink=\"https:\/\/jlmirall.es\/?attachment_id=2827\" data-orig-file=\"https:\/\/i0.wp.com\/jlmirall.es\/wp-content\/uploads\/2024\/02\/Captura-de-pantalla-2024-02-18-a-les-0.55.33-scaled.jpg?fit=2560%2C1444&amp;ssl=1\" data-orig-size=\"2560,1444\" data-comments-opened=\"0\" data-image-meta=\"{&quot;aperture&quot;:&quot;0&quot;,&quot;credit&quot;:&quot;&quot;,&quot;camera&quot;:&quot;&quot;,&quot;caption&quot;:&quot;&quot;,&quot;created_timestamp&quot;:&quot;0&quot;,&quot;copyright&quot;:&quot;&quot;,&quot;focal_length&quot;:&quot;0&quot;,&quot;iso&quot;:&quot;0&quot;,&quot;shutter_speed&quot;:&quot;0&quot;,&quot;title&quot;:&quot;&quot;,&quot;orientation&quot;:&quot;0&quot;}\" data-image-title=\"Captura-de-pantalla-2024-02-18-a-les-0.55.33\" data-image-description=\"\" data-image-caption=\"\" data-large-file=\"https:\/\/i0.wp.com\/jlmirall.es\/wp-content\/uploads\/2024\/02\/Captura-de-pantalla-2024-02-18-a-les-0.55.33-scaled.jpg?fit=1024%2C578&amp;ssl=1\" \/><\/a><\/figure><\/div>\n\n\n\n<div class=\"wp-block-column is-vertically-aligned-center is-layout-flow wp-block-column-is-layout-flow\" style=\"flex-basis:75%\"><h2 class=\"wp-block-post-title\"><a href=\"https:\/\/jlmirall.es\/?portfolio=carles-santos-jornades-nits-llorenc-barber-2020\" target=\"_self\" >Carles Santos (Jornades Nits Lloren\u00e7 Barber, 2020)<\/a><\/h2>\n\n<div class=\"wp-block-post-excerpt\"><p class=\"wp-block-post-excerpt__excerpt\"> <\/p><\/div><\/div>\n<\/div>\n\n<\/li><li class=\"wp-block-post post-1566 jetpack-portfolio type-jetpack-portfolio status-publish format-standard has-post-thumbnail hentry jetpack-portfolio-type-conferencia jetpack-portfolio-type-ponencias-conferencias\">\n\n<div class=\"wp-block-columns are-vertically-aligned-center is-layout-flex wp-container-core-columns-is-layout-28f84493 wp-block-columns-is-layout-flex\">\n<div class=\"wp-block-column is-vertically-aligned-center is-layout-flow wp-container-core-column-is-layout-43dc041e wp-block-column-is-layout-flow\" style=\"border-style:none;border-width:0px;padding-top:0;padding-right:0;padding-bottom:0;padding-left:0;flex-basis:25%\"><figure class=\"wp-block-post-featured-image\"><a href=\"https:\/\/jlmirall.es\/?portfolio=vibraccions\" target=\"_self\"  ><img data-recalc-dims=\"1\" loading=\"lazy\" decoding=\"async\" width=\"2002\" height=\"1292\" src=\"https:\/\/i0.wp.com\/jlmirall.es\/wp-content\/uploads\/2024\/02\/Captura-de-pantalla-2024-02-13-a-les-13.15.51.jpg?resize=2002%2C1292&#038;ssl=1\" class=\"attachment-post-thumbnail size-post-thumbnail wp-post-image\" alt=\"Vibraccions\" style=\"border-radius:0px;object-fit:cover;\" srcset=\"https:\/\/i0.wp.com\/jlmirall.es\/wp-content\/uploads\/2024\/02\/Captura-de-pantalla-2024-02-13-a-les-13.15.51.jpg?w=2002&amp;ssl=1 2002w, https:\/\/i0.wp.com\/jlmirall.es\/wp-content\/uploads\/2024\/02\/Captura-de-pantalla-2024-02-13-a-les-13.15.51.jpg?resize=300%2C194&amp;ssl=1 300w, https:\/\/i0.wp.com\/jlmirall.es\/wp-content\/uploads\/2024\/02\/Captura-de-pantalla-2024-02-13-a-les-13.15.51.jpg?resize=1024%2C661&amp;ssl=1 1024w, https:\/\/i0.wp.com\/jlmirall.es\/wp-content\/uploads\/2024\/02\/Captura-de-pantalla-2024-02-13-a-les-13.15.51.jpg?resize=768%2C496&amp;ssl=1 768w, https:\/\/i0.wp.com\/jlmirall.es\/wp-content\/uploads\/2024\/02\/Captura-de-pantalla-2024-02-13-a-les-13.15.51.jpg?resize=1536%2C991&amp;ssl=1 1536w\" sizes=\"auto, (max-width: 1000px) 100vw, 1000px\" data-attachment-id=\"1567\" data-permalink=\"https:\/\/jlmirall.es\/?attachment_id=1567\" data-orig-file=\"https:\/\/i0.wp.com\/jlmirall.es\/wp-content\/uploads\/2024\/02\/Captura-de-pantalla-2024-02-13-a-les-13.15.51.jpg?fit=2002%2C1292&amp;ssl=1\" data-orig-size=\"2002,1292\" data-comments-opened=\"0\" data-image-meta=\"{&quot;aperture&quot;:&quot;0&quot;,&quot;credit&quot;:&quot;&quot;,&quot;camera&quot;:&quot;&quot;,&quot;caption&quot;:&quot;&quot;,&quot;created_timestamp&quot;:&quot;0&quot;,&quot;copyright&quot;:&quot;&quot;,&quot;focal_length&quot;:&quot;0&quot;,&quot;iso&quot;:&quot;0&quot;,&quot;shutter_speed&quot;:&quot;0&quot;,&quot;title&quot;:&quot;&quot;,&quot;orientation&quot;:&quot;1&quot;}\" data-image-title=\"Captura de pantalla 2024-02-13 a les 13.15.51\" data-image-description=\"\" data-image-caption=\"\" data-large-file=\"https:\/\/i0.wp.com\/jlmirall.es\/wp-content\/uploads\/2024\/02\/Captura-de-pantalla-2024-02-13-a-les-13.15.51.jpg?fit=1024%2C661&amp;ssl=1\" \/><\/a><\/figure><\/div>\n\n\n\n<div class=\"wp-block-column is-vertically-aligned-center is-layout-flow wp-block-column-is-layout-flow\" style=\"flex-basis:75%\"><h2 class=\"wp-block-post-title\"><a href=\"https:\/\/jlmirall.es\/?portfolio=vibraccions\" target=\"_self\" >Vibraccions<\/a><\/h2>\n\n<div class=\"wp-block-post-excerpt\"><p class=\"wp-block-post-excerpt__excerpt\">Usando un instrumento como el theremin, que todo el mundo puede tocar, generaremos sonido que interactuar\u00e1 con luces en movimiento para hacer visible qu\u00e9 escuchamos y de este modo, que todo el mundo pueda acceder visualmente y\/o auditivamente a esta experiencia. Un taller en que la m\u00fasica se podr\u00e1 ver. Realizado en el EACC y&hellip; <\/p><\/div><\/div>\n<\/div>\n\n<\/li><li class=\"wp-block-post post-1563 jetpack-portfolio type-jetpack-portfolio status-publish format-standard has-post-thumbnail hentry jetpack-portfolio-type-conferencia jetpack-portfolio-type-ponencias-conferencias\">\n\n<div class=\"wp-block-columns are-vertically-aligned-center is-layout-flex wp-container-core-columns-is-layout-28f84493 wp-block-columns-is-layout-flex\">\n<div class=\"wp-block-column is-vertically-aligned-center is-layout-flow wp-container-core-column-is-layout-43dc041e wp-block-column-is-layout-flow\" style=\"border-style:none;border-width:0px;padding-top:0;padding-right:0;padding-bottom:0;padding-left:0;flex-basis:25%\"><figure class=\"wp-block-post-featured-image\"><a href=\"https:\/\/jlmirall.es\/?portfolio=pioneras-de-la-musica-electronica\" target=\"_self\"  ><img data-recalc-dims=\"1\" loading=\"lazy\" decoding=\"async\" width=\"2010\" height=\"1410\" src=\"https:\/\/i0.wp.com\/jlmirall.es\/wp-content\/uploads\/2024\/02\/Captura-de-pantalla-2024-02-13-a-les-13.13.23.jpg?resize=2010%2C1410&#038;ssl=1\" class=\"attachment-post-thumbnail size-post-thumbnail wp-post-image\" alt=\"Pioneras de la m\u00fasica electr\u00f3nica\" style=\"border-radius:0px;object-fit:cover;\" srcset=\"https:\/\/i0.wp.com\/jlmirall.es\/wp-content\/uploads\/2024\/02\/Captura-de-pantalla-2024-02-13-a-les-13.13.23.jpg?w=2010&amp;ssl=1 2010w, https:\/\/i0.wp.com\/jlmirall.es\/wp-content\/uploads\/2024\/02\/Captura-de-pantalla-2024-02-13-a-les-13.13.23.jpg?resize=300%2C210&amp;ssl=1 300w, https:\/\/i0.wp.com\/jlmirall.es\/wp-content\/uploads\/2024\/02\/Captura-de-pantalla-2024-02-13-a-les-13.13.23.jpg?resize=1024%2C718&amp;ssl=1 1024w, https:\/\/i0.wp.com\/jlmirall.es\/wp-content\/uploads\/2024\/02\/Captura-de-pantalla-2024-02-13-a-les-13.13.23.jpg?resize=768%2C539&amp;ssl=1 768w, https:\/\/i0.wp.com\/jlmirall.es\/wp-content\/uploads\/2024\/02\/Captura-de-pantalla-2024-02-13-a-les-13.13.23.jpg?resize=1536%2C1077&amp;ssl=1 1536w\" sizes=\"auto, (max-width: 1000px) 100vw, 1000px\" data-attachment-id=\"1564\" data-permalink=\"https:\/\/jlmirall.es\/?attachment_id=1564\" data-orig-file=\"https:\/\/i0.wp.com\/jlmirall.es\/wp-content\/uploads\/2024\/02\/Captura-de-pantalla-2024-02-13-a-les-13.13.23.jpg?fit=2010%2C1410&amp;ssl=1\" data-orig-size=\"2010,1410\" data-comments-opened=\"0\" data-image-meta=\"{&quot;aperture&quot;:&quot;0&quot;,&quot;credit&quot;:&quot;&quot;,&quot;camera&quot;:&quot;&quot;,&quot;caption&quot;:&quot;&quot;,&quot;created_timestamp&quot;:&quot;0&quot;,&quot;copyright&quot;:&quot;&quot;,&quot;focal_length&quot;:&quot;0&quot;,&quot;iso&quot;:&quot;0&quot;,&quot;shutter_speed&quot;:&quot;0&quot;,&quot;title&quot;:&quot;&quot;,&quot;orientation&quot;:&quot;1&quot;}\" data-image-title=\"Captura de pantalla 2024-02-13 a les 13.13.23\" data-image-description=\"\" data-image-caption=\"\" data-large-file=\"https:\/\/i0.wp.com\/jlmirall.es\/wp-content\/uploads\/2024\/02\/Captura-de-pantalla-2024-02-13-a-les-13.13.23.jpg?fit=1024%2C718&amp;ssl=1\" \/><\/a><\/figure><\/div>\n\n\n\n<div class=\"wp-block-column is-vertically-aligned-center is-layout-flow wp-block-column-is-layout-flow\" style=\"flex-basis:75%\"><h2 class=\"wp-block-post-title\"><a href=\"https:\/\/jlmirall.es\/?portfolio=pioneras-de-la-musica-electronica\" target=\"_self\" >Pioneras de la m\u00fasica electr\u00f3nica<\/a><\/h2>\n\n<div class=\"wp-block-post-excerpt\"><p class=\"wp-block-post-excerpt__excerpt\">Conferencia cine-forum sobre las pioneras de la m\u00fasica electr\u00f3nica. <\/p><\/div><\/div>\n<\/div>\n\n<\/li><li class=\"wp-block-post post-1560 jetpack-portfolio type-jetpack-portfolio status-publish format-standard has-post-thumbnail hentry jetpack-portfolio-type-conferencia jetpack-portfolio-type-ponencias-conferencias\">\n\n<div class=\"wp-block-columns are-vertically-aligned-center is-layout-flex wp-container-core-columns-is-layout-28f84493 wp-block-columns-is-layout-flex\">\n<div class=\"wp-block-column is-vertically-aligned-center is-layout-flow wp-container-core-column-is-layout-43dc041e wp-block-column-is-layout-flow\" style=\"border-style:none;border-width:0px;padding-top:0;padding-right:0;padding-bottom:0;padding-left:0;flex-basis:25%\"><figure class=\"wp-block-post-featured-image\"><a href=\"https:\/\/jlmirall.es\/?portfolio=afinant-lorientacio\" target=\"_self\"  ><img data-recalc-dims=\"1\" loading=\"lazy\" decoding=\"async\" width=\"2560\" height=\"1854\" src=\"https:\/\/i0.wp.com\/jlmirall.es\/wp-content\/uploads\/2024\/02\/Captura-de-pantalla-2024-02-13-a-les-13.04.45-scaled.jpg?resize=2560%2C1854&#038;ssl=1\" class=\"attachment-post-thumbnail size-post-thumbnail wp-post-image\" alt=\"Afinant l&#8217;orientaci\u00f3\" style=\"border-radius:0px;object-fit:cover;\" srcset=\"https:\/\/i0.wp.com\/jlmirall.es\/wp-content\/uploads\/2024\/02\/Captura-de-pantalla-2024-02-13-a-les-13.04.45-scaled.jpg?w=2560&amp;ssl=1 2560w, https:\/\/i0.wp.com\/jlmirall.es\/wp-content\/uploads\/2024\/02\/Captura-de-pantalla-2024-02-13-a-les-13.04.45-scaled.jpg?resize=300%2C217&amp;ssl=1 300w, https:\/\/i0.wp.com\/jlmirall.es\/wp-content\/uploads\/2024\/02\/Captura-de-pantalla-2024-02-13-a-les-13.04.45-scaled.jpg?resize=1024%2C741&amp;ssl=1 1024w, https:\/\/i0.wp.com\/jlmirall.es\/wp-content\/uploads\/2024\/02\/Captura-de-pantalla-2024-02-13-a-les-13.04.45-scaled.jpg?resize=768%2C556&amp;ssl=1 768w, https:\/\/i0.wp.com\/jlmirall.es\/wp-content\/uploads\/2024\/02\/Captura-de-pantalla-2024-02-13-a-les-13.04.45-scaled.jpg?resize=1536%2C1112&amp;ssl=1 1536w, https:\/\/i0.wp.com\/jlmirall.es\/wp-content\/uploads\/2024\/02\/Captura-de-pantalla-2024-02-13-a-les-13.04.45-scaled.jpg?resize=2048%2C1483&amp;ssl=1 2048w\" sizes=\"auto, (max-width: 1000px) 100vw, 1000px\" data-attachment-id=\"1561\" data-permalink=\"https:\/\/jlmirall.es\/?attachment_id=1561\" data-orig-file=\"https:\/\/i0.wp.com\/jlmirall.es\/wp-content\/uploads\/2024\/02\/Captura-de-pantalla-2024-02-13-a-les-13.04.45-scaled.jpg?fit=2560%2C1854&amp;ssl=1\" data-orig-size=\"2560,1854\" data-comments-opened=\"0\" data-image-meta=\"{&quot;aperture&quot;:&quot;0&quot;,&quot;credit&quot;:&quot;&quot;,&quot;camera&quot;:&quot;&quot;,&quot;caption&quot;:&quot;&quot;,&quot;created_timestamp&quot;:&quot;0&quot;,&quot;copyright&quot;:&quot;&quot;,&quot;focal_length&quot;:&quot;0&quot;,&quot;iso&quot;:&quot;0&quot;,&quot;shutter_speed&quot;:&quot;0&quot;,&quot;title&quot;:&quot;&quot;,&quot;orientation&quot;:&quot;1&quot;}\" data-image-title=\"Captura de pantalla 2024-02-13 a les 13.04.45\" data-image-description=\"\" data-image-caption=\"\" data-large-file=\"https:\/\/i0.wp.com\/jlmirall.es\/wp-content\/uploads\/2024\/02\/Captura-de-pantalla-2024-02-13-a-les-13.04.45-scaled.jpg?fit=1024%2C741&amp;ssl=1\" \/><\/a><\/figure><\/div>\n\n\n\n<div class=\"wp-block-column is-vertically-aligned-center is-layout-flow wp-block-column-is-layout-flow\" style=\"flex-basis:75%\"><h2 class=\"wp-block-post-title\"><a href=\"https:\/\/jlmirall.es\/?portfolio=afinant-lorientacio\" target=\"_self\" >Afinant l&#8217;orientaci\u00f3<\/a><\/h2>\n\n<div class=\"wp-block-post-excerpt\"><p class=\"wp-block-post-excerpt__excerpt\">Formaci\u00f3 per a Orientadors i Orientadores sobre orientaci\u00f3 en estudis musicales. <\/p><\/div><\/div>\n<\/div>\n\n<\/li><li class=\"wp-block-post post-1551 jetpack-portfolio type-jetpack-portfolio status-publish format-standard has-post-thumbnail hentry jetpack-portfolio-type-conferencia jetpack-portfolio-type-ponencias-conferencias\">\n\n<div class=\"wp-block-columns are-vertically-aligned-center is-layout-flex wp-container-core-columns-is-layout-28f84493 wp-block-columns-is-layout-flex\">\n<div class=\"wp-block-column is-vertically-aligned-center is-layout-flow wp-container-core-column-is-layout-43dc041e wp-block-column-is-layout-flow\" style=\"border-style:none;border-width:0px;padding-top:0;padding-right:0;padding-bottom:0;padding-left:0;flex-basis:25%\"><figure class=\"wp-block-post-featured-image\"><a href=\"https:\/\/jlmirall.es\/?portfolio=sonotrazos-conferencia-en-feria-marte-17\" target=\"_self\"  ><img data-recalc-dims=\"1\" loading=\"lazy\" decoding=\"async\" width=\"2494\" height=\"1874\" src=\"https:\/\/i0.wp.com\/jlmirall.es\/wp-content\/uploads\/2024\/02\/sonotrazos-conf.jpg?resize=2494%2C1874&#038;ssl=1\" class=\"attachment-post-thumbnail size-post-thumbnail wp-post-image\" alt=\"SONOTRAZOS | Conferencia en feria MARTE \u201917\" style=\"border-radius:0px;object-fit:cover;\" srcset=\"https:\/\/i0.wp.com\/jlmirall.es\/wp-content\/uploads\/2024\/02\/sonotrazos-conf.jpg?w=2494&amp;ssl=1 2494w, https:\/\/i0.wp.com\/jlmirall.es\/wp-content\/uploads\/2024\/02\/sonotrazos-conf.jpg?resize=300%2C225&amp;ssl=1 300w, https:\/\/i0.wp.com\/jlmirall.es\/wp-content\/uploads\/2024\/02\/sonotrazos-conf.jpg?resize=1024%2C769&amp;ssl=1 1024w, https:\/\/i0.wp.com\/jlmirall.es\/wp-content\/uploads\/2024\/02\/sonotrazos-conf.jpg?resize=768%2C577&amp;ssl=1 768w, https:\/\/i0.wp.com\/jlmirall.es\/wp-content\/uploads\/2024\/02\/sonotrazos-conf.jpg?resize=1536%2C1154&amp;ssl=1 1536w, https:\/\/i0.wp.com\/jlmirall.es\/wp-content\/uploads\/2024\/02\/sonotrazos-conf.jpg?resize=2048%2C1539&amp;ssl=1 2048w\" sizes=\"auto, (max-width: 1000px) 100vw, 1000px\" data-attachment-id=\"1553\" data-permalink=\"https:\/\/jlmirall.es\/?attachment_id=1553\" data-orig-file=\"https:\/\/i0.wp.com\/jlmirall.es\/wp-content\/uploads\/2024\/02\/sonotrazos-conf.jpg?fit=2494%2C1874&amp;ssl=1\" data-orig-size=\"2494,1874\" data-comments-opened=\"0\" data-image-meta=\"{&quot;aperture&quot;:&quot;0&quot;,&quot;credit&quot;:&quot;&quot;,&quot;camera&quot;:&quot;&quot;,&quot;caption&quot;:&quot;&quot;,&quot;created_timestamp&quot;:&quot;0&quot;,&quot;copyright&quot;:&quot;&quot;,&quot;focal_length&quot;:&quot;0&quot;,&quot;iso&quot;:&quot;0&quot;,&quot;shutter_speed&quot;:&quot;0&quot;,&quot;title&quot;:&quot;&quot;,&quot;orientation&quot;:&quot;1&quot;}\" data-image-title=\"sonotrazos-conf\" data-image-description=\"\" data-image-caption=\"\" data-large-file=\"https:\/\/i0.wp.com\/jlmirall.es\/wp-content\/uploads\/2024\/02\/sonotrazos-conf.jpg?fit=1024%2C769&amp;ssl=1\" \/><\/a><\/figure><\/div>\n\n\n\n<div class=\"wp-block-column is-vertically-aligned-center is-layout-flow wp-block-column-is-layout-flow\" style=\"flex-basis:75%\"><h2 class=\"wp-block-post-title\"><a href=\"https:\/\/jlmirall.es\/?portfolio=sonotrazos-conferencia-en-feria-marte-17\" target=\"_self\" >SONOTRAZOS | Conferencia en feria MARTE \u201917<\/a><\/h2>\n\n<div class=\"wp-block-post-excerpt\"><p class=\"wp-block-post-excerpt__excerpt\">Sobre Partituras gr\u00e1ficas hist\u00f3ricas y el proceso conjunto de creaci\u00f3n de nuevas partituras gr\u00e1ficas por parte del alumnado de la EASD de Castell\u00f3n. <\/p><\/div><\/div>\n<\/div>\n\n<\/li><li class=\"wp-block-post post-1549 jetpack-portfolio type-jetpack-portfolio status-publish format-standard has-post-thumbnail hentry jetpack-portfolio-type-conferencia jetpack-portfolio-type-ponencias-conferencias\">\n\n<div class=\"wp-block-columns are-vertically-aligned-center is-layout-flex wp-container-core-columns-is-layout-28f84493 wp-block-columns-is-layout-flex\">\n<div class=\"wp-block-column is-vertically-aligned-center is-layout-flow wp-container-core-column-is-layout-43dc041e wp-block-column-is-layout-flow\" style=\"border-style:none;border-width:0px;padding-top:0;padding-right:0;padding-bottom:0;padding-left:0;flex-basis:25%\"><figure class=\"wp-block-post-featured-image\"><a href=\"https:\/\/jlmirall.es\/?portfolio=orientacion-profesional-en-musica\" target=\"_self\"  ><img data-recalc-dims=\"1\" loading=\"lazy\" decoding=\"async\" width=\"1446\" height=\"1128\" src=\"https:\/\/i0.wp.com\/jlmirall.es\/wp-content\/uploads\/2024\/02\/Orientacion-profesional.jpg?resize=1446%2C1128&#038;ssl=1\" class=\"attachment-post-thumbnail size-post-thumbnail wp-post-image\" alt=\"Orientaci\u00f3n Profesional en M\u00fasica\" style=\"border-radius:0px;object-fit:cover;\" srcset=\"https:\/\/i0.wp.com\/jlmirall.es\/wp-content\/uploads\/2024\/02\/Orientacion-profesional.jpg?w=1446&amp;ssl=1 1446w, https:\/\/i0.wp.com\/jlmirall.es\/wp-content\/uploads\/2024\/02\/Orientacion-profesional.jpg?resize=300%2C234&amp;ssl=1 300w, https:\/\/i0.wp.com\/jlmirall.es\/wp-content\/uploads\/2024\/02\/Orientacion-profesional.jpg?resize=1024%2C799&amp;ssl=1 1024w, https:\/\/i0.wp.com\/jlmirall.es\/wp-content\/uploads\/2024\/02\/Orientacion-profesional.jpg?resize=768%2C599&amp;ssl=1 768w\" sizes=\"auto, (max-width: 1000px) 100vw, 1000px\" data-attachment-id=\"1558\" data-permalink=\"https:\/\/jlmirall.es\/?attachment_id=1558\" data-orig-file=\"https:\/\/i0.wp.com\/jlmirall.es\/wp-content\/uploads\/2024\/02\/Orientacion-profesional.jpg?fit=1446%2C1128&amp;ssl=1\" data-orig-size=\"1446,1128\" data-comments-opened=\"0\" data-image-meta=\"{&quot;aperture&quot;:&quot;0&quot;,&quot;credit&quot;:&quot;&quot;,&quot;camera&quot;:&quot;&quot;,&quot;caption&quot;:&quot;&quot;,&quot;created_timestamp&quot;:&quot;0&quot;,&quot;copyright&quot;:&quot;&quot;,&quot;focal_length&quot;:&quot;0&quot;,&quot;iso&quot;:&quot;0&quot;,&quot;shutter_speed&quot;:&quot;0&quot;,&quot;title&quot;:&quot;&quot;,&quot;orientation&quot;:&quot;1&quot;}\" data-image-title=\"Orientacion-profesional\" data-image-description=\"\" data-image-caption=\"\" data-large-file=\"https:\/\/i0.wp.com\/jlmirall.es\/wp-content\/uploads\/2024\/02\/Orientacion-profesional.jpg?fit=1024%2C799&amp;ssl=1\" \/><\/a><\/figure><\/div>\n\n\n\n<div class=\"wp-block-column is-vertically-aligned-center is-layout-flow wp-block-column-is-layout-flow\" style=\"flex-basis:75%\"><h2 class=\"wp-block-post-title\"><a href=\"https:\/\/jlmirall.es\/?portfolio=orientacion-profesional-en-musica\" target=\"_self\" >Orientaci\u00f3n Profesional en M\u00fasica<\/a><\/h2>\n\n<div class=\"wp-block-post-excerpt\"><p class=\"wp-block-post-excerpt__excerpt\">Conferencia sobre coaching en estudios musicales y algunos casos de \u00e9xito de carreras musicales. <\/p><\/div><\/div>\n<\/div>\n\n<\/li><li class=\"wp-block-post post-1547 jetpack-portfolio type-jetpack-portfolio status-publish format-standard has-post-thumbnail hentry jetpack-portfolio-type-conferencia jetpack-portfolio-type-ponencias-conferencias\">\n\n<div class=\"wp-block-columns are-vertically-aligned-center is-layout-flex wp-container-core-columns-is-layout-28f84493 wp-block-columns-is-layout-flex\">\n<div class=\"wp-block-column is-vertically-aligned-center is-layout-flow wp-container-core-column-is-layout-43dc041e wp-block-column-is-layout-flow\" style=\"border-style:none;border-width:0px;padding-top:0;padding-right:0;padding-bottom:0;padding-left:0;flex-basis:25%\"><figure class=\"wp-block-post-featured-image\"><a href=\"https:\/\/jlmirall.es\/?portfolio=que-quiero-ser-de-mayor\" target=\"_self\"  ><img data-recalc-dims=\"1\" loading=\"lazy\" decoding=\"async\" width=\"1920\" height=\"1080\" src=\"https:\/\/i0.wp.com\/jlmirall.es\/wp-content\/uploads\/2024\/02\/de-mayor.jpg?resize=1920%2C1080&#038;ssl=1\" class=\"attachment-post-thumbnail size-post-thumbnail wp-post-image\" alt=\"\u00bfQu\u00e9 quiero ser de mayor?\" style=\"border-radius:0px;object-fit:cover;\" srcset=\"https:\/\/i0.wp.com\/jlmirall.es\/wp-content\/uploads\/2024\/02\/de-mayor.jpg?w=1920&amp;ssl=1 1920w, https:\/\/i0.wp.com\/jlmirall.es\/wp-content\/uploads\/2024\/02\/de-mayor.jpg?resize=300%2C169&amp;ssl=1 300w, https:\/\/i0.wp.com\/jlmirall.es\/wp-content\/uploads\/2024\/02\/de-mayor.jpg?resize=1024%2C576&amp;ssl=1 1024w, https:\/\/i0.wp.com\/jlmirall.es\/wp-content\/uploads\/2024\/02\/de-mayor.jpg?resize=768%2C432&amp;ssl=1 768w, https:\/\/i0.wp.com\/jlmirall.es\/wp-content\/uploads\/2024\/02\/de-mayor.jpg?resize=1536%2C864&amp;ssl=1 1536w\" sizes=\"auto, (max-width: 1000px) 100vw, 1000px\" data-attachment-id=\"1559\" data-permalink=\"https:\/\/jlmirall.es\/?attachment_id=1559\" data-orig-file=\"https:\/\/i0.wp.com\/jlmirall.es\/wp-content\/uploads\/2024\/02\/de-mayor.jpg?fit=1920%2C1080&amp;ssl=1\" data-orig-size=\"1920,1080\" data-comments-opened=\"0\" data-image-meta=\"{&quot;aperture&quot;:&quot;0&quot;,&quot;credit&quot;:&quot;&quot;,&quot;camera&quot;:&quot;&quot;,&quot;caption&quot;:&quot;&quot;,&quot;created_timestamp&quot;:&quot;0&quot;,&quot;copyright&quot;:&quot;&quot;,&quot;focal_length&quot;:&quot;0&quot;,&quot;iso&quot;:&quot;0&quot;,&quot;shutter_speed&quot;:&quot;0&quot;,&quot;title&quot;:&quot;&quot;,&quot;orientation&quot;:&quot;1&quot;}\" data-image-title=\"de-mayor\" data-image-description=\"\" data-image-caption=\"\" data-large-file=\"https:\/\/i0.wp.com\/jlmirall.es\/wp-content\/uploads\/2024\/02\/de-mayor.jpg?fit=1024%2C576&amp;ssl=1\" \/><\/a><\/figure><\/div>\n\n\n\n<div class=\"wp-block-column is-vertically-aligned-center is-layout-flow wp-block-column-is-layout-flow\" style=\"flex-basis:75%\"><h2 class=\"wp-block-post-title\"><a href=\"https:\/\/jlmirall.es\/?portfolio=que-quiero-ser-de-mayor\" target=\"_self\" >\u00bfQu\u00e9 quiero ser de mayor?<\/a><\/h2>\n\n<div class=\"wp-block-post-excerpt\"><p class=\"wp-block-post-excerpt__excerpt\">Conferencia repetida en m\u00faltiples ocasiones sobre el orientaci\u00f3n educativa para m\u00fasicos. <\/p><\/div><\/div>\n<\/div>\n\n<\/li><li class=\"wp-block-post post-1544 jetpack-portfolio type-jetpack-portfolio status-publish format-standard has-post-thumbnail hentry jetpack-portfolio-type-conferencia jetpack-portfolio-type-ponencias-conferencias\">\n\n<div class=\"wp-block-columns are-vertically-aligned-center is-layout-flex wp-container-core-columns-is-layout-28f84493 wp-block-columns-is-layout-flex\">\n<div class=\"wp-block-column is-vertically-aligned-center is-layout-flow wp-container-core-column-is-layout-43dc041e wp-block-column-is-layout-flow\" style=\"border-style:none;border-width:0px;padding-top:0;padding-right:0;padding-bottom:0;padding-left:0;flex-basis:25%\"><figure class=\"wp-block-post-featured-image\"><a href=\"https:\/\/jlmirall.es\/?portfolio=la-musa-despistada\" target=\"_self\"  ><img data-recalc-dims=\"1\" loading=\"lazy\" decoding=\"async\" width=\"1920\" height=\"1200\" src=\"https:\/\/i0.wp.com\/jlmirall.es\/wp-content\/uploads\/2024\/02\/musa.jpg?resize=1920%2C1200&#038;ssl=1\" class=\"attachment-post-thumbnail size-post-thumbnail wp-post-image\" alt=\"La musa despistada\" style=\"border-radius:0px;object-fit:cover;\" srcset=\"https:\/\/i0.wp.com\/jlmirall.es\/wp-content\/uploads\/2024\/02\/musa.jpg?w=1920&amp;ssl=1 1920w, https:\/\/i0.wp.com\/jlmirall.es\/wp-content\/uploads\/2024\/02\/musa.jpg?resize=300%2C188&amp;ssl=1 300w, https:\/\/i0.wp.com\/jlmirall.es\/wp-content\/uploads\/2024\/02\/musa.jpg?resize=1024%2C640&amp;ssl=1 1024w, https:\/\/i0.wp.com\/jlmirall.es\/wp-content\/uploads\/2024\/02\/musa.jpg?resize=768%2C480&amp;ssl=1 768w, https:\/\/i0.wp.com\/jlmirall.es\/wp-content\/uploads\/2024\/02\/musa.jpg?resize=1536%2C960&amp;ssl=1 1536w\" sizes=\"auto, (max-width: 1000px) 100vw, 1000px\" data-attachment-id=\"1545\" data-permalink=\"https:\/\/jlmirall.es\/?attachment_id=1545\" data-orig-file=\"https:\/\/i0.wp.com\/jlmirall.es\/wp-content\/uploads\/2024\/02\/musa.jpg?fit=1920%2C1200&amp;ssl=1\" data-orig-size=\"1920,1200\" data-comments-opened=\"0\" data-image-meta=\"{&quot;aperture&quot;:&quot;0&quot;,&quot;credit&quot;:&quot;&quot;,&quot;camera&quot;:&quot;&quot;,&quot;caption&quot;:&quot;&quot;,&quot;created_timestamp&quot;:&quot;0&quot;,&quot;copyright&quot;:&quot;&quot;,&quot;focal_length&quot;:&quot;0&quot;,&quot;iso&quot;:&quot;0&quot;,&quot;shutter_speed&quot;:&quot;0&quot;,&quot;title&quot;:&quot;&quot;,&quot;orientation&quot;:&quot;1&quot;}\" data-image-title=\"musa\" data-image-description=\"\" data-image-caption=\"\" data-large-file=\"https:\/\/i0.wp.com\/jlmirall.es\/wp-content\/uploads\/2024\/02\/musa.jpg?fit=1024%2C640&amp;ssl=1\" \/><\/a><\/figure><\/div>\n\n\n\n<div class=\"wp-block-column is-vertically-aligned-center is-layout-flow wp-block-column-is-layout-flow\" style=\"flex-basis:75%\"><h2 class=\"wp-block-post-title\"><a href=\"https:\/\/jlmirall.es\/?portfolio=la-musa-despistada\" target=\"_self\" >La musa despistada<\/a><\/h2>\n\n<div class=\"wp-block-post-excerpt\"><p class=\"wp-block-post-excerpt__excerpt\">Concierto-conferencia explicando obras interpretadas por alumnos del conservatorio a alumnos de instituto. <\/p><\/div><\/div>\n<\/div>\n\n<\/li><li class=\"wp-block-post post-1541 jetpack-portfolio type-jetpack-portfolio status-publish format-standard has-post-thumbnail hentry jetpack-portfolio-type-conferencia jetpack-portfolio-type-ponencias-conferencias\">\n\n<div class=\"wp-block-columns are-vertically-aligned-center is-layout-flex wp-container-core-columns-is-layout-28f84493 wp-block-columns-is-layout-flex\">\n<div class=\"wp-block-column is-vertically-aligned-center is-layout-flow wp-container-core-column-is-layout-43dc041e wp-block-column-is-layout-flow\" style=\"border-style:none;border-width:0px;padding-top:0;padding-right:0;padding-bottom:0;padding-left:0;flex-basis:25%\"><figure class=\"wp-block-post-featured-image\"><a href=\"https:\/\/jlmirall.es\/?portfolio=ivo-pogorelich\" target=\"_self\"  ><img data-recalc-dims=\"1\" loading=\"lazy\" decoding=\"async\" width=\"1152\" height=\"648\" src=\"https:\/\/i0.wp.com\/jlmirall.es\/wp-content\/uploads\/2024\/02\/Pogorelich.jpg?resize=1152%2C648&#038;ssl=1\" class=\"attachment-post-thumbnail size-post-thumbnail wp-post-image\" alt=\"Ivo Pogorelich\" style=\"border-radius:0px;object-fit:cover;\" srcset=\"https:\/\/i0.wp.com\/jlmirall.es\/wp-content\/uploads\/2024\/02\/Pogorelich.jpg?w=1152&amp;ssl=1 1152w, https:\/\/i0.wp.com\/jlmirall.es\/wp-content\/uploads\/2024\/02\/Pogorelich.jpg?resize=300%2C169&amp;ssl=1 300w, https:\/\/i0.wp.com\/jlmirall.es\/wp-content\/uploads\/2024\/02\/Pogorelich.jpg?resize=1024%2C576&amp;ssl=1 1024w, https:\/\/i0.wp.com\/jlmirall.es\/wp-content\/uploads\/2024\/02\/Pogorelich.jpg?resize=768%2C432&amp;ssl=1 768w\" sizes=\"auto, (max-width: 1000px) 100vw, 1000px\" data-attachment-id=\"1542\" data-permalink=\"https:\/\/jlmirall.es\/?attachment_id=1542\" data-orig-file=\"https:\/\/i0.wp.com\/jlmirall.es\/wp-content\/uploads\/2024\/02\/Pogorelich.jpg?fit=1152%2C648&amp;ssl=1\" data-orig-size=\"1152,648\" data-comments-opened=\"0\" data-image-meta=\"{&quot;aperture&quot;:&quot;0&quot;,&quot;credit&quot;:&quot;&quot;,&quot;camera&quot;:&quot;&quot;,&quot;caption&quot;:&quot;&quot;,&quot;created_timestamp&quot;:&quot;0&quot;,&quot;copyright&quot;:&quot;&quot;,&quot;focal_length&quot;:&quot;0&quot;,&quot;iso&quot;:&quot;0&quot;,&quot;shutter_speed&quot;:&quot;0&quot;,&quot;title&quot;:&quot;&quot;,&quot;orientation&quot;:&quot;1&quot;}\" data-image-title=\"Pogorelich\" data-image-description=\"\" data-image-caption=\"\" data-large-file=\"https:\/\/i0.wp.com\/jlmirall.es\/wp-content\/uploads\/2024\/02\/Pogorelich.jpg?fit=1024%2C576&amp;ssl=1\" \/><\/a><\/figure><\/div>\n\n\n\n<div class=\"wp-block-column is-vertically-aligned-center is-layout-flow wp-block-column-is-layout-flow\" style=\"flex-basis:75%\"><h2 class=\"wp-block-post-title\"><a href=\"https:\/\/jlmirall.es\/?portfolio=ivo-pogorelich\" target=\"_self\" >Ivo Pogorelich<\/a><\/h2>\n\n<div class=\"wp-block-post-excerpt\"><p class=\"wp-block-post-excerpt__excerpt\">Conferencia sobre la vida de Pogorelich y su m\u00fasica en un concierto en el Auditori de Castell\u00f3. Posteriormente pude pasarle las hojas durante el concierto. <\/p><\/div><\/div>\n<\/div>\n\n<\/li><\/ul>\n\n<nav class=\"wp-block-query-pagination is-layout-flex wp-block-query-pagination-is-layout-flex\" aria-label=\"Paginaci\u00f3n\">\n\n\n<div class=\"wp-block-query-pagination-numbers\"><span aria-current=\"page\" class=\"page-numbers current\">1<\/span>\n<a class=\"page-numbers\" href=\"?query-37-page=2&#038;rest_route=%2Fwp%2Fv2%2Fpages%2F543\">2<\/a><\/div>\n\n<a href=\"\/index.php?rest_route=%2Fwp%2Fv2%2Fpages%2F543&#038;query-37-page=2\" class=\"wp-block-query-pagination-next\">P\u00e1gina siguiente<\/a>\n<\/nav><\/div>\n","protected":false},"excerpt":{"rendered":"<p>Ir directamente a: Ponencias (investigaci\u00f3n) Conferencias (divulgaci\u00f3n) Ponencias Dentro de la actividad&nbsp;de&nbsp;investigaci\u00f3n musical, he realizado diferentes&nbsp;ponencias y comunicaciones&nbsp;en jornadas y congresos. Muchas han sido sobre dos grandes proyectos que coordino: GuidoBlogs y el Laboratori de M\u00fasica \u00df. \u00daltimamente, tambi\u00e9n me he centrado en el&nbsp;papel de la m\u00fasica en la educaci\u00f3n&nbsp;y los&nbsp;perfiles&nbsp;que deber\u00edan adquirir los futuros [&hellip;]<\/p>\n","protected":false},"author":1,"featured_media":0,"parent":1483,"menu_order":2,"comment_status":"closed","ping_status":"closed","template":"","meta":{"footnotes":""},"class_list":["post-543","page","type-page","status-publish","hentry"],"jetpack_shortlink":"https:\/\/wp.me\/P2FSry-8L","jetpack-related-posts":[{"id":335,"url":"https:\/\/jlmirall.es\/?page_id=335","url_meta":{"origin":543,"position":0},"title":"Curr\u00edculum ampliado","author":"Miralles","date":"8 julio, 2011","format":false,"excerpt":"Director Art\u00edstico del Laboratori de M\u00fasica \u00df, GuidoBlogs, pianista solista y asistente de director de la OLCS y miembro fundador Espai Cl\u00e0ssic. Colaborador de la revista M\u00fasica y Educaci\u00f3n, CEFIRE feria internacional MARTE de Arte Contempor\u00e1neo, revista cultural independiente Nomepierdoniuna, Escuela de Arte y Superior de Dise\u00f1o de Castell\u00f3n, la\u2026","rel":"","context":"Entrada similar","block_context":{"text":"Entrada similar","link":""},"img":{"alt_text":"","src":"","width":0,"height":0},"classes":[]},{"id":1018,"url":"https:\/\/jlmirall.es\/?page_id=1018","url_meta":{"origin":543,"position":1},"title":"Proyectos educativos con j\u00f3venes","author":"Oysiao","date":"27 julio, 2018","format":false,"excerpt":"Como parte de mi inquietud por la educaci\u00f3n y la ense\u00f1anza, he desarrollado diversos workshops y proyectos pedag\u00f3gicos dentro y fuera de las aulas de educaci\u00f3n reglada que van m\u00e1s all\u00e1 de la docencia habitual con los alumnos. Los workshops son talleres puntuales de uno o varios d\u00edas, mientras que\u2026","rel":"","context":"Entrada similar","block_context":{"text":"Entrada similar","link":""},"img":{"alt_text":"","src":"https:\/\/i0.wp.com\/jlmirall.es\/wp-content\/uploads\/2024\/02\/eacc.gif?resize=350%2C200&ssl=1","width":350,"height":200,"srcset":"https:\/\/i0.wp.com\/jlmirall.es\/wp-content\/uploads\/2024\/02\/eacc.gif?resize=350%2C200&ssl=1 1x, https:\/\/i0.wp.com\/jlmirall.es\/wp-content\/uploads\/2024\/02\/eacc.gif?resize=525%2C300&ssl=1 1.5x, https:\/\/i0.wp.com\/jlmirall.es\/wp-content\/uploads\/2024\/02\/eacc.gif?resize=700%2C400&ssl=1 2x"},"classes":[]},{"id":688,"url":"https:\/\/jlmirall.es\/?page_id=688","url_meta":{"origin":543,"position":2},"title":"Direcci\u00f3n de TFG &#038; TFM","author":"Oysiao","date":"11 febrero, 2016","format":false,"excerpt":"Direcci\u00f3n de TFM A\u00f1o 2018 Reig Sanchis, M. (2018). La integraci\u00f3n de las asignaturas de instrumento y lenguaje musical. Una propuesta did\u00e1ctica para las ense\u00f1anzas elementales de piano en el contexto auton\u00f3mico valenciano. Universitat Jaume I. [En co-direcci\u00f3n con Dra. Amparo Porta]\u00a0 Casades Lapiedra, V. (2018). Investigaci\u00f3n y pr\u00e1ctica sobre\u2026","rel":"","context":"Entrada similar","block_context":{"text":"Entrada similar","link":""},"img":{"alt_text":"Captura de pantalla 2016-03-02 a les 14.59.37","src":"https:\/\/i0.wp.com\/jlmirall.es\/wp-content\/uploads\/2016\/02\/Captura-de-pantalla-2016-03-02-a-les-14.59.37.png?resize=350%2C200","width":350,"height":200},"classes":[]},{"id":684,"url":"https:\/\/jlmirall.es\/?page_id=684","url_meta":{"origin":543,"position":3},"title":"Publicaciones","author":"Oysiao","date":"11 febrero, 2016","format":false,"excerpt":"Al final de cada art\u00edculo se pueden encontrar links a\u00a0las p\u00e1ginas web de la UJI (Universitat Jaume I) y ResearchGate para aquellos que est\u00e1n disponibles. 2024 Miralles-Bono, J. L. (2024). Planificaci\u00f3n Inteligente para resultados no artificiales.\u00a0Eufon\u00eda: did\u00e1ctica de la m\u00fasica,\u00a0101, 14-19. Miralles-Bono, J. L. (2024). Another AI-generated Chopin nocturne? Better\u2026","rel":"","context":"Entrada similar","block_context":{"text":"Entrada similar","link":""},"img":{"alt_text":"Captura de pantalla 2016-03-02 a les 14.59.46","src":"https:\/\/i0.wp.com\/jlmirall.es\/wp-content\/uploads\/2016\/02\/Captura-de-pantalla-2016-03-02-a-les-14.59.46.png?resize=350%2C200","width":350,"height":200},"classes":[]},{"id":682,"url":"https:\/\/jlmirall.es\/?page_id=682","url_meta":{"origin":543,"position":4},"title":"Perfil Investigador","author":"Oysiao","date":"11 febrero, 2016","format":false,"excerpt":"Nombre normalizado: Jos\u00e9 Luis Miralles-Bono ORCID Perfil en Research Gate Repositorio de la Universitat Jaume I Ha pertenecido a los siguientes comit\u00e9s: 2017 |\u00a0XXVII Jornadas Estatales del Foro Europeo de Administradores de la Educaci\u00f3n-FEAE Direcci\u00f3n y Liderazgo en Centros Educativos - Comit\u00e9 Organizador 2017 |\u00a0II Jornadas de Did\u00e1ctica de la\u2026","rel":"","context":"Entrada similar","block_context":{"text":"Entrada similar","link":""},"img":{"alt_text":"logo orcid","src":"https:\/\/i0.wp.com\/jlmirall.es\/wp-content\/uploads\/2016\/02\/logo-orcid.png?resize=350%2C200","width":350,"height":200},"classes":[]},{"id":314,"url":"https:\/\/jlmirall.es\/","url_meta":{"origin":543,"position":5},"title":"Inicio","author":"Miralles","date":"7 julio, 2011","format":false,"excerpt":"Jos\u00e9 Luis Miralles Bono Vila-real, 1985 Piano & Educaci\u00f3n M\u00fasica Experimental & Arte Sonoro \u201csigo con curiosidad e inter\u00e9s sus propuestas art\u00edstico sonoras, y he de decir que veo en todas ellas un entrevere de solidez y audacia, propia de quien carga con una formaci\u00f3n \u2018cl\u00e1sica\u2019, pero se desenvuelve con\u2026","rel":"","context":"Entrada similar","block_context":{"text":"Entrada similar","link":""},"img":{"alt_text":"","src":"https:\/\/i0.wp.com\/jlmirall.es\/wp-content\/uploads\/2011\/07\/Piano-player.jpg?resize=350%2C200&ssl=1","width":350,"height":200,"srcset":"https:\/\/i0.wp.com\/jlmirall.es\/wp-content\/uploads\/2011\/07\/Piano-player.jpg?resize=350%2C200&ssl=1 1x, https:\/\/i0.wp.com\/jlmirall.es\/wp-content\/uploads\/2011\/07\/Piano-player.jpg?resize=525%2C300&ssl=1 1.5x, https:\/\/i0.wp.com\/jlmirall.es\/wp-content\/uploads\/2011\/07\/Piano-player.jpg?resize=700%2C400&ssl=1 2x, https:\/\/i0.wp.com\/jlmirall.es\/wp-content\/uploads\/2011\/07\/Piano-player.jpg?resize=1050%2C600&ssl=1 3x, https:\/\/i0.wp.com\/jlmirall.es\/wp-content\/uploads\/2011\/07\/Piano-player.jpg?resize=1400%2C800&ssl=1 4x"},"classes":[]}],"jetpack_sharing_enabled":true,"_links":{"self":[{"href":"https:\/\/jlmirall.es\/index.php?rest_route=\/wp\/v2\/pages\/543","targetHints":{"allow":["GET"]}}],"collection":[{"href":"https:\/\/jlmirall.es\/index.php?rest_route=\/wp\/v2\/pages"}],"about":[{"href":"https:\/\/jlmirall.es\/index.php?rest_route=\/wp\/v2\/types\/page"}],"author":[{"embeddable":true,"href":"https:\/\/jlmirall.es\/index.php?rest_route=\/wp\/v2\/users\/1"}],"replies":[{"embeddable":true,"href":"https:\/\/jlmirall.es\/index.php?rest_route=%2Fwp%2Fv2%2Fcomments&post=543"}],"version-history":[{"count":28,"href":"https:\/\/jlmirall.es\/index.php?rest_route=\/wp\/v2\/pages\/543\/revisions"}],"predecessor-version":[{"id":2831,"href":"https:\/\/jlmirall.es\/index.php?rest_route=\/wp\/v2\/pages\/543\/revisions\/2831"}],"up":[{"embeddable":true,"href":"https:\/\/jlmirall.es\/index.php?rest_route=\/wp\/v2\/pages\/1483"}],"wp:attachment":[{"href":"https:\/\/jlmirall.es\/index.php?rest_route=%2Fwp%2Fv2%2Fmedia&parent=543"}],"curies":[{"name":"wp","href":"https:\/\/api.w.org\/{rel}","templated":true}]}}