{"id":335,"date":"2011-07-08T17:03:06","date_gmt":"2011-07-08T17:03:06","guid":{"rendered":"http:\/\/curtziegler.com\/sitedemo\/mono-dev\/?page_id=218"},"modified":"2024-02-17T16:39:34","modified_gmt":"2024-02-17T15:39:34","slug":"resume-style","status":"publish","type":"page","link":"https:\/\/jlmirall.es\/?page_id=335","title":{"rendered":"Curr\u00edculum ampliado"},"content":{"rendered":"\n<p>Director Art\u00edstico del Laboratori de M\u00fasica \u00df, GuidoBlogs, pianista solista y asistente de director de la OLCS y miembro fundador Espai Cl\u00e0ssic. Colaborador de la revista M\u00fasica y Educaci\u00f3n, CEFIRE feria internacional MARTE de Arte Contempor\u00e1neo, revista cultural independiente Nomepierdoniuna, Escuela de Arte y Superior de Dise\u00f1o de Castell\u00f3n, la Jove Orquestra de la Generalitat Valenciana, la Joven Orquesta Arts Musicals, Musikeon, Estudio XXI, M\u00fasicos sin Fronteras y UNICEF entre otros.<\/p>\n\n\n\n<p><strong>Acceso r\u00e1pido a:<\/strong><\/p>\n\n\n\n<ul class=\"wp-block-list\">\n<li><a href=\"#Formaci\u00f3n\" data-type=\"internal\" data-id=\"#Formaci\u00f3n\">Formaci\u00f3n<\/a><\/li>\n\n\n\n<li><a href=\"#Experienciadocente\">Experiencia docente<\/a><\/li>\n\n\n\n<li><a href=\"#mejoraeducativa\">Mejora educativa<\/a><\/li>\n\n\n\n<li><a href=\"#Premios\">Premios<\/a><\/li>\n<\/ul>\n\n\n\n<ul class=\"wp-block-list\">\n<li><a href=\"#ambitoartistico\">\u00c1mbito Art\u00edstico<\/a><\/li>\n\n\n\n<li><a href=\"#Composici\u00f3n\">Composici\u00f3n<\/a><\/li>\n\n\n\n<li><a href=\"#Improvisaci\u00f3n\">Improvisaci\u00f3n<\/a><\/li>\n\n\n\n<li><a href=\"#diferentes\">Conciertos \u00abDiferentes\u00bb<\/a><\/li>\n<\/ul>\n\n\n\n<ul class=\"wp-block-list\">\n<li><a href=\"#proyectossolidarios\">Proyectos Solidarios<\/a><\/li>\n\n\n\n<li><a href=\"#organizacion\">Organizaci\u00f3n Formaci\u00f3n<\/a><\/li>\n\n\n\n<li><a href=\"#trabajo\">Grupos de Trabajo<\/a><\/li>\n\n\n\n<li><a href=\"#oformacion\">Otra Formaci\u00f3n<\/a><\/li>\n<\/ul>\n\n\n\n<ul class=\"wp-block-list\">\n<li><a href=\"#ponencias\">Ponencias<\/a><\/li>\n\n\n\n<li><a href=\"#conferencias\">Conferencias<\/a><\/li>\n\n\n\n<li><a href=\"#Publicaciones\">Publicaciones<\/a><\/li>\n\n\n\n<li><a href=\"#Entrevistas\">Entrevistas<\/a><\/li>\n<\/ul>\n\n\n\n<hr class=\"wp-block-separator has-alpha-channel-opacity\"\/>\n\n\n\n<h3 class=\"wp-block-heading\">Algunos Proyectos Art\u00edsticos Monogr\u00e1ficos<\/h3>\n\n\n\n<p><\/p>\n\n\n\n<p><strong>BEYOND THE PIANO &#8211;&nbsp;<\/strong>Concierto de piano experimental (t\u00e9cnicas extendidas), electr\u00f3nica, visuales a tiempo real (en colaboraci\u00f3n con lluna Llunera) e iluminaci\u00f3n con tiras led que reaccionan a la intensidad y espectro. Recupera repertorio clave del piano del siglo XX, presentado con una nueva capa re-interpretativa fusionando a John Cage con s\u00edntesis granular, los clusters y string piano de Henry Cowell con voces procesadas, John Adams y grabaciones de campo, George Crumb con drones y sonidos ambient, Messiaen y resonancias de pedales de efectos,&nbsp;Ligeti y sintetizadores, Feldman y Brown con loops as\u00edncronos, Carles Santos&nbsp;y anillos midi gestuales. Este proyecto se ha presentado en Auditori i Palau de Congressos (IVC), Festival Ultrasons y Sala San Miguel (Fundaci\u00f3n CaixaCastell\u00f3).<\/p>\n\n\n\n<div class=\"page\" title=\"Page 3\">\n<div class=\"section\">\n<div class=\"layoutArea\">\n<div class=\"column\">\n<ul>\n<li>Entrevista en Televisi\u00f3n con motivo del estreno del proyecto: <a href=\"https:\/\/youtu.be\/vK2N60q_ke4\" target=\"_blank\" rel=\"noopener noreferrer\">https:\/\/youtu.be\/vK2N60q_ke4<\/a><\/li>\n<li>Beyond The Piano LED EDITION:&nbsp;<a href=\"https:\/\/www.youtube.com\/playlist?list=PLyTTYyNNJnhZjGn4AMQk-_SVYn5-mafLD\" target=\"_blank\" rel=\"noopener noreferrer\">https:\/\/www.youtube.com\/playlist?list=PLyTTYyNNJnhZjGn4AMQk-_SVYn5-mafLD<\/a><\/li>\n<li>Beyond The Piano Original: <a href=\"https:\/\/www.youtube.com\/playlist?list=PLyTTYyNNJnhYzzG3SraFLdbfH4xBN6ozr\" target=\"_blank\" rel=\"noopener noreferrer\">https:\/\/www.youtube.com\/playlist?list=PLyTTYyNNJnhYzzG3SraFLdbfH4xBN6ozr<\/a><\/li>\n<\/ul>\n<\/div>\n<\/div>\n<\/div>\n<\/div>\n\n\n\n<p><strong>SONOTRAZOS &#8211;&nbsp;<\/strong>Proyecto multidisciplinar con conciertos de partituras gr\u00e1ficas. Se realiz\u00f3 un taller de partituras gr\u00e1ficas con alumnos de la Escuela de Arte y Superior de Dise\u00f1o; y se crearon partituras que posteriormente fueron interpretadas en concierto, siendo algunas de cr\u00edtica social. Tambi\u00e9n se trabaj\u00f3 con videoartes o piezas de cer\u00e1mica y vidrio de gran formato como nuevas partituras. Destaca Vicent Vidal In memorian, que recupera el imaginario visual de un difunto profesor e ilustrador de la Escuela, presentada en un festival y tambi\u00e9n en congresos de investigaci\u00f3n art\u00edstica.<\/p>\n\n\n\n<ul class=\"wp-block-list\">\n<li>Sonotrazos:&nbsp;<a href=\"https:\/\/www.youtube.com\/playlist?list=PLyTTYyNNJnhaL3eSwQC7WVnrhSvC3vUFD\" target=\"_blank\" rel=\"noopener noreferrer\">https:\/\/www.youtube.com\/playlist?list=PLyTTYyNNJnhaL3eSwQC7WVnrhSvC3vUFD<\/a><\/li>\n<\/ul>\n\n\n\n<div class=\"page\" title=\"Page 2\">\n<div class=\"section\">\n<div class=\"layoutArea\">\n<div class=\"column\">\n<p>&nbsp;<\/p>\n<\/div>\n<\/div>\n<\/div>\n<\/div>\n\n\n\n<hr class=\"wp-block-separator has-alpha-channel-opacity\"\/>\n\n\n\n<h3 class=\"wp-block-heading\">Formaci\u00f3n<a id=\"Formaci\u00f3n\"><\/a><\/h3>\n\n\n\n<p><\/p>\n\n\n\n<p>Inicia sus estudios musicales en su ciudad natal (Vila-real) a los 8 a\u00f1os con Maruja Mic\u00f3. Posteriormente accede con las mejores calificaciones en las&nbsp;pruebas de piano al Conservatorio Profesional de M\u00fasica \u201cMestre T\u00e0rrega\u201d de Castell\u00f3n para realizar el Grado Profesional, titulaci\u00f3n que obtiene con el m\u00e1ximo expediente bajo la tutela de los profesores \u00d3scar Campos y Diana P\u00e9rez-Altava.<\/p>\n\n\n\n<p><strong>T\u00edtulo Superior de Piano (2003 &#8211; 2006)<\/strong>&nbsp;&#8211; &nbsp;En 2002-2003 ingresa en el Conservatorio Superior de M\u00fasica \u201cSalvador Segu\u00ed\u201d de Castell\u00f3n ocupando la primera plaza de piano en las pruebas de acceso. Bajo la tutela de Brenno Ambrosini y Albert Nieto, cursa los estudios superiores de piano, que finaliza en 2006 con la calificaci\u00f3n de Matr\u00edcula de Honor en todas las asignaturas.<\/p>\n\n\n\n<p><strong>T\u00edtulo Superior de Composici\u00f3n<\/strong>&nbsp;<strong>(2004 &#8211; 2008)&nbsp;<\/strong>&#8211;&nbsp;Estudios superiores de composici\u00f3n&nbsp;en el Conservatorio Superior de M\u00fasica \u00abSalvador Segu\u00ed\u00bb de Castell\u00f3n con Ferrer Ferr\u00e1n, Claudia Montero, C\u00e9sar Cano y Miguel \u00c1ngel Berbis. Durante este per\u00edodo el Conservatorio le estrena dos tr\u00edos para cuerda y piano y junto con la Editorial Piles le publica una obra para piano.<\/p>\n\n\n\n<p><strong>Curso de Aptitud Pedag\u00f3gica (2007 &#8211; 2008)<\/strong> &#8211; Curso de Aptitud Pedag\u00f3gica en la Universitat de Val\u00e8ncia.<\/p>\n\n\n\n<p><strong>M\u00e1ster en M\u00fasica (2006 &#8211; 2007)&nbsp;<\/strong>&#8211; T\u00edtulo universitario oficial de M\u00e1ster en M\u00fasica, especialidad en M\u00fasica Contempor\u00e1nea en la Universidad Polit\u00e9cnica de Valencia. Defiende en 2007 la Tesis Final de M\u00e1ster: \u00abEl espacio como recurso musical\u00bb bajo la direcci\u00f3n del Dr. Blas Payri.<\/p>\n\n\n\n<p><strong>M\u00e1ster en Direcci\u00f3n y Gesti\u00f3n de Centros Docentes (2014 &#8211; 2015) <\/strong>&#8211; T\u00edtulo universitario oficial de M\u00e1ster en la Universidad Cardenal Herrera de Valencia. Defiende en 2015 la Tesis Final de M\u00e1ster: \u00abDesconservando los conservatorios: Una agenda de reformas basada en otros sistemas educativos musicales de \u00e9xito\u00bb con la calificaci\u00f3n de matr\u00edcula de honor.<\/p>\n\n\n\n<p><strong>M\u00e1ster en Psicolog\u00eda para M\u00fasicos (2022)<\/strong> &#8211; T\u00edtulo propio de la UNED. Defiende en 2022 la Tesis Final de M\u00e1ster: \u00abLa investigaci\u00f3n sobre la pr\u00e1ctica individual del instrumento musical\u00bb, bajo la direcci\u00f3n del Dr. Basilio Fern\u00e1ndez Morante.<\/p>\n\n\n\n<p><strong>Doctorado en Educaci\u00f3n (2023) <\/strong>&#8211; Obtiene el t\u00edtulo de Doctor en Eduaci\u00f3n por la Universitat Jaume I, con la tesis: \u00abExplorando el inicio de la profesi\u00f3n docente en j\u00f3venes m\u00fasicos valencianos: estudio descriptivo de casos en escuelas de m\u00fasica\u00bb, bajo la direcci\u00f3n de la Dra. Maria Amparo Porta Navarro y la Dra. Maria Reina Ferrandez Berrueco.<strong><br><\/strong><\/p>\n\n\n\n<p><strong>Perfeccionamiento Pian\u00edstico (2006 &#8211; 2011) &#8211;<\/strong>&nbsp;Desde el 2006 hasta el 2011 participa de forma activa en los cursos de perfeccionamiento pian\u00edstico en la academia Musikeon (Valencia) bajo la direcci\u00f3n del pianista y music\u00f3logo italiano Luca Chiantore, siendo colaborador en muchos de los proyectos que se impulsan desde entonces. Es elegido para participar como alumno activo en las master-classes de prestigiosos pianistas y pedagogos como:&nbsp;Dimitri Bashkirov, Leslie Howard, Piero Rattalino, Josep M\u00aa Colom, &nbsp;Eric Heidsieck, Anatoli Povzoun, Arthur Schoonderwoerd, Luis Fernando P\u00e9rez, Luca Guglielmi.<\/p>\n\n\n\n<p><strong>Festival Les Arcs (2006)<\/strong> &#8211; Participa en el Festival les Arcs (Francia) recibiendo clases de: Antonio Soria, Marina Chiche, Claire Merlet,&nbsp;Edouard Sapey-Triomphe, Pierre Roullier y Jacques Blanc.<\/p>\n\n\n\n<p><strong>PIANALE<\/strong>&nbsp;<strong>(2009 &#8211; 2010) &#8211; <\/strong>Participa dos veranos en el<strong>&nbsp;<\/strong>International Piano Academy (Alemania) recibiendo clases de Uta Weyand, Joaqu\u00edn Soriano, Ralf Nattkemper, Friedemann Rieger y Akiko Ebi.<\/p>\n\n\n\n<p><strong>Master-classes<\/strong>&nbsp;<strong>de piano<\/strong> &#8211; Ha recibido tambi\u00e9n master-classes de:&nbsp;Mario Monreal, Adolfo Bueso, Ludmil Angelov, David Kuyken, Jorge Luis Prats&nbsp;Giovanni Umberto Batel, Carole Carniel, Kataryna Popova y Massimo Somenzi.<\/p>\n\n\n\n<p><strong>Formaci\u00f3n Camer\u00edstica<\/strong>&nbsp;&#8211; Ha recibido consejos de: Jordi Mora (director), Miguel Ituarte (piano), Pascal Godart (piano), Vasko Vassilev (viol\u00edn), Manuel Guill\u00e9n (viol\u00edn), Pedro Mart\u00ednez (viol\u00edn), Xavi Carrau (viol\u00edn), Marina Chiche (viol\u00edn), Claire Merlet (viola), Llu\u00eds Claret (violoncelo), Edouard Sapey-Triomphe (violoncelo), Pierre Roullier (flauta), Jacques Blanc (trompa), etc.<\/p>\n\n\n\n<p><strong>Cursos de Perfeccionamiento Compositivo<\/strong> &#8211; Ha realizado cursos con:&nbsp;Agust\u00ed Charles, Ant\u00f3n Garcia Abril, Tom\u00e1s Marco, Zulema de la Cruz, Carlos Cruz de Castro, Bernard Cavanna, Emilio Caland\u00edn y Antonio G\u00f3mez Schneekloth, etc.<\/p>\n\n\n\n<p><strong>CulturArts (2013) &#8211;<\/strong> Estancia formativa en CulturArts con el proyecto: \u00abLa gesti\u00f3n musical desde CulturArts: una experiencia con la JOGV\u00bb.<\/p>\n\n\n\n<hr class=\"wp-block-separator has-alpha-channel-opacity\"\/>\n\n\n\n<h3 class=\"wp-block-heading\">Experiencia&nbsp;Docente<a id=\"Experienciadocente\"><\/a><\/h3>\n\n\n\n<p><strong>CONSERVATORIOS PROFESIONALES<\/strong><\/p>\n\n\n\n<p>Profesor de Piano, Introducci\u00f3n a la Pedagog\u00eda Musical y Profesor Pianista Acompa\u00f1ante.<\/p>\n\n\n\n<ul class=\"wp-block-list\">\n<li><strong>Septiembre 2008 \u2013 Actualidad<\/strong>. Conservatorio Profesional de M\u00fasica Mestre T\u00e0rrega de Castell\u00f3n. Piano (elemental y profesional), Introducci\u00f3n a la Pedagog\u00eda Musical (optativa de creaci\u00f3n propia para 5 y 6 de Ense\u00f1anzas Profesionales) Conjunto, M\u00fasica de c\u00e1mara, Piano Complementario y Profesor Pianista Acompa\u00f1ante del Departamento de Viento-Metal y Percusi\u00f3n y Viento-Madera.<\/li>\n\n\n\n<li><strong>Febrero 2008 \u2013 Julio 2008.<\/strong> Conservatorio Profesional Mestre Verd de Carcaixent:&nbsp;Piano (elemental y medio),&nbsp;Piano complementario y Complemento pian\u00edstico.<\/li>\n\n\n\n<li><strong>Septiembre 2006 \u2013 Enero 2008.<\/strong> Conservatorio Profesional de M\u00fasica de Onda: Coordinaci\u00f3n del departamento de Piano.&nbsp;Piano,&nbsp;Conjunto,&nbsp;Improvisaci\u00f3n y Acompa\u00f1amiento,&nbsp;Piano complementario y Complemento Pian\u00edstico.<\/li>\n\n\n\n<li><strong>Enero 2006 \u2013 Julio 2006.<\/strong> Escuela de M\u00fasica de Nules: Niveles Elemental y Amateur.<\/li>\n<\/ul>\n\n\n\n<p><strong>CONSERVATORIOS SUPERIORES<\/strong><\/p>\n\n\n\n<ul class=\"wp-block-list\">\n<li>ESMAR (Escuela Superior de M\u00fasica de Alto Rendimiento de Valencia).\n<ul class=\"wp-block-list\">\n<li>Asignaturas impartidas en Grado: \u00abTecnolog\u00eda Musical\u00bb, \u00abDid\u00e1ctica General de la M\u00fasica I y II\u00bb, \u00abMetodolog\u00eda de la Evaluaci\u00f3n en M\u00fasica\u00bb, \u00abPsicolog\u00eda, Sociolog\u00eda y Educaci\u00f3n Musical\u00bb.<\/li>\n\n\n\n<li>Asignaturas impartidas en M\u00e1ster: \u00abTecnolog\u00eda Musical Aplicada\u00bb.<\/li>\n<\/ul>\n<\/li>\n<\/ul>\n\n\n\n<p><strong>UNIVERSIDAD<\/strong><\/p>\n\n\n\n<ul class=\"wp-block-list\">\n<li><strong>Septiembre 2014 \u2013 Noviembre 2019<\/strong>. Profesor Asociado de la Universitat Jaume I de Castell\u00f3n en el \u00c1rea de Did\u00e1ctica de la Expresi\u00f3n Musical.\n<ul class=\"wp-block-list\">\n<li>SBN001: Perspectivas Contempor\u00e1neas de la Did\u00e1ctica de la Educaci\u00f3n Musical [M\u00e1ster de Did\u00e1ctica de la M\u00fasica].<\/li>\n\n\n\n<li>MI1022: Fundamentos y Did\u00e1ctica de la Expresi\u00f3n Musical [Grado de Maestro\/Maestra en Educaci\u00f3n Infantil].<\/li>\n\n\n\n<li>Practicums (MI1025, MI1039, MP1026 y MP1039) en los Grados de Maestro\/Maestra en Educaci\u00f3n Infantil y Primaria.<\/li>\n\n\n\n<li>Direcci\u00f3n de TFG (MI1040 y MP1040) en los Grados de Maestro\/Maestra en Educaci\u00f3n Infantil y Primaria (con Menci\u00f3n de M\u00fasica).<\/li>\n\n\n\n<li>Practicums del M\u00e1ster de Did\u00e1ctica de la M\u00fasica.<\/li>\n\n\n\n<li>Direcci\u00f3n de TFM del M\u00e1ster de Did\u00e1ctica de la M\u00fasica.<\/li>\n<\/ul>\n<\/li>\n<\/ul>\n\n\n\n<p><strong>FORMACI\u00d3N DEL PROFESORADO<\/strong><\/p>\n\n\n\n<ul class=\"wp-block-list\">\n<li><strong>Universitat Jaume<\/strong> I: Profesor en el M\u00e1ster de Did\u00e1ctica de la M\u00fasica, &nbsp;Grados de Maestro\/a en Educaci\u00f3n Infantil y Primaria, cursos de verano de la universidad.<\/li>\n\n\n\n<li><strong>CEFIRE<\/strong> (Comunidad Valenciana, Andaluc\u00eda y Castilla y Le\u00f3n): Cursos, talleres y conferencias para la formaci\u00f3n continua del profesorado.<\/li>\n\n\n\n<li><strong>Estudio XXI<\/strong>: Curso de preparaci\u00f3n de Programaciones Did\u00e1cticas para Conservatorios.<\/li>\n\n\n\n<li><strong>AdLibitum:<\/strong> Formaci\u00f3n sobre tecnolog\u00eda musical para Directores de Escuelas de M\u00fasica.<\/li>\n<\/ul>\n\n\n\n<p><strong>EDUCACI\u00d3N NO REGLADA<\/strong><\/p>\n\n\n\n<ul class=\"wp-block-list\">\n<li><strong>JOGV Encuentro Julio 2013<\/strong> (P\u00e1jaro de Fuego).<\/li>\n\n\n\n<li><strong>Aula d\u2019Estiu Musical de Castell\u00f3 Verano 2013<\/strong> | Conferencias, Talleres (T\u00e9cnicas de Estudio para Piano, Introducci\u00f3n a la m\u00fasica de C\u00e1mara y Creaci\u00f3n Sonora).<\/li>\n\n\n\n<li><strong>Aula d\u2019Estiu Musical de Castell\u00f3 Verano 2014<\/strong>&nbsp;| Conferencias, Talleres (Lectura a Primera Vista).<\/li>\n\n\n\n<li><strong>Aula d\u2019Estiu Musical de Castell\u00f3 Verano 2015<\/strong> | Conferencias, Talleres (Lectura a Primera Vista y Soundpainting).<\/li>\n\n\n\n<li><strong>Master-Class de Piano (Mayo 2015) <\/strong>en el \u00c1gora Lled\u00f3 International School.<\/li>\n\n\n\n<li><strong>ESTIU CL\u00c0SSIC (Verano 2018)&nbsp;<\/strong>En el Auditori de Castell\u00f3 | Workshop de t\u00e9cnicas extendidas al piano<\/li>\n<\/ul>\n\n\n\n<hr class=\"wp-block-separator has-alpha-channel-opacity\"\/>\n\n\n\n<h3 class=\"wp-block-heading\">Mejora Educativa<a id=\"mejoraeducativa\"><\/a><\/h3>\n\n\n\n<p><strong>Universidad<\/strong><\/p>\n\n\n\n<p>Desde el curso 2015-2016 pertenece al Grupo de Innovaci\u00f3n Educativa EIDDEM (Espacios de innovaci\u00f3n docente en Did\u00e1ctica de la Expresi\u00f3n Musical):<\/p>\n\n\n\n<ul class=\"wp-block-list\">\n<li>Proyecto \u00abExplorant les bones pr\u00e0ctiques en educaci\u00f3 infantil i les seues repercussions a l&#8217;aula\u00bb. Financiado por la Universidad Jaume I durante los cursos 2015-2016 y 2016-2017).<\/li>\n<\/ul>\n\n\n\n<p><strong>Conservatorio<\/strong><\/p>\n\n\n\n<p>Est\u00e1 ampliamente implicado en la mejora de su conservatorio, habiendo conseguido su entrada en la <a href=\"http:\/\/conservatorimestretarrega.edu.gva.es\/blog\/?p=40\">Red de Centros de Calidad de la Comunitat Valenciana<\/a> e implic\u00e1ndolo en proyectos de innovaci\u00f3n de lucha contra el fracaso escolar mediante la m\u00fasica o programas anuales de formaci\u00f3n para el profesorado. Desempe\u00f1a las siguientes funciones en la gesti\u00f3n del centro:<\/p>\n\n\n\n<ul class=\"wp-block-list\">\n<li><strong>Coordinador de Calidad<\/strong> (curso 2012-2013)<\/li>\n\n\n\n<li><strong>Coordinador de Formaci\u00f3n<\/strong>&nbsp;(curso 2012-2013)<\/li>\n\n\n\n<li><strong>Miembro de la comisi\u00f3n de convivencia<\/strong> (2012 \u2013 2015)<\/li>\n\n\n\n<li><strong>Representante del profesorado en el Consejo Escolar<\/strong>&nbsp;(2012 \u2013 2015)<\/li>\n\n\n\n<li><strong>Jefe de Departamento de Asignaturas Optativas (Actualidad)<\/strong><\/li>\n\n\n\n<li><strong>Coordinaci\u00f3n Erasmus+ (Actualidad)<\/strong><\/li>\n<\/ul>\n\n\n\n<p><strong>Proyectos no institucionales<\/strong><\/p>\n\n\n\n<p>Preocupado por la mejora del sistema educativo musical espa\u00f1ol es el administrador de:<\/p>\n\n\n\n<ul class=\"wp-block-list\">\n<li><strong><a href=\"http:\/\/jlmirall.es\/oysiao\/\">Oysiao en el Oasis<\/a><\/strong>, blog personal de reflexi\u00f3n sobre Conservatorios.<\/li>\n\n\n\n<li><strong><a href=\"http:\/\/renovatorio.wordpress.com\/\">Renovatorio<\/a><\/strong>, grupo de trabajo de investigaci\u00f3n y mejora legal en Conservatorios.<\/li>\n\n\n\n<li><strong><a href=\"http:\/\/guidoblogs.org\/\">GuidoBlogs<\/a><\/strong>, primer planeta de la blogosfera que aglutina profesores de Conservatorios.<\/li>\n\n\n\n<li><a href=\"http:\/\/guidoblogsuni.org\/\" target=\"_blank\" rel=\"noopener noreferrer\">GuidiBlogsUN<\/a>I, red de profesores universitarios del \u00e1rea de la Did\u00e1ctica de la Expresi\u00f3n Musical.<\/li>\n<\/ul>\n\n\n\n<p>Y ha gestionado las siguientes campa\u00f1as de mejora del colectivo musical:<\/p>\n\n\n\n<ul class=\"wp-block-list\">\n<li><strong><a href=\"http:\/\/www.eeaassuniversidad.guidoblogs.org\/\">Plataforma por la Integraci\u00f3n de las Ense\u00f1anzas Art\u00edsticas Superiores en el Sistema Universitario<\/a><\/strong><\/li>\n\n\n\n<li><strong><a href=\"http:\/\/reconocimientoprofesional.guidoblogs.org\/\">Reconocimiento Profesional de las Ense\u00f1anzas Art\u00edsticas no superiores<\/a><\/strong><\/li>\n<\/ul>\n\n\n\n<hr class=\"wp-block-separator has-alpha-channel-opacity\"\/>\n\n\n\n<h3 class=\"wp-block-heading\">\u00c1mbito Art\u00edstico<\/h3>\n\n\n\n<p class=\"has-accent-3-background-color has-background\">Para ejemplos de los \u00faltimos proyectos visitar el apartado de Proyectos.<\/p>\n\n\n\n<p><strong>Pianista &#8211;&nbsp;<\/strong>Su carrera profesional le ha llevado a actuar, entre otros, en los ciclos de conciertos Schlosskonzerte Osthessen en Alemania (2009 y 2010), en el Auditori i Palau de Congresos de Castell\u00f3n, en el 150 Aniversario Steinway &amp; Sons organizado en el Club Diario Levante (Valencia), el Palau de la M\u00fasica de Valencia, el Teatro Monumental de Madrid y los conciertos del Festival Internacional des Arcs en Francia.&nbsp;Sus \u00faltimas actuaciones incluyen El Carnaval de los Animales de Camil Saint-Sa\u00ebns, LAQVIMA VERE de Alfredo Sanz, Pr\u00f3logo y Tres Temas de Rafael Beltr\u00e1n, el Concierto KV 488 de Mozart, el Triple Concierto de Beethoven y el Makrokosmos de George Crumb. Actualmente desarrolla proyectos art\u00edsticos sobre la m\u00fasica para piano del siglo XX y XXI, centr\u00e1ndose en la m\u00fasica experimental, las t\u00e9cnicas extendidas, las partituras gr\u00e1ficas, y la inclusi\u00f3n de la electr\u00f3nica en vivo.<\/p>\n\n\n\n<p><strong>Director Art\u00edstico del Laboratori de M\u00fasica \u00df (LM\u00df)<\/strong> &#8211;&nbsp;Es el director art\u00edstico del <a href=\"http:\/\/laboratori.jlmirall.es\/\">LM\u00df<\/a> (Laboratori de M\u00fasica \u00df), grupo de \u201c10 pianos y algunos instrumentos m\u00e1s\u2026\u201d proyecto que destaca por su car\u00e1cter innovador, creativo y emprendedor y ha sido referenciado en radio (Cadena Ser), prensa (NMPNU) y el congreso PERFORMA en Brasil, actuando en el Conservatorio de Castell\u00f3n, la NIT del ART y la FERIA MARTE de arte contempor\u00e1neo.<\/p>\n\n\n\n<p><strong>Solista de la Orquestra L\u00edrica de Castell\u00f3 (OLCS) &#8211;&nbsp;<\/strong>Ha participado en la direcci\u00f3n art\u00edstica, asistencia de direcci\u00f3n, maestro repetidor y pianista solista (piano, \u00f3rgano y celesta) de las \u00faltimas producciones l\u00edricas m\u00e1s importantes de Castell\u00f3n: Le nozze di F\u00edgaro (Mayo 2013), Katiuska (Marzo 2014), R\u00e9quiem de Faur\u00e9 (Abril 2014), CHICAGO el Musical (Octubre 2014), La Flauta M\u00e1gica (Noviembre 2014), La Gran V\u00eda (Marzo 2015), La Traviata (Febrero 2016).<\/p>\n\n\n\n<p><strong>M\u00fasica de C\u00e1mara &#8211;&nbsp;<\/strong>Form\u00f3 parte del grupo Tune Clusters Trio, con el que grab\u00f3 para Radio Televisi\u00f3n Espa\u00f1ola en un concierto en directo en el Teatro Monumental de Madrid, y realiz\u00f3 conciertos did\u00e1cticos en el Auditori i Palau de Congresos de Castell\u00f3n explicando qu\u00e9 es la m\u00fasica de C\u00e1mara a grupos de escolares.&nbsp;Integra el d\u00fao Miraiz junto con el violoncellista Eneko Aizpur\u00faa, con el que realiz\u00f3 conciertos en Madrid, Valencia, Ll\u00edria (Valencia), Ordizia (Guip\u00fazcoa) y Agurain (\u00c1lava). El d\u00fao Miraiz ha interpretando para entidades como el IVM (Instituto Valenciano de la M\u00fasica) y M\u00fasicos Sin Fronteras.<\/p>\n\n\n\n<p><strong>Coros y Voz &#8211; <\/strong>Ha formado d\u00fao con los cantantes castellonenses Pedro Quiralte-G\u00f3mez y Antonio Planelles, con los que ha organizado cursos y jornadas sobre t\u00e9cnica vocal en la ciudad de Castell\u00f3n. Ha sido el pianista residente del Orfe\u00f3n Universitario de la Universitat Jaume I, del coro Veus Atrevides y de la Coral Vicent Ripoll\u00e9s. Tambi\u00e9n ha trabajado con l&#8217;Acad\u00e8mia d&#8217;Orfeu, Schola Cantorum de Vall d&#8217;Uix\u00f3, Cor de Cat\u00ed, Cor da Capo y Voces Blancas del Calasancio en diversas producciones l\u00edricas.<\/p>\n\n\n\n<p><strong>Interpretaci\u00f3n Multipian\u00edstica &#8211;&nbsp;<\/strong>Est\u00e1 desarrollando una intensa labor en la interpretaci\u00f3n multipian\u00edstica al formar parte de los 20 pianos que actuaron en el Palau de la M\u00fasica de Valencia el 2 de Julio de 2011, con la creaci\u00f3n del duo in2pianos junto a Ana Ossorio, que debut\u00f3 en la Sala Iturbi del citado auditorio. Y con el Laboratori de M\u00fasica \u00df, ensemble contempor\u00e1neo a 10 pianos.<\/p>\n\n\n\n<p><\/p>\n\n\n\n<hr class=\"wp-block-separator has-alpha-channel-opacity\"\/>\n\n\n\n<h3 class=\"wp-block-heading\">Composici\u00f3n<\/h3>\n\n\n\n<p class=\"has-accent-3-background-color has-background\">El cat\u00e1logo completo se encuentra en el apartado de Proyectos (M\u00fasica experimental \/ Arte Sono).<\/p>\n\n\n\n<hr class=\"wp-block-separator has-alpha-channel-opacity\"\/>\n\n\n\n<h3 class=\"wp-block-heading\">Premios<a id=\"Premios\"><\/a><\/h3>\n\n\n\n<p>Galardonado en diferentes concursos nacionales e internacionales, destacan:<\/p>\n\n\n\n<p>Primer Premio VI Concurso Internacional Guernica Piano Lehiaketa, el Segundo Premio II Concurso Internacional de piano \u201cCiudad de Huesca\u201d, el Primer Premio III Concurso de C\u00e1mara \u201cXimen d\u2019Urrea\u201d, y el Primer Premio I Concurso Nacional de j\u00f3venes agrupaciones camer\u00edsticas y orquestales \u201cAcordes Caja Madrid 2006\u201d.<\/p>\n\n\n\n<p>Ha sido becado por entidades como Bancaja, Caja Madrid e Ibercaja.<\/p>\n\n\n\n<p>A nivel art\u00edstico destacan sus dos premios en las convocatorias del Consorci de Museus de la Comunitat Valenciana (2020 y 2023) de CulturaOnline. <\/p>\n\n\n\n<hr class=\"wp-block-separator has-alpha-channel-opacity\"\/>\n\n\n\n<h3 class=\"wp-block-heading\">Improvisaci\u00f3n<a id=\"Improvisaci\u00f3n\"><\/a><\/h3>\n\n\n\n<p>Paralelamente a su formaci\u00f3n en m\u00fasica cl\u00e1sica inicia estudios de Jazz e improvisaci\u00f3n con el pianista Ricardo Belda. Realiza cursos de formaci\u00f3n en pedagog\u00eda creativa con el IEM (Instituto de Educaci\u00f3n Musical) y Emilio Molina y cursos de improvisaci\u00f3n, jazz y soundpainting en el CEFIRE.<\/p>\n\n\n\n<p>Dentro del convenio de colaboraci\u00f3n entre la Conselleria de Educaci\u00f3n y Berklee College of Music Valencia para la realizaci\u00f3n de actividades de formaci\u00f3n, de convivencia e intercambio entre alumnado\/profesorado y de divulgaci\u00f3n de proyectos, ha sido becado para asistir como alumno al curso Art of Improvisation: Blues and Jazz dentro de los Summer Programs 2012, recibiendo clases de George Russell Jr., Dave Weigert, Michael Farquharson y Rick Peckham.<\/p>\n\n\n\n<p>Tambi\u00e9n ha colaborado con el CIM.CS (Col\u00b7lectiu d&#8217;Improvisaci\u00f3 Musical de Castell\u00f3).<\/p>\n\n\n\n<hr class=\"wp-block-separator has-alpha-channel-opacity\"\/>\n\n\n\n<h3 class=\"wp-block-heading\">Proyectos solidarios<a id=\"proyectossolidarios\"><\/a><\/h3>\n\n\n\n<ul class=\"wp-block-list\">\n<li><strong>D\u00fao Miraiz<\/strong> | Recital para la ONG M\u00fasicos Sin Fronteras (Agurain \u2013 26 de julio de 2009)<\/li>\n\n\n\n<li><strong>Veus Atrevides<\/strong> | Concierto organizado por la Fundaci\u00f3n D\u00e1valos-Fletcher de Castell\u00f3n en la \u201cMostra Solid\u00e0ria\u201d con el Da\u00f1o Cerebral Adquirido (Sala de Exposiciones \u2013 15 de octubre de 2011)<\/li>\n\n\n\n<li><strong>in2pianos<\/strong> | Concierto ben\u00e9fico en el Palau de la M\u00fasica de Valencia en favor de la Asociaci\u00f3n Viktor E. Frankl (Sala Iturbi \u2013 17 de diciembre de 2011)<\/li>\n\n\n\n<li><strong>Veus Atrevides<\/strong> | Concierto Voces Contra la Violencia (Teatro del Raval de Castell\u00f3n \u2013 28 de Abril de 2012)<\/li>\n\n\n\n<li><strong>Veus Atrevides<\/strong> | Teatro musical en benef\u00edcio de UNICEF (Teatro del Raval de Castell\u00f3n \u2013 24 de Mayo de 2012)<\/li>\n\n\n\n<li><strong>Orquestra L\u00edrica de Castell\u00f3<\/strong> | Gala ArtxArt para la investigaci\u00f3n contra el c\u00e1ncer infantil y enfermedades raras. (Palau de les Arts &#8211; 19 de Diciembre de 2014)<\/li>\n<\/ul>\n\n\n\n<p><\/p>\n\n\n\n<hr class=\"wp-block-separator has-alpha-channel-opacity\"\/>\n\n\n\n<h3 class=\"wp-block-heading\">Conciertos \u00abdiferentes\u00bb<a id=\"diferentes\"><\/a><\/h3>\n\n\n\n<ul class=\"wp-block-list\">\n<li><strong>Audiciones did\u00e1cticas para escolares:<\/strong> La m\u00fasica de c\u00e1mara (Auditori de Castell\u00f3 \u2013 curso 2006\/2007)<\/li>\n\n\n\n<li><strong>M\u00fasica Noche y Dia:<\/strong> Ejecuci\u00f3n colectiva integral de VEXATIONS de Eric Satie. (Sala Musikeon \u2013 13 de octubre de 2007)<\/li>\n\n\n\n<li><strong>Concierto Monogr\u00e1fico Frederic Rzewski<\/strong> (Sala Clemente \u2013 18 de octubre de 2008)<\/li>\n\n\n\n<li><strong>Obras de estreno<\/strong> glosando los murales del pintor Traver-Calzada sobre la historia de Castell\u00f3n (Diputaci\u00f3n de Castell\u00f3n \u2013 26 de noviembre de 2010)<\/li>\n\n\n\n<li><strong>Teatro musical<\/strong>: Ens anem d\u2019esCORsi\u00f3 (Teatro de Benic\u00e0ssim \u2013 2 de diciembre de 2010)<\/li>\n\n\n\n<li><strong>Performance UJI-CEFIRE<\/strong>: m\u00fasica, teatro, movimiento, imagen y Soundpainting (\u00c1gora de la UJI \u2013 17 de mayo de 2011)<\/li>\n\n\n\n<li><strong>20 a\u00f1os 20 pianos<\/strong> (Palau de la M\u00fasica de Valencia \u2013 2 de Julio de 2011)<\/li>\n\n\n\n<li><strong>Clausura del TEDx<\/strong> Valencia en la Universidad Polit\u00e9cnica de Valencia (5 de Mayo de 2012)<\/li>\n\n\n\n<li><strong>Performance:<\/strong> Di\u00e1logo de arte y artistas | Estudio de la pintora castellonense Sara Lloret (8 de Junio de 2012)<\/li>\n\n\n\n<li><strong>Miniaturas Eternas:<\/strong> Bach-Kurtag | Concierto de alumnos y profesores de obras de Bach y Kurtag y estreno de hommage. Semana Cultural del Conservatorio Profesional de M\u00fasica de Castell\u00f3n. 11 de Febrero de 2013.<\/li>\n\n\n\n<li><strong>Concierto a 10 pianos<\/strong> (y algunos instrumentos m\u00e1s\u2026). Interpretaci\u00f3n Colectiva de in C.&nbsp;Semana Cultural del Conservatorio Profesional de M\u00fasica de Castell\u00f3n. 11 de Febrero de 2013.<\/li>\n\n\n\n<li><strong>El Carnaval de los Animales.<\/strong> 7 funciones did\u00e1cticas.&nbsp;Conservatorio Profesional de M\u00fasica de Castell\u00f3n (11-14 de Marzo de 2013)<\/li>\n\n\n\n<li><strong>La leyenda del Ajedrez:<\/strong> Creaci\u00f3n musical en direcci\u00f3n de las funciones para escolares sobre la leyenda del Ajedrez en el Auditori i Palau de Congressos de Castell\u00f3 (17 Mayo de 2014).<\/li>\n\n\n\n<li><strong>Inauguraci\u00f3n Exposici\u00f3n de Joan Callergues<\/strong><\/li>\n<\/ul>\n\n\n\n<p><\/p>\n\n\n\n<hr class=\"wp-block-separator has-alpha-channel-opacity\"\/>\n\n\n\n<h3 class=\"wp-block-heading\">Grupos de Trabajo<a id=\"#trabajo\"><\/a><\/h3>\n\n\n\n<ul class=\"wp-block-list\">\n<li>An\u00e1lisis, valoraci\u00f3n y propuestas sobre la figura del Pianista Acompa\u00f1ante I<\/li>\n\n\n\n<li>An\u00e1lisis, valoraci\u00f3n y propuestas sobre la figura del Pianista Acompa\u00f1ante II<\/li>\n\n\n\n<li>M\u00fasica Lliurex Conservatorios<\/li>\n\n\n\n<li>Renovatorio<\/li>\n\n\n\n<li><\/li>\n<\/ul>\n\n\n\n<p><\/p>\n\n\n\n<hr class=\"wp-block-separator has-alpha-channel-opacity\"\/>\n\n\n\n<h3 class=\"wp-block-heading\">Otra formaci\u00f3n<a id=\"#oformacion\"><\/a><\/h3>\n\n\n\n<p><\/p>\n\n\n\n<hr class=\"wp-block-separator has-alpha-channel-opacity\"\/>\n\n\n\n<h3 class=\"wp-block-heading\">Organizaci\u00f3n de Formaci\u00f3n<a id=\"organizacion\"><\/a><\/h3>\n\n\n\n<p><\/p>\n\n\n\n<p><strong>I Jornada de Calidad Educativa Musical:<\/strong> nuevos enfoques educativos en los conservatorios<\/p>\n\n\n\n<ul class=\"wp-block-list\">\n<li><i><\/i><i>La orientaci\u00f3n acad\u00e9mica y profesional en las ense\u00f1anzas musicales. (Rafael Polanco)<\/i><\/li>\n\n\n\n<li><i><\/i><i>Relaci\u00f3n profesor-alumno en los Conservatorios de M\u00fasica. (Guillermo Dalia)<\/i><\/li>\n\n\n\n<li><i><\/i><i>Las comunidades de aprendizaje y la educaci\u00f3n musical: de las interacciones adaptadoras a las interacciones transformadoras. (Consol Aguilar)<\/i><\/li>\n\n\n\n<li><i><\/i><i>La mejora como reto: tenemos que organizarnos. (Jorge Ant\u00f3n Jornet)<\/i><\/li>\n<\/ul>\n\n\n\n<p><strong>Metodolog\u00eda IEM<\/strong> (Cristina Molina)<\/p>\n\n\n\n<p><strong>Din\u00e1mica de grupos para equipos de alto rendimiento<\/strong> (Vicente L\u00f3pez, Coach)<\/p>\n\n\n\n<p><\/p>\n\n\n\n<hr class=\"wp-block-separator has-alpha-channel-opacity\"\/>\n\n\n\n<h3 class=\"wp-block-heading\">Ponencias y Comunicaciones<a id=\"ponencias\"><\/a><\/h3>\n\n\n\n<p class=\"has-accent-3-background-color has-background\">Esta informaci\u00f3n se actualiza en el apartado de Proyectos (Ponencias).<\/p>\n\n\n\n<p><\/p>\n\n\n\n<hr class=\"wp-block-separator has-alpha-channel-opacity\"\/>\n\n\n\n<h3 class=\"wp-block-heading\">Conferencias<a id=\"conferencias\"><\/a><\/h3>\n\n\n\n<p class=\"has-accent-3-background-color has-background\">Esta informaci\u00f3n se actualiza en el apartado de Proyectos (Conferencias).<\/p>\n\n\n\n<p><\/p>\n\n\n\n<hr class=\"wp-block-separator has-alpha-channel-opacity\"\/>\n\n\n\n<h3 class=\"wp-block-heading\">Publicaciones<a id=\"Publicaciones\"><\/a><\/h3>\n\n\n\n<p><\/p>\n\n\n\n<p><em>La informaci\u00f3n sobre publicaciones cient\u00edficas se actualiza en la secci\u00f3n \u00abInvestigaci\u00f3n\u00bb.<\/em><br><b>COMPOSICIONES<\/b><\/p>\n\n\n\n<ul class=\"wp-block-list\">\n<li>Nebbia. Dos composiciones Musicales. Editado por el Conservatorio Superior de M\u00fasica Salvador Segu\u00ed, en colaboraci\u00f3n con la Editorial Piles. ISBN\/ISMN: 978-84-95026-99-6<\/li>\n<\/ul>\n\n\n\n<p><b>ART\u00cdCULOS DIVULGACI\u00d3N<\/b><\/p>\n\n\n\n<ul class=\"wp-block-list\">\n<li>\u00abDos importantes encuentros en la Comunidad Valenciana: Primer Congreso de Conservatorios Profesionales de M\u00fasica de la Comunidad Valenciana y Primer Simposio Internacional de M\u00fasica y Empleabilidad\u00bb. M\u00fasica y Educaci\u00f3n (ISSN 0214-4786; Dep\u00f3sito legal: Madrid 24.166-1988). Marzo 2013 (Vol. 26, 1, n\u00fam. 93).<\/li>\n\n\n\n<li>\u00abDe incompatibilidades y otras incongruencias\u00bb. M\u00fasica y Educaci\u00f3n (ISSN 0214-4786; Dep\u00f3sito legal: Madrid 24.166-1988). Marzo 2014 (Vol. 27, 1, n\u00fam. 97).<\/li>\n<\/ul>\n\n\n\n<p><b>ART\u00cdCULOS RENOVATORIO<\/b><\/p>\n\n\n\n<ul class=\"wp-block-list\">\n<li>Es presenta Renovatorio, associaci\u00f3 per la dignitat i visibilitat del professorat de m\u00fasica. Revista Allioli de STEPV. N\u00fam 237 \u00c9poca IV Noviembre 2010. ISSN: 1576-0197<\/li>\n\n\n\n<li>Renovatori (presentaci\u00f3n). Revista T.E. de CCOO-PV. N\u00fam 319 Enero 2011. ISSN: 1131-9615<\/li>\n\n\n\n<li>\u201cRenovatorio\u201d. Grupo de trabajo para detectar los vac\u00edos legales de conservatorios de m\u00fasica. Revista Nueva Escuela de ANPE. N\u00ba 134 Febrero 2011. Dep\u00f3sito Legal: V-470.1988<\/li>\n\n\n\n<li>Ense\u00f1anzas Elementales de M\u00fasica.&nbsp;Revista Nueva Escuela de ANPE. N\u00ba 134 Febrero 2011. Dep\u00f3sito Legal: V-470.1988<\/li>\n\n\n\n<li>Qu\u00e8 impliquen les convalidacions entre el batxillerat d\u2019arts o els EP. Revista Allioli de STEPV. N\u00fam 242. \u00c8poca IV Maig 2011. ISSN: 1576-0197<\/li>\n\n\n\n<li>Estudiar m\u00fasica: centres, acc\u00e9s i titulacions\u201d. Revista ARTRES. N\u00fam 17. Centre municipal d\u2019estudis Rafel Mart\u00ed de Viciana. ISSN: 1886-7294<\/li>\n<\/ul>\n\n\n\n<p><b>Colaboraciones<\/b><\/p>\n\n\n\n<ul class=\"wp-block-list\">\n<li>Pr\u00f3logo de Pianistas de Nuestro Tiempo (Caleidoscopio de Entrevistas). Agust\u00edn Manuel Mart\u00ednez, Lulu.com<\/li>\n<\/ul>\n\n\n\n<p><\/p>\n\n\n\n<hr class=\"wp-block-separator has-alpha-channel-opacity\"\/>\n\n\n\n<h3 class=\"wp-block-heading\">Entrevistas<a id=\"Entrevistas\"><\/a><\/h3>\n\n\n\n<p><br>Radio &amp; TV<\/p>\n\n\n\n<ul class=\"wp-block-list\">\n<li>En relaci\u00f3n al concierto de in2pianos | Radio Ebro, Sonidos de Arag\u00f3n 27 de Diciembre de 2011<\/li>\n\n\n\n<li>En relaci\u00f3n al concierto en favor de UNICEF | Cope, 21 de Mayo de 2012<\/li>\n\n\n\n<li>Debate de Educaci\u00f3n Musical | Swing Radio, La br\u00fajula del Canto, 31 de Agosto de 2012<\/li>\n\n\n\n<li>En relaci\u00f3n a la Semana Cultural del Conservatorio | Cadena SER, 11 de Febrero de 2013<\/li>\n\n\n\n<li>Presentaci\u00f3n de la temporada 2013-2014 de la OLCS | Radio Nacional, 25 de Septiembre de 2013<\/li>\n\n\n\n<li>Presentaci\u00f3n de la temporada 2013-2014 de la OLCS | TVCS, Cuaderno en Blanco, 8 de Octubre de 2013<\/li>\n\n\n\n<li>Presentaci\u00f3n de la temporada 2013-2014 de la OLCS | Cadena SER, 22 de Octubre de 2013<\/li>\n<\/ul>\n\n\n\n<p>Prensa &amp; Blogs<\/p>\n\n\n\n<ul class=\"wp-block-list\">\n<li><a href=\"http:\/\/diariodeunamusicologa.com\/2013\/10\/27\/musica-2-0-para-todos-hoy-conocemos-guidoblogs\/\">M\u00fasica 2.0 para todos: Hoy conocemos&nbsp;GuidoBlogs<\/a>&nbsp;| Diario de una Music\u00f3loga (Soraya Bartolom\u00e9) 27 de Octubre de 2013<\/li>\n<\/ul>\n\n\n\n<p><\/p>\n","protected":false},"excerpt":{"rendered":"<p>Director Art\u00edstico del Laboratori de M\u00fasica \u00df, GuidoBlogs, pianista solista y asistente de director de la OLCS y miembro fundador Espai Cl\u00e0ssic. Colaborador de la revista M\u00fasica y Educaci\u00f3n, CEFIRE feria internacional MARTE de Arte Contempor\u00e1neo, revista cultural independiente Nomepierdoniuna, Escuela de Arte y Superior de Dise\u00f1o de Castell\u00f3n, la Jove Orquestra de la Generalitat [&hellip;]<\/p>\n","protected":false},"author":2,"featured_media":0,"parent":0,"menu_order":1,"comment_status":"closed","ping_status":"closed","template":"","meta":{"footnotes":""},"class_list":["post-335","page","type-page","status-publish","hentry"],"jetpack_shortlink":"https:\/\/wp.me\/P2FSry-5p","jetpack-related-posts":[{"id":881,"url":"https:\/\/jlmirall.es\/?page_id=881","url_meta":{"origin":335,"position":0},"title":"M\u00fasica Experimental \/ Arte Sonoro","author":"Oysiao","date":"17 junio, 2018","format":false,"excerpt":"Militante de la creaci\u00f3n actual y m\u00fasica contempor\u00e1nea, desarrollo una labor especializada en la m\u00fasica para piano del s. XX y s. XXI, as\u00ed como la creaci\u00f3n de composiciones propias o la co-creaci\u00f3n\u00a0con otros artistas de diferentes disciplinas mediante partituras gr\u00e1ficas y videoartes. Dada la delgada linea que diferencia las\u2026","rel":"","context":"Entrada similar","block_context":{"text":"Entrada similar","link":""},"img":{"alt_text":"","src":"","width":0,"height":0},"classes":[]},{"id":314,"url":"https:\/\/jlmirall.es\/","url_meta":{"origin":335,"position":1},"title":"Inicio","author":"Miralles","date":"7 julio, 2011","format":false,"excerpt":"Jos\u00e9 Luis Miralles Bono Vila-real, 1985 Piano & Educaci\u00f3n M\u00fasica Experimental & Arte Sonoro \u201csigo con curiosidad e inter\u00e9s sus propuestas art\u00edstico sonoras, y he de decir que veo en todas ellas un entrevere de solidez y audacia, propia de quien carga con una formaci\u00f3n \u2018cl\u00e1sica\u2019, pero se desenvuelve con\u2026","rel":"","context":"Entrada similar","block_context":{"text":"Entrada similar","link":""},"img":{"alt_text":"","src":"https:\/\/i0.wp.com\/jlmirall.es\/wp-content\/uploads\/2011\/07\/Piano-player.jpg?resize=350%2C200&ssl=1","width":350,"height":200,"srcset":"https:\/\/i0.wp.com\/jlmirall.es\/wp-content\/uploads\/2011\/07\/Piano-player.jpg?resize=350%2C200&ssl=1 1x, https:\/\/i0.wp.com\/jlmirall.es\/wp-content\/uploads\/2011\/07\/Piano-player.jpg?resize=525%2C300&ssl=1 1.5x, https:\/\/i0.wp.com\/jlmirall.es\/wp-content\/uploads\/2011\/07\/Piano-player.jpg?resize=700%2C400&ssl=1 2x, https:\/\/i0.wp.com\/jlmirall.es\/wp-content\/uploads\/2011\/07\/Piano-player.jpg?resize=1050%2C600&ssl=1 3x, https:\/\/i0.wp.com\/jlmirall.es\/wp-content\/uploads\/2011\/07\/Piano-player.jpg?resize=1400%2C800&ssl=1 4x"},"classes":[]},{"id":1018,"url":"https:\/\/jlmirall.es\/?page_id=1018","url_meta":{"origin":335,"position":2},"title":"Proyectos educativos con j\u00f3venes","author":"Oysiao","date":"27 julio, 2018","format":false,"excerpt":"Como parte de mi inquietud por la educaci\u00f3n y la ense\u00f1anza, he desarrollado diversos workshops y proyectos pedag\u00f3gicos dentro y fuera de las aulas de educaci\u00f3n reglada que van m\u00e1s all\u00e1 de la docencia habitual con los alumnos. Los workshops son talleres puntuales de uno o varios d\u00edas, mientras que\u2026","rel":"","context":"Entrada similar","block_context":{"text":"Entrada similar","link":""},"img":{"alt_text":"","src":"https:\/\/i0.wp.com\/jlmirall.es\/wp-content\/uploads\/2024\/02\/eacc.gif?resize=350%2C200&ssl=1","width":350,"height":200,"srcset":"https:\/\/i0.wp.com\/jlmirall.es\/wp-content\/uploads\/2024\/02\/eacc.gif?resize=350%2C200&ssl=1 1x, https:\/\/i0.wp.com\/jlmirall.es\/wp-content\/uploads\/2024\/02\/eacc.gif?resize=525%2C300&ssl=1 1.5x, https:\/\/i0.wp.com\/jlmirall.es\/wp-content\/uploads\/2024\/02\/eacc.gif?resize=700%2C400&ssl=1 2x"},"classes":[]},{"id":977,"url":"https:\/\/jlmirall.es\/?page_id=977","url_meta":{"origin":335,"position":3},"title":"Prensa","author":"Oysiao","date":"18 junio, 2018","format":false,"excerpt":"Jos\u00e9 Luis Miralles: \"La noche es oscura y alberga horrores\" | nomepierdoniuna Entre el piano de Jos\u00e9 Luis Miralles y las im\u00e1genes de la EASD surgi\u00f3 el emotivo homenaje a Vicent Vidal | nomepierdoniuna Las creaciones experimentales al piano de Jos\u00e9 Luis Miralles y las piezas de cer\u00e1mica y vidrio\u2026","rel":"","context":"Entrada similar","block_context":{"text":"Entrada similar","link":""},"img":{"alt_text":"","src":"","width":0,"height":0},"classes":[]},{"id":684,"url":"https:\/\/jlmirall.es\/?page_id=684","url_meta":{"origin":335,"position":4},"title":"Publicaciones","author":"Oysiao","date":"11 febrero, 2016","format":false,"excerpt":"Al final de cada art\u00edculo se pueden encontrar links a\u00a0las p\u00e1ginas web de la UJI (Universitat Jaume I) y ResearchGate para aquellos que est\u00e1n disponibles. 2024 Miralles-Bono, J. L. (2024). Planificaci\u00f3n Inteligente para resultados no artificiales.\u00a0Eufon\u00eda: did\u00e1ctica de la m\u00fasica,\u00a0101, 14-19. Miralles-Bono, J. L. (2024). Another AI-generated Chopin nocturne? Better\u2026","rel":"","context":"Entrada similar","block_context":{"text":"Entrada similar","link":""},"img":{"alt_text":"Captura de pantalla 2016-03-02 a les 14.59.46","src":"https:\/\/i0.wp.com\/jlmirall.es\/wp-content\/uploads\/2016\/02\/Captura-de-pantalla-2016-03-02-a-les-14.59.46.png?resize=350%2C200","width":350,"height":200},"classes":[]},{"id":21,"url":"https:\/\/jlmirall.es\/?page_id=21","url_meta":{"origin":335,"position":5},"title":"Blogs","author":"Oysiao","date":"19 agosto, 2012","format":false,"excerpt":"Desde siempre he considerado que los blogs son una herramienta \u00fatil de reflexi\u00f3n colectiva, m\u00e1s all\u00e1 de la inmediatez de las actuales redes sociales. Por eso he creado muchos blog con diferentes fines. Aunque actualmente algunos ya no existen o no est\u00e1n activos, quiero dejar este peque\u00f1o espacio para su\u2026","rel":"","context":"Entrada similar","block_context":{"text":"Entrada similar","link":""},"img":{"alt_text":"","src":"https:\/\/i0.wp.com\/jlmirall.es\/wp-content\/uploads\/2024\/02\/B4131554-B31B-4AE8-923F-7442C758D601.png.webp?resize=350%2C200&ssl=1","width":350,"height":200,"srcset":"https:\/\/i0.wp.com\/jlmirall.es\/wp-content\/uploads\/2024\/02\/B4131554-B31B-4AE8-923F-7442C758D601.png.webp?resize=350%2C200&ssl=1 1x, https:\/\/i0.wp.com\/jlmirall.es\/wp-content\/uploads\/2024\/02\/B4131554-B31B-4AE8-923F-7442C758D601.png.webp?resize=525%2C300&ssl=1 1.5x, https:\/\/i0.wp.com\/jlmirall.es\/wp-content\/uploads\/2024\/02\/B4131554-B31B-4AE8-923F-7442C758D601.png.webp?resize=700%2C400&ssl=1 2x"},"classes":[]}],"jetpack_sharing_enabled":true,"_links":{"self":[{"href":"https:\/\/jlmirall.es\/index.php?rest_route=\/wp\/v2\/pages\/335","targetHints":{"allow":["GET"]}}],"collection":[{"href":"https:\/\/jlmirall.es\/index.php?rest_route=\/wp\/v2\/pages"}],"about":[{"href":"https:\/\/jlmirall.es\/index.php?rest_route=\/wp\/v2\/types\/page"}],"author":[{"embeddable":true,"href":"https:\/\/jlmirall.es\/index.php?rest_route=\/wp\/v2\/users\/2"}],"replies":[{"embeddable":true,"href":"https:\/\/jlmirall.es\/index.php?rest_route=%2Fwp%2Fv2%2Fcomments&post=335"}],"version-history":[{"count":90,"href":"https:\/\/jlmirall.es\/index.php?rest_route=\/wp\/v2\/pages\/335\/revisions"}],"predecessor-version":[{"id":2657,"href":"https:\/\/jlmirall.es\/index.php?rest_route=\/wp\/v2\/pages\/335\/revisions\/2657"}],"wp:attachment":[{"href":"https:\/\/jlmirall.es\/index.php?rest_route=%2Fwp%2Fv2%2Fmedia&parent=335"}],"curies":[{"name":"wp","href":"https:\/\/api.w.org\/{rel}","templated":true}]}}