{"id":314,"date":"2011-07-07T13:17:05","date_gmt":"2011-07-07T13:17:05","guid":{"rendered":"http:\/\/curtziegler.com\/sitedemo\/mono-dev\/?page_id=65"},"modified":"2025-09-03T07:44:10","modified_gmt":"2025-09-03T05:44:10","slug":"home","status":"publish","type":"page","link":"https:\/\/jlmirall.es\/","title":{"rendered":"Inicio"},"content":{"rendered":"\n<h1 class=\"wp-block-heading has-text-align-center has-xx-large-font-size\">Jos\u00e9 Luis Miralles Bono<\/h1>\n\n\n\n<p class=\"has-text-align-center\"><em>Vila-real, 1985<\/em><\/p>\n\n\n\n<h1 class=\"wp-block-heading has-text-align-center\" style=\"font-size:clamp(27.894px, 1.743rem + ((1vw - 3.2px) * 2.094), 48px);\">Piano &amp; Educaci\u00f3n<\/h1>\n\n\n\n<h1 class=\"wp-block-heading has-text-align-center\" style=\"font-size:clamp(27.894px, 1.743rem + ((1vw - 3.2px) * 2.094), 48px);\">M\u00fasica Experimental &amp; Arte Sonoro<\/h1>\n\n\n\n<figure class=\"wp-block-image aligncenter size-large is-resized\"><a href=\"https:\/\/i0.wp.com\/jlmirall.es\/wp-content\/uploads\/2011\/07\/Piano-player.jpg?ssl=1\"><img data-recalc-dims=\"1\" loading=\"lazy\" decoding=\"async\" width=\"1024\" height=\"1024\" data-attachment-id=\"1034\" data-permalink=\"https:\/\/jlmirall.es\/?attachment_id=1034\" data-orig-file=\"https:\/\/i0.wp.com\/jlmirall.es\/wp-content\/uploads\/2011\/07\/Piano-player.jpg?fit=1600%2C1600&amp;ssl=1\" data-orig-size=\"1600,1600\" data-comments-opened=\"0\" data-image-meta=\"{&quot;aperture&quot;:&quot;0&quot;,&quot;credit&quot;:&quot;&quot;,&quot;camera&quot;:&quot;&quot;,&quot;caption&quot;:&quot;&quot;,&quot;created_timestamp&quot;:&quot;0&quot;,&quot;copyright&quot;:&quot;&quot;,&quot;focal_length&quot;:&quot;0&quot;,&quot;iso&quot;:&quot;0&quot;,&quot;shutter_speed&quot;:&quot;0&quot;,&quot;title&quot;:&quot;&quot;,&quot;orientation&quot;:&quot;0&quot;}\" data-image-title=\"Piano player\" data-image-description=\"\" data-image-caption=\"\" data-large-file=\"https:\/\/i0.wp.com\/jlmirall.es\/wp-content\/uploads\/2011\/07\/Piano-player.jpg?fit=1024%2C1024&amp;ssl=1\" src=\"https:\/\/i0.wp.com\/jlmirall.es\/wp-content\/uploads\/2011\/07\/Piano-player.jpg?resize=1024%2C1024&#038;ssl=1\" alt=\"\" class=\"wp-image-1034\" style=\"width:339px;height:auto\" srcset=\"https:\/\/i0.wp.com\/jlmirall.es\/wp-content\/uploads\/2011\/07\/Piano-player.jpg?resize=1024%2C1024&amp;ssl=1 1024w, https:\/\/i0.wp.com\/jlmirall.es\/wp-content\/uploads\/2011\/07\/Piano-player.jpg?resize=150%2C150&amp;ssl=1 150w, https:\/\/i0.wp.com\/jlmirall.es\/wp-content\/uploads\/2011\/07\/Piano-player.jpg?resize=300%2C300&amp;ssl=1 300w, https:\/\/i0.wp.com\/jlmirall.es\/wp-content\/uploads\/2011\/07\/Piano-player.jpg?resize=768%2C768&amp;ssl=1 768w, https:\/\/i0.wp.com\/jlmirall.es\/wp-content\/uploads\/2011\/07\/Piano-player.jpg?resize=125%2C125&amp;ssl=1 125w, https:\/\/i0.wp.com\/jlmirall.es\/wp-content\/uploads\/2011\/07\/Piano-player.jpg?resize=642%2C642&amp;ssl=1 642w, https:\/\/i0.wp.com\/jlmirall.es\/wp-content\/uploads\/2011\/07\/Piano-player.jpg?resize=978%2C978&amp;ssl=1 978w, https:\/\/i0.wp.com\/jlmirall.es\/wp-content\/uploads\/2011\/07\/Piano-player.jpg?w=1600&amp;ssl=1 1600w\" sizes=\"auto, (max-width: 1000px) 100vw, 1000px\" \/><\/a><\/figure>\n\n\n\n<blockquote class=\"wp-block-quote is-layout-flow wp-block-quote-is-layout-flow\">\n<p><strong><em>\u201csigo con curiosidad e inter\u00e9s sus propuestas art\u00edstico sonoras, y he de decir que veo en todas ellas un entrevere de solidez y audacia, propia de quien carga con una formaci\u00f3n \u2018cl\u00e1sica\u2019, pero se desenvuelve con soltura en los terrenos intermedia, en su caso, en la estela de Scriabin, Dick Higgins (fluxus), o \u2013 mutatis mutandis \u2013 de su paisano Carles Santos.\u201d<\/em><\/strong><\/p>\n<cite>Lloren\u00e7 Barber, 2020<\/cite><\/blockquote>\n\n\n\n<figure class=\"wp-block-image aligncenter size-large is-resized\"><a href=\"https:\/\/i0.wp.com\/jlmirall.es\/wp-content\/uploads\/2024\/02\/IMG_0511.jpg?ssl=1\"><img data-recalc-dims=\"1\" loading=\"lazy\" decoding=\"async\" width=\"1024\" height=\"1024\" data-attachment-id=\"1490\" data-permalink=\"https:\/\/jlmirall.es\/?attachment_id=1490\" data-orig-file=\"https:\/\/i0.wp.com\/jlmirall.es\/wp-content\/uploads\/2024\/02\/IMG_0511.jpg?fit=2048%2C2048&amp;ssl=1\" data-orig-size=\"2048,2048\" data-comments-opened=\"0\" data-image-meta=\"{&quot;aperture&quot;:&quot;0&quot;,&quot;credit&quot;:&quot;&quot;,&quot;camera&quot;:&quot;&quot;,&quot;caption&quot;:&quot;&quot;,&quot;created_timestamp&quot;:&quot;1627321001&quot;,&quot;copyright&quot;:&quot;&quot;,&quot;focal_length&quot;:&quot;0&quot;,&quot;iso&quot;:&quot;0&quot;,&quot;shutter_speed&quot;:&quot;0&quot;,&quot;title&quot;:&quot;&quot;,&quot;orientation&quot;:&quot;1&quot;}\" data-image-title=\"IMG_0511\" data-image-description=\"\" data-image-caption=\"\" data-large-file=\"https:\/\/i0.wp.com\/jlmirall.es\/wp-content\/uploads\/2024\/02\/IMG_0511.jpg?fit=1024%2C1024&amp;ssl=1\" src=\"https:\/\/i0.wp.com\/jlmirall.es\/wp-content\/uploads\/2024\/02\/IMG_0511.jpg?resize=1024%2C1024&#038;ssl=1\" alt=\"\" class=\"wp-image-1490\" style=\"width:317px;height:auto\" srcset=\"https:\/\/i0.wp.com\/jlmirall.es\/wp-content\/uploads\/2024\/02\/IMG_0511.jpg?resize=1024%2C1024&amp;ssl=1 1024w, https:\/\/i0.wp.com\/jlmirall.es\/wp-content\/uploads\/2024\/02\/IMG_0511.jpg?resize=300%2C300&amp;ssl=1 300w, https:\/\/i0.wp.com\/jlmirall.es\/wp-content\/uploads\/2024\/02\/IMG_0511.jpg?resize=150%2C150&amp;ssl=1 150w, https:\/\/i0.wp.com\/jlmirall.es\/wp-content\/uploads\/2024\/02\/IMG_0511.jpg?resize=768%2C768&amp;ssl=1 768w, https:\/\/i0.wp.com\/jlmirall.es\/wp-content\/uploads\/2024\/02\/IMG_0511.jpg?resize=1536%2C1536&amp;ssl=1 1536w, https:\/\/i0.wp.com\/jlmirall.es\/wp-content\/uploads\/2024\/02\/IMG_0511.jpg?resize=50%2C50&amp;ssl=1 50w, https:\/\/i0.wp.com\/jlmirall.es\/wp-content\/uploads\/2024\/02\/IMG_0511.jpg?w=2048&amp;ssl=1 2048w\" sizes=\"auto, (max-width: 1000px) 100vw, 1000px\" \/><\/a><\/figure>\n\n\n\n<blockquote class=\"wp-block-quote is-layout-flow wp-block-quote-is-layout-flow\">\n<p><em><strong>\u201cCon una depurada t\u00e9cnica al piano adquirida en la m\u00fasica cl\u00e1sica y unas inquietudes creativas propias asumidas a trav\u00e9s de creadores contempor\u00e1neos, el vila-realense Jos\u00e9 Luis Miralles gusta de asumir riesgos, enfrentarse a las partituras gr\u00e1ficas, afrontar el reto de la improvisaci\u00f3n, pulsar teclas y pinzar cuerdas, utilizar efectos de sonido, loops, tornillos, gomas\u2026 abrir caminos.\u201d<\/strong><\/em><\/p>\n<cite>NoMepierdoNiUna, 2018<\/cite><\/blockquote>\n\n\n\n<h2 class=\"wp-block-heading\"><strong>Titulaciones<\/strong><\/h2>\n\n\n\n<ul class=\"wp-block-list\">\n<li>Doctor en Educaci\u00f3n (Universitat Jaume I, 2023)<\/li>\n<\/ul>\n\n\n\n<ul class=\"wp-block-list\">\n<li>Master en Psicolog\u00eda para M\u00fasicos (UNED, 2022)<\/li>\n\n\n\n<li>Master en Gesti\u00f3n y Direcci\u00f3n de Centros Docentes (UCHCEU, 2015)<\/li>\n\n\n\n<li>Master en M\u00fasica: Especialidad M\u00fasica Contempor\u00e1nea (UPV, 2007)<\/li>\n\n\n\n<li>Master en Arte Sonoro (UB, 2025)<\/li>\n\n\n\n<li>Curso de Aptitud Pedag\u00f3gica (UV, 2008)<\/li>\n<\/ul>\n\n\n\n<ul class=\"wp-block-list\">\n<li>T\u00edtulo Superior de Composici\u00f3n (CSMC \u00abSalvador Segu\u00ed\u00bb, 2008)<\/li>\n\n\n\n<li>T\u00edtulo Superior de Piano (CSMC \u00abSalvador Segu\u00ed\u00bb, 2006)<\/li>\n<\/ul>\n\n\n\n<h2 class=\"wp-block-heading\"><strong>Docencia<\/strong><\/h2>\n\n\n\n<p>Profesor de piano por oposici\u00f3n (2008) imparte las asignaturas de Piano, Introducci\u00f3n a la Pedagog\u00eda Musical y Fundamentos de Inform\u00e1tica Musical en el Conservatorio Profesional de M\u00fasica \u00abMestre T\u00e0rrega\u00bb de Castell\u00f3n. Tambi\u00e9n ha impartido clase en la Universitat Jaume I de Castell\u00f3n en el M\u00e1ster de Did\u00e1ctica de la M\u00fasica para formaci\u00f3n del profesorado de Conservatorios, as\u00ed como en los Grados de Maestro\/a en Educaci\u00f3n Infantil y Primaria; y en ESMAR (Escuela Superior de M\u00fasica de Alto Rendimiento de Valencia) en el \u00abM\u00e1ster en ense\u00f1anzas art\u00edsticas de interpretaci\u00f3n musical avanzada e investigaci\u00f3n aplicada a la pr\u00e1ctica musical\u00bb y en las asignaturas de la titulaci\u00f3n superior de Pedagog\u00eda.<\/p>\n\n\n\n<p>Tambi\u00e9n es habitualmente formador en los centros de formaci\u00f3n del profesorado en tem\u00e1ticas relacionadas con la Programaci\u00f3n Did\u00e1ctica, la aplicaci\u00f3n de las Nuevas Tecnolog\u00edas a la ense\u00f1anza musical de conservatorios.<\/p>\n\n\n\n<h2 class=\"wp-block-heading\"><strong>Algunos Proyectos Art\u00edsticos<\/strong><\/h2>\n\n\n\n<ul class=\"wp-block-list\">\n<li>LA RE MI LA (transformaci\u00f3n de un videoarte de Carles Santos en filtros de Instagram): premiado en CulturaOnline (2023): <a href=\"https:\/\/culturaonline.consorcimuseus.gva.es\/jose-luis-miralles-bono\/\" target=\"_blank\" rel=\"noreferrer noopener\">https:\/\/culturaonline.consorcimuseus.gva.es\/jose-luis-miralles-bono\/<\/a><\/li>\n\n\n\n<li>i Carles esdevingu\u00e9 piano (piano virtual sampleado a partir de fonemas de Carles Santos + documental del proceso): premiado en CulturaOnline (2020): <a href=\"https:\/\/culturaonline.consorcimuseus.gva.es\/jose-luis-miralles\/\" target=\"_blank\" rel=\"noreferrer noopener\">https:\/\/culturaonline.consorcimuseus.gva.es\/jose-luis-miralles\/<\/a><\/li>\n\n\n\n<li>MiralleSantos (concierto monogr\u00e1fico de recuperaci\u00f3n de obras pian\u00edsticas de Carles Santos + interpretaci\u00f3n electr\u00f3nica de \u00aba Santos\u00bb)<\/li>\n\n\n\n<li>Beyond the Piano (re-interpretaci\u00f3n de m\u00fasica para piano del s. XX con electr\u00f3nica en vivo): <a href=\"https:\/\/www.youtube.com\/playlist?list=PLyTTYyNNJnhZjGn4AMQk-_SVYn5-mafLD\" target=\"_blank\" rel=\"noreferrer noopener\">https:\/\/www.youtube.com\/playlist?list=PLyTTYyNNJnhZjGn4AMQk-_SVYn5-mafLD<\/a><\/li>\n\n\n\n<li>Sonotrazos (partituras gr\u00e1ficas): <a href=\"https:\/\/www.youtube.com\/playlist?list=PLyTTYyNNJnhaL3eSwQC7WVnrhSvC3vUFD\" target=\"_blank\" rel=\"noreferrer noopener\">https:\/\/www.youtube.com\/playlist?list=PLyTTYyNNJnhaL3eSwQC7WVnrhSvC3vUFD<\/a><\/li>\n\n\n\n<li>Laboratori de M\u00fasica \u00df (direcci\u00f3n musical y art\u00edstica de un grupo de alumnos): <a href=\"https:\/\/www.youtube.com\/playlist?list=PLyTTYyNNJnhYeScM7WfQ_gCrcZVqhc2Pb\" target=\"_blank\" rel=\"noreferrer noopener\">https:\/\/www.youtube.com\/playlist?list=PLyTTYyNNJnhYeScM7WfQ_gCrcZVqhc2Pb<\/a><\/li>\n\n\n\n<li>.N20 (recuperaci\u00f3n del estudio para pianola n.20 de Conlon Nancarrow): <a href=\"https:\/\/www.youtube.com\/watch?v=0ES6X4gWajk\" target=\"_blank\" rel=\"noreferrer noopener\">https:\/\/www.youtube.com\/watch?v=0ES6X4gWajk<\/a><\/li>\n<\/ul>\n","protected":false},"excerpt":{"rendered":"<p>Jos\u00e9 Luis Miralles Bono Vila-real, 1985 Piano &amp; Educaci\u00f3n M\u00fasica Experimental &amp; Arte Sonoro \u201csigo con curiosidad e inter\u00e9s sus propuestas art\u00edstico sonoras, y he de decir que veo en todas ellas un entrevere de solidez y audacia, propia de quien carga con una formaci\u00f3n \u2018cl\u00e1sica\u2019, pero se desenvuelve con soltura en los terrenos intermedia, [&hellip;]<\/p>\n","protected":false},"author":2,"featured_media":0,"parent":0,"menu_order":0,"comment_status":"closed","ping_status":"closed","template":"templates\/template-full-width.php","meta":{"footnotes":""},"class_list":["post-314","page","type-page","status-publish","hentry"],"jetpack_shortlink":"https:\/\/wp.me\/P2FSry-54","jetpack-related-posts":[{"id":977,"url":"https:\/\/jlmirall.es\/?page_id=977","url_meta":{"origin":314,"position":0},"title":"Prensa","author":"Oysiao","date":"18 junio, 2018","format":false,"excerpt":"Jos\u00e9 Luis Miralles: \"La noche es oscura y alberga horrores\" | nomepierdoniuna Entre el piano de Jos\u00e9 Luis Miralles y las im\u00e1genes de la EASD surgi\u00f3 el emotivo homenaje a Vicent Vidal | nomepierdoniuna Las creaciones experimentales al piano de Jos\u00e9 Luis Miralles y las piezas de cer\u00e1mica y vidrio\u2026","rel":"","context":"Entrada similar","block_context":{"text":"Entrada similar","link":""},"img":{"alt_text":"","src":"","width":0,"height":0},"classes":[]},{"id":684,"url":"https:\/\/jlmirall.es\/?page_id=684","url_meta":{"origin":314,"position":1},"title":"Publicaciones","author":"Oysiao","date":"11 febrero, 2016","format":false,"excerpt":"Al final de cada art\u00edculo se pueden encontrar links a\u00a0las p\u00e1ginas web de la UJI (Universitat Jaume I) y ResearchGate para aquellos que est\u00e1n disponibles. 2024 Miralles-Bono, J. L. (2024). Planificaci\u00f3n Inteligente para resultados no artificiales.\u00a0Eufon\u00eda: did\u00e1ctica de la m\u00fasica,\u00a0101, 14-19. Miralles-Bono, J. L. (2024). Another AI-generated Chopin nocturne? Better\u2026","rel":"","context":"Entrada similar","block_context":{"text":"Entrada similar","link":""},"img":{"alt_text":"Captura de pantalla 2016-03-02 a les 14.59.46","src":"https:\/\/i0.wp.com\/jlmirall.es\/wp-content\/uploads\/2016\/02\/Captura-de-pantalla-2016-03-02-a-les-14.59.46.png?resize=350%2C200","width":350,"height":200},"classes":[]},{"id":682,"url":"https:\/\/jlmirall.es\/?page_id=682","url_meta":{"origin":314,"position":2},"title":"Perfil Investigador","author":"Oysiao","date":"11 febrero, 2016","format":false,"excerpt":"Nombre normalizado: Jos\u00e9 Luis Miralles-Bono ORCID Perfil en Research Gate Repositorio de la Universitat Jaume I Ha pertenecido a los siguientes comit\u00e9s: 2017 |\u00a0XXVII Jornadas Estatales del Foro Europeo de Administradores de la Educaci\u00f3n-FEAE Direcci\u00f3n y Liderazgo en Centros Educativos - Comit\u00e9 Organizador 2017 |\u00a0II Jornadas de Did\u00e1ctica de la\u2026","rel":"","context":"Entrada similar","block_context":{"text":"Entrada similar","link":""},"img":{"alt_text":"logo orcid","src":"https:\/\/i0.wp.com\/jlmirall.es\/wp-content\/uploads\/2016\/02\/logo-orcid.png?resize=350%2C200","width":350,"height":200},"classes":[]},{"id":881,"url":"https:\/\/jlmirall.es\/?page_id=881","url_meta":{"origin":314,"position":3},"title":"M\u00fasica Experimental \/ Arte Sonoro","author":"Oysiao","date":"17 junio, 2018","format":false,"excerpt":"Militante de la creaci\u00f3n actual y m\u00fasica contempor\u00e1nea, desarrollo una labor especializada en la m\u00fasica para piano del s. XX y s. XXI, as\u00ed como la creaci\u00f3n de composiciones propias o la co-creaci\u00f3n\u00a0con otros artistas de diferentes disciplinas mediante partituras gr\u00e1ficas y videoartes. Dada la delgada linea que diferencia las\u2026","rel":"","context":"Entrada similar","block_context":{"text":"Entrada similar","link":""},"img":{"alt_text":"","src":"","width":0,"height":0},"classes":[]},{"id":335,"url":"https:\/\/jlmirall.es\/?page_id=335","url_meta":{"origin":314,"position":4},"title":"Curr\u00edculum ampliado","author":"Miralles","date":"8 julio, 2011","format":false,"excerpt":"Director Art\u00edstico del Laboratori de M\u00fasica \u00df, GuidoBlogs, pianista solista y asistente de director de la OLCS y miembro fundador Espai Cl\u00e0ssic. Colaborador de la revista M\u00fasica y Educaci\u00f3n, CEFIRE feria internacional MARTE de Arte Contempor\u00e1neo, revista cultural independiente Nomepierdoniuna, Escuela de Arte y Superior de Dise\u00f1o de Castell\u00f3n, la\u2026","rel":"","context":"Entrada similar","block_context":{"text":"Entrada similar","link":""},"img":{"alt_text":"","src":"","width":0,"height":0},"classes":[]},{"id":1018,"url":"https:\/\/jlmirall.es\/?page_id=1018","url_meta":{"origin":314,"position":5},"title":"Proyectos educativos con j\u00f3venes","author":"Oysiao","date":"27 julio, 2018","format":false,"excerpt":"Como parte de mi inquietud por la educaci\u00f3n y la ense\u00f1anza, he desarrollado diversos workshops y proyectos pedag\u00f3gicos dentro y fuera de las aulas de educaci\u00f3n reglada que van m\u00e1s all\u00e1 de la docencia habitual con los alumnos. Los workshops son talleres puntuales de uno o varios d\u00edas, mientras que\u2026","rel":"","context":"Entrada similar","block_context":{"text":"Entrada similar","link":""},"img":{"alt_text":"","src":"https:\/\/i0.wp.com\/jlmirall.es\/wp-content\/uploads\/2024\/02\/eacc.gif?resize=350%2C200&ssl=1","width":350,"height":200,"srcset":"https:\/\/i0.wp.com\/jlmirall.es\/wp-content\/uploads\/2024\/02\/eacc.gif?resize=350%2C200&ssl=1 1x, https:\/\/i0.wp.com\/jlmirall.es\/wp-content\/uploads\/2024\/02\/eacc.gif?resize=525%2C300&ssl=1 1.5x, https:\/\/i0.wp.com\/jlmirall.es\/wp-content\/uploads\/2024\/02\/eacc.gif?resize=700%2C400&ssl=1 2x"},"classes":[]}],"jetpack_sharing_enabled":true,"_links":{"self":[{"href":"https:\/\/jlmirall.es\/index.php?rest_route=\/wp\/v2\/pages\/314","targetHints":{"allow":["GET"]}}],"collection":[{"href":"https:\/\/jlmirall.es\/index.php?rest_route=\/wp\/v2\/pages"}],"about":[{"href":"https:\/\/jlmirall.es\/index.php?rest_route=\/wp\/v2\/types\/page"}],"author":[{"embeddable":true,"href":"https:\/\/jlmirall.es\/index.php?rest_route=\/wp\/v2\/users\/2"}],"replies":[{"embeddable":true,"href":"https:\/\/jlmirall.es\/index.php?rest_route=%2Fwp%2Fv2%2Fcomments&post=314"}],"version-history":[{"count":98,"href":"https:\/\/jlmirall.es\/index.php?rest_route=\/wp\/v2\/pages\/314\/revisions"}],"predecessor-version":[{"id":4050,"href":"https:\/\/jlmirall.es\/index.php?rest_route=\/wp\/v2\/pages\/314\/revisions\/4050"}],"wp:attachment":[{"href":"https:\/\/jlmirall.es\/index.php?rest_route=%2Fwp%2Fv2%2Fmedia&parent=314"}],"curies":[{"name":"wp","href":"https:\/\/api.w.org\/{rel}","templated":true}]}}