{"id":21,"date":"2012-08-19T12:41:36","date_gmt":"2012-08-19T12:41:36","guid":{"rendered":"http:\/\/jlmirall.es\/?page_id=21"},"modified":"2024-02-13T11:05:12","modified_gmt":"2024-02-13T10:05:12","slug":"blogs","status":"publish","type":"page","link":"https:\/\/jlmirall.es\/?page_id=21","title":{"rendered":"Blogs"},"content":{"rendered":"\n<p>Desde siempre he considerado que los blogs son una herramienta \u00fatil de reflexi\u00f3n colectiva, m\u00e1s all\u00e1 de la inmediatez de las actuales redes sociales. Por eso he creado muchos blog con diferentes fines. Aunque actualmente algunos ya no existen o no est\u00e1n activos, quiero dejar este peque\u00f1o espacio para su memoria.<\/p>\n\n\n\n<h2 class=\"wp-block-heading\">Blogs de reflexi\u00f3n<\/h2>\n\n\n\n<div class=\"wp-block-media-text is-stacked-on-mobile\" style=\"grid-template-columns:23% auto\"><figure class=\"wp-block-media-text__media\"><a href=\"https:\/\/elpulpoenelvaso.jlmirall.es\" target=\"_blank\" rel=\"noreferrer noopener\"><img data-recalc-dims=\"1\" loading=\"lazy\" decoding=\"async\" width=\"768\" height=\"768\" data-attachment-id=\"1508\" data-permalink=\"https:\/\/jlmirall.es\/?attachment_id=1508\" data-orig-file=\"https:\/\/i0.wp.com\/jlmirall.es\/wp-content\/uploads\/2024\/02\/B4131554-B31B-4AE8-923F-7442C758D601.png.webp?fit=768%2C768&amp;ssl=1\" data-orig-size=\"768,768\" data-comments-opened=\"0\" data-image-meta=\"{&quot;aperture&quot;:&quot;0&quot;,&quot;credit&quot;:&quot;&quot;,&quot;camera&quot;:&quot;&quot;,&quot;caption&quot;:&quot;&quot;,&quot;created_timestamp&quot;:&quot;0&quot;,&quot;copyright&quot;:&quot;&quot;,&quot;focal_length&quot;:&quot;0&quot;,&quot;iso&quot;:&quot;0&quot;,&quot;shutter_speed&quot;:&quot;0&quot;,&quot;title&quot;:&quot;&quot;,&quot;orientation&quot;:&quot;0&quot;}\" data-image-title=\"B4131554-B31B-4AE8-923F-7442C758D601.png\" data-image-description=\"\" data-image-caption=\"\" data-large-file=\"https:\/\/i0.wp.com\/jlmirall.es\/wp-content\/uploads\/2024\/02\/B4131554-B31B-4AE8-923F-7442C758D601.png.webp?fit=768%2C768&amp;ssl=1\" src=\"https:\/\/i0.wp.com\/jlmirall.es\/wp-content\/uploads\/2024\/02\/B4131554-B31B-4AE8-923F-7442C758D601.png.webp?resize=768%2C768&#038;ssl=1\" alt=\"\" class=\"wp-image-1508 size-full\" srcset=\"https:\/\/i0.wp.com\/jlmirall.es\/wp-content\/uploads\/2024\/02\/B4131554-B31B-4AE8-923F-7442C758D601.png.webp?w=768&amp;ssl=1 768w, https:\/\/i0.wp.com\/jlmirall.es\/wp-content\/uploads\/2024\/02\/B4131554-B31B-4AE8-923F-7442C758D601.png.webp?resize=300%2C300&amp;ssl=1 300w, https:\/\/i0.wp.com\/jlmirall.es\/wp-content\/uploads\/2024\/02\/B4131554-B31B-4AE8-923F-7442C758D601.png.webp?resize=150%2C150&amp;ssl=1 150w, https:\/\/i0.wp.com\/jlmirall.es\/wp-content\/uploads\/2024\/02\/B4131554-B31B-4AE8-923F-7442C758D601.png.webp?resize=50%2C50&amp;ssl=1 50w\" sizes=\"auto, (max-width: 768px) 100vw, 768px\" \/><\/a><\/figure><div class=\"wp-block-media-text__content\">\n<p><strong>El Pulpo en el Vaso<\/strong>, es mi actual blog de reflexi\u00f3n sobre m\u00fasica y educaci\u00f3n desde 2022.<\/p>\n<\/div><\/div>\n\n\n\n<div class=\"wp-block-media-text is-stacked-on-mobile is-style-default\" style=\"grid-template-columns:40% auto\"><figure class=\"wp-block-media-text__media\"><a href=\"https:\/\/oysiao.jlmirall.es\" target=\"_blank\" rel=\"noreferrer noopener\"><img data-recalc-dims=\"1\" loading=\"lazy\" decoding=\"async\" width=\"424\" height=\"122\" data-attachment-id=\"699\" data-permalink=\"https:\/\/jlmirall.es\/?attachment_id=699\" data-orig-file=\"https:\/\/i0.wp.com\/jlmirall.es\/wp-content\/uploads\/2016\/03\/oysi.png?fit=424%2C122&amp;ssl=1\" data-orig-size=\"424,122\" data-comments-opened=\"0\" data-image-meta=\"{&quot;aperture&quot;:&quot;0&quot;,&quot;credit&quot;:&quot;&quot;,&quot;camera&quot;:&quot;&quot;,&quot;caption&quot;:&quot;&quot;,&quot;created_timestamp&quot;:&quot;0&quot;,&quot;copyright&quot;:&quot;&quot;,&quot;focal_length&quot;:&quot;0&quot;,&quot;iso&quot;:&quot;0&quot;,&quot;shutter_speed&quot;:&quot;0&quot;,&quot;title&quot;:&quot;&quot;,&quot;orientation&quot;:&quot;0&quot;}\" data-image-title=\"oysi\" data-image-description=\"\" data-image-caption=\"\" data-large-file=\"https:\/\/i0.wp.com\/jlmirall.es\/wp-content\/uploads\/2016\/03\/oysi.png?fit=424%2C122&amp;ssl=1\" src=\"https:\/\/i0.wp.com\/jlmirall.es\/wp-content\/uploads\/2016\/03\/oysi.png?resize=424%2C122&#038;ssl=1\" alt=\"\" class=\"wp-image-699 size-full\" srcset=\"https:\/\/i0.wp.com\/jlmirall.es\/wp-content\/uploads\/2016\/03\/oysi.png?w=424&amp;ssl=1 424w, https:\/\/i0.wp.com\/jlmirall.es\/wp-content\/uploads\/2016\/03\/oysi.png?resize=300%2C86&amp;ssl=1 300w\" sizes=\"auto, (max-width: 424px) 100vw, 424px\" \/><\/a><\/figure><div class=\"wp-block-media-text__content\">\n<p>En marcha desde el 2008 hasta el 2022,\u00a0<strong>Oysiao en el Oasis<\/strong> ha sido un blog de referencia para la reflexi\u00f3n y debate sobre la educaci\u00f3n y los conservatorios. <\/p>\n<\/div><\/div>\n\n\n\n<h2 class=\"wp-block-heading\">Blogs de Proyectos Art\u00edsticos Propios<\/h2>\n\n\n\n<div class=\"wp-block-media-text is-stacked-on-mobile\" style=\"grid-template-columns:23% auto\"><figure class=\"wp-block-media-text__media\"><a href=\"https:\/\/beyondthepiano.jlmirall.es\" target=\"_blank\" rel=\"noreferrer noopener\"><img data-recalc-dims=\"1\" loading=\"lazy\" decoding=\"async\" width=\"512\" height=\"512\" data-attachment-id=\"1091\" data-permalink=\"https:\/\/jlmirall.es\/?attachment_id=1091\" data-orig-file=\"https:\/\/i0.wp.com\/jlmirall.es\/wp-content\/uploads\/2011\/07\/beyondthepianosmall.png?fit=512%2C512&amp;ssl=1\" data-orig-size=\"512,512\" data-comments-opened=\"0\" data-image-meta=\"{&quot;aperture&quot;:&quot;0&quot;,&quot;credit&quot;:&quot;&quot;,&quot;camera&quot;:&quot;&quot;,&quot;caption&quot;:&quot;&quot;,&quot;created_timestamp&quot;:&quot;0&quot;,&quot;copyright&quot;:&quot;&quot;,&quot;focal_length&quot;:&quot;0&quot;,&quot;iso&quot;:&quot;0&quot;,&quot;shutter_speed&quot;:&quot;0&quot;,&quot;title&quot;:&quot;&quot;,&quot;orientation&quot;:&quot;0&quot;}\" data-image-title=\"beyondthepianosmall\" data-image-description=\"\" data-image-caption=\"\" data-large-file=\"https:\/\/i0.wp.com\/jlmirall.es\/wp-content\/uploads\/2011\/07\/beyondthepianosmall.png?fit=512%2C512&amp;ssl=1\" src=\"https:\/\/i0.wp.com\/jlmirall.es\/wp-content\/uploads\/2011\/07\/beyondthepianosmall.png?resize=512%2C512&#038;ssl=1\" alt=\"\" class=\"wp-image-1091 size-full\" srcset=\"https:\/\/i0.wp.com\/jlmirall.es\/wp-content\/uploads\/2011\/07\/beyondthepianosmall.png?w=512&amp;ssl=1 512w, https:\/\/i0.wp.com\/jlmirall.es\/wp-content\/uploads\/2011\/07\/beyondthepianosmall.png?resize=150%2C150&amp;ssl=1 150w, https:\/\/i0.wp.com\/jlmirall.es\/wp-content\/uploads\/2011\/07\/beyondthepianosmall.png?resize=300%2C300&amp;ssl=1 300w, https:\/\/i0.wp.com\/jlmirall.es\/wp-content\/uploads\/2011\/07\/beyondthepianosmall.png?resize=125%2C125&amp;ssl=1 125w\" sizes=\"auto, (max-width: 512px) 100vw, 512px\" \/><\/a><\/figure><div class=\"wp-block-media-text__content\">\n<p>Blog en ingl\u00e9s sobre tecnolog\u00eda y m\u00fasica, d\u00f3nde comparto las soluciones a problemas que me he encontrado y que no estaban resueltos en internet hasta el momento.<\/p>\n<\/div><\/div>\n\n\n\n<div class=\"wp-block-media-text is-stacked-on-mobile\" style=\"grid-template-columns:23% auto\"><figure class=\"wp-block-media-text__media\"><a href=\"https:\/\/icarlesesdevinguepiano.jlmirall.es\" target=\"_blank\" rel=\"noreferrer noopener\"><img data-recalc-dims=\"1\" loading=\"lazy\" decoding=\"async\" width=\"1024\" height=\"964\" data-attachment-id=\"1092\" data-permalink=\"https:\/\/jlmirall.es\/?attachment_id=1092\" data-orig-file=\"https:\/\/i0.wp.com\/jlmirall.es\/wp-content\/uploads\/2011\/07\/cropped-IMG_0187.png?fit=1942%2C1828&amp;ssl=1\" data-orig-size=\"1942,1828\" data-comments-opened=\"0\" data-image-meta=\"{&quot;aperture&quot;:&quot;0&quot;,&quot;credit&quot;:&quot;&quot;,&quot;camera&quot;:&quot;&quot;,&quot;caption&quot;:&quot;&quot;,&quot;created_timestamp&quot;:&quot;0&quot;,&quot;copyright&quot;:&quot;&quot;,&quot;focal_length&quot;:&quot;0&quot;,&quot;iso&quot;:&quot;0&quot;,&quot;shutter_speed&quot;:&quot;0&quot;,&quot;title&quot;:&quot;&quot;,&quot;orientation&quot;:&quot;0&quot;}\" data-image-title=\"cropped-IMG_0187\" data-image-description=\"\" data-image-caption=\"\" data-large-file=\"https:\/\/i0.wp.com\/jlmirall.es\/wp-content\/uploads\/2011\/07\/cropped-IMG_0187.png?fit=1024%2C964&amp;ssl=1\" src=\"https:\/\/i0.wp.com\/jlmirall.es\/wp-content\/uploads\/2011\/07\/cropped-IMG_0187.png?resize=1024%2C964&#038;ssl=1\" alt=\"\" class=\"wp-image-1092 size-full\" srcset=\"https:\/\/i0.wp.com\/jlmirall.es\/wp-content\/uploads\/2011\/07\/cropped-IMG_0187.png?resize=1024%2C964&amp;ssl=1 1024w, https:\/\/i0.wp.com\/jlmirall.es\/wp-content\/uploads\/2011\/07\/cropped-IMG_0187.png?resize=300%2C282&amp;ssl=1 300w, https:\/\/i0.wp.com\/jlmirall.es\/wp-content\/uploads\/2011\/07\/cropped-IMG_0187.png?resize=768%2C723&amp;ssl=1 768w, https:\/\/i0.wp.com\/jlmirall.es\/wp-content\/uploads\/2011\/07\/cropped-IMG_0187.png?resize=642%2C604&amp;ssl=1 642w, https:\/\/i0.wp.com\/jlmirall.es\/wp-content\/uploads\/2011\/07\/cropped-IMG_0187.png?resize=978%2C921&amp;ssl=1 978w, https:\/\/i0.wp.com\/jlmirall.es\/wp-content\/uploads\/2011\/07\/cropped-IMG_0187.png?w=1942&amp;ssl=1 1942w\" sizes=\"auto, (max-width: 1000px) 100vw, 1000px\" \/><\/a><\/figure><div class=\"wp-block-media-text__content\">\n<p>Todos los productos de mis proyectos relacionados con la recuperaci\u00f3n del repertorio pian\u00edstico y videoartes de Carles Santos<\/p>\n<\/div><\/div>\n\n\n\n<div class=\"wp-block-media-text is-stacked-on-mobile\" style=\"grid-template-columns:41% auto\"><figure class=\"wp-block-media-text__media\"><a href=\"https:\/\/sonotrazos.jlmirall.es\" target=\"_blank\" rel=\"noreferrer noopener\"><img data-recalc-dims=\"1\" loading=\"lazy\" decoding=\"async\" width=\"1024\" height=\"362\" data-attachment-id=\"1037\" data-permalink=\"https:\/\/jlmirall.es\/?attachment_id=1037\" data-orig-file=\"https:\/\/i0.wp.com\/jlmirall.es\/wp-content\/uploads\/2011\/07\/header-bandcamp-l.jpg?fit=3414%2C1206&amp;ssl=1\" data-orig-size=\"3414,1206\" data-comments-opened=\"0\" data-image-meta=\"{&quot;aperture&quot;:&quot;0&quot;,&quot;credit&quot;:&quot;&quot;,&quot;camera&quot;:&quot;&quot;,&quot;caption&quot;:&quot;&quot;,&quot;created_timestamp&quot;:&quot;0&quot;,&quot;copyright&quot;:&quot;&quot;,&quot;focal_length&quot;:&quot;0&quot;,&quot;iso&quot;:&quot;0&quot;,&quot;shutter_speed&quot;:&quot;0&quot;,&quot;title&quot;:&quot;&quot;,&quot;orientation&quot;:&quot;1&quot;}\" data-image-title=\"header bandcamp l\" data-image-description=\"\" data-image-caption=\"\" data-large-file=\"https:\/\/i0.wp.com\/jlmirall.es\/wp-content\/uploads\/2011\/07\/header-bandcamp-l.jpg?fit=1024%2C362&amp;ssl=1\" src=\"https:\/\/i0.wp.com\/jlmirall.es\/wp-content\/uploads\/2011\/07\/header-bandcamp-l.jpg?resize=1024%2C362&#038;ssl=1\" alt=\"\" class=\"wp-image-1037 size-full\" srcset=\"https:\/\/i0.wp.com\/jlmirall.es\/wp-content\/uploads\/2011\/07\/header-bandcamp-l.jpg?resize=1024%2C362&amp;ssl=1 1024w, https:\/\/i0.wp.com\/jlmirall.es\/wp-content\/uploads\/2011\/07\/header-bandcamp-l.jpg?resize=300%2C106&amp;ssl=1 300w, https:\/\/i0.wp.com\/jlmirall.es\/wp-content\/uploads\/2011\/07\/header-bandcamp-l.jpg?resize=768%2C271&amp;ssl=1 768w, https:\/\/i0.wp.com\/jlmirall.es\/wp-content\/uploads\/2011\/07\/header-bandcamp-l.jpg?resize=642%2C227&amp;ssl=1 642w, https:\/\/i0.wp.com\/jlmirall.es\/wp-content\/uploads\/2011\/07\/header-bandcamp-l.jpg?resize=978%2C345&amp;ssl=1 978w, https:\/\/i0.wp.com\/jlmirall.es\/wp-content\/uploads\/2011\/07\/header-bandcamp-l.jpg?w=2000&amp;ssl=1 2000w, https:\/\/i0.wp.com\/jlmirall.es\/wp-content\/uploads\/2011\/07\/header-bandcamp-l.jpg?w=3000&amp;ssl=1 3000w\" sizes=\"auto, (max-width: 1000px) 100vw, 1000px\" \/><\/a><\/figure><div class=\"wp-block-media-text__content\">\n<p>Blog del proyecto SONOTRAZOS, de interpretaci\u00f3n de partituras gr\u00e1ficas.<\/p>\n<\/div><\/div>\n\n\n\n<div class=\"wp-block-media-text is-stacked-on-mobile\" style=\"grid-template-columns:41% auto\"><figure class=\"wp-block-media-text__media\"><a href=\"https:\/\/vicentvidalinmemoriam.jlmirall.es\" target=\"_blank\" rel=\"noreferrer noopener\"><img data-recalc-dims=\"1\" loading=\"lazy\" decoding=\"async\" width=\"1024\" height=\"235\" data-attachment-id=\"1089\" data-permalink=\"https:\/\/jlmirall.es\/?attachment_id=1089\" data-orig-file=\"https:\/\/i0.wp.com\/jlmirall.es\/wp-content\/uploads\/2011\/07\/Captura-de-Pantalla-2020-04-28-a-les-13.04.40-e1588071970196.png?fit=1242%2C285&amp;ssl=1\" data-orig-size=\"1242,285\" data-comments-opened=\"0\" data-image-meta=\"{&quot;aperture&quot;:&quot;0&quot;,&quot;credit&quot;:&quot;&quot;,&quot;camera&quot;:&quot;&quot;,&quot;caption&quot;:&quot;&quot;,&quot;created_timestamp&quot;:&quot;0&quot;,&quot;copyright&quot;:&quot;&quot;,&quot;focal_length&quot;:&quot;0&quot;,&quot;iso&quot;:&quot;0&quot;,&quot;shutter_speed&quot;:&quot;0&quot;,&quot;title&quot;:&quot;&quot;,&quot;orientation&quot;:&quot;0&quot;}\" data-image-title=\"Captura de Pantalla 2020-04-28 a les 13.04.40\" data-image-description=\"\" data-image-caption=\"\" data-large-file=\"https:\/\/i0.wp.com\/jlmirall.es\/wp-content\/uploads\/2011\/07\/Captura-de-Pantalla-2020-04-28-a-les-13.04.40-e1588071970196.png?fit=1024%2C235&amp;ssl=1\" src=\"https:\/\/i0.wp.com\/jlmirall.es\/wp-content\/uploads\/2011\/07\/Captura-de-Pantalla-2020-04-28-a-les-13.04.40-e1588071970196-1024x235.png?resize=1024%2C235&#038;ssl=1\" alt=\"\" class=\"wp-image-1089 size-full\" srcset=\"https:\/\/i0.wp.com\/jlmirall.es\/wp-content\/uploads\/2011\/07\/Captura-de-Pantalla-2020-04-28-a-les-13.04.40-e1588071970196.png?resize=1024%2C235&amp;ssl=1 1024w, https:\/\/i0.wp.com\/jlmirall.es\/wp-content\/uploads\/2011\/07\/Captura-de-Pantalla-2020-04-28-a-les-13.04.40-e1588071970196.png?resize=300%2C69&amp;ssl=1 300w, https:\/\/i0.wp.com\/jlmirall.es\/wp-content\/uploads\/2011\/07\/Captura-de-Pantalla-2020-04-28-a-les-13.04.40-e1588071970196.png?resize=768%2C176&amp;ssl=1 768w, https:\/\/i0.wp.com\/jlmirall.es\/wp-content\/uploads\/2011\/07\/Captura-de-Pantalla-2020-04-28-a-les-13.04.40-e1588071970196.png?resize=642%2C147&amp;ssl=1 642w, https:\/\/i0.wp.com\/jlmirall.es\/wp-content\/uploads\/2011\/07\/Captura-de-Pantalla-2020-04-28-a-les-13.04.40-e1588071970196.png?resize=978%2C224&amp;ssl=1 978w, https:\/\/i0.wp.com\/jlmirall.es\/wp-content\/uploads\/2011\/07\/Captura-de-Pantalla-2020-04-28-a-les-13.04.40-e1588071970196.png?w=1242&amp;ssl=1 1242w\" sizes=\"auto, (max-width: 1000px) 100vw, 1000px\" \/><\/a><\/figure><div class=\"wp-block-media-text__content\">\n<p>Explicaci\u00f3n y juegos interactivos sobre la creaci\u00f3n de una partitura gr\u00e1fica con cer\u00e1mica art\u00edstica de gran formato, en la memoria del ilustrados Vicent Vidal.<\/p>\n<\/div><\/div>\n\n\n\n<div class=\"wp-block-media-text is-stacked-on-mobile\" style=\"grid-template-columns:41% auto\"><figure class=\"wp-block-media-text__media\"><a href=\"https:\/\/laboratori.jlmirall.es\" target=\"_blank\" rel=\"noreferrer noopener\"><img data-recalc-dims=\"1\" loading=\"lazy\" decoding=\"async\" width=\"732\" height=\"331\" data-attachment-id=\"171\" data-permalink=\"https:\/\/jlmirall.es\/?attachment_id=171\" data-orig-file=\"https:\/\/i0.wp.com\/jlmirall.es\/wp-content\/uploads\/2012\/08\/Captura-de-pantalla-2013-08-14-a-les-16.48.10.png?fit=732%2C331&amp;ssl=1\" data-orig-size=\"732,331\" data-comments-opened=\"0\" data-image-meta=\"{&quot;aperture&quot;:&quot;0&quot;,&quot;credit&quot;:&quot;&quot;,&quot;camera&quot;:&quot;&quot;,&quot;caption&quot;:&quot;&quot;,&quot;created_timestamp&quot;:&quot;0&quot;,&quot;copyright&quot;:&quot;&quot;,&quot;focal_length&quot;:&quot;0&quot;,&quot;iso&quot;:&quot;0&quot;,&quot;shutter_speed&quot;:&quot;0&quot;,&quot;title&quot;:&quot;&quot;}\" data-image-title=\"Captura de pantalla 2013-08-14 a les 16.48.10\" data-image-description=\"\" data-image-caption=\"\" data-large-file=\"https:\/\/i0.wp.com\/jlmirall.es\/wp-content\/uploads\/2012\/08\/Captura-de-pantalla-2013-08-14-a-les-16.48.10.png?fit=732%2C331&amp;ssl=1\" src=\"https:\/\/i0.wp.com\/jlmirall.es\/wp-content\/uploads\/2012\/08\/Captura-de-pantalla-2013-08-14-a-les-16.48.10.png?resize=732%2C331\" alt=\"Captura de pantalla 2013-08-14 a les 16.48.10\" class=\"wp-image-171 size-full\" srcset=\"https:\/\/i0.wp.com\/jlmirall.es\/wp-content\/uploads\/2012\/08\/Captura-de-pantalla-2013-08-14-a-les-16.48.10.png?w=732&amp;ssl=1 732w, https:\/\/i0.wp.com\/jlmirall.es\/wp-content\/uploads\/2012\/08\/Captura-de-pantalla-2013-08-14-a-les-16.48.10.png?resize=300%2C135&amp;ssl=1 300w\" sizes=\"auto, (max-width: 732px) 100vw, 732px\" \/><\/a><\/figure><div class=\"wp-block-media-text__content\">\n<p>Blog del proyecto de interpretaci\u00f3n colaborativa de m\u00fasica contempor\u00e1nea de alumnos del que he sido director art\u00edstico.<\/p>\n<\/div><\/div>\n\n\n\n<h2 class=\"wp-block-heading\">Blogs de Proyectos Colectivos<\/h2>\n\n\n\n<div class=\"wp-block-media-text is-stacked-on-mobile\" style=\"grid-template-columns:42% auto\"><figure class=\"wp-block-media-text__media\"><a href=\"https:\/\/olcs.es\" target=\"_blank\" rel=\"noreferrer noopener\"><img data-recalc-dims=\"1\" loading=\"lazy\" decoding=\"async\" width=\"418\" height=\"119\" data-attachment-id=\"712\" data-permalink=\"https:\/\/jlmirall.es\/?attachment_id=712\" data-orig-file=\"https:\/\/i0.wp.com\/jlmirall.es\/wp-content\/uploads\/2016\/03\/olcs.png?fit=418%2C119&amp;ssl=1\" data-orig-size=\"418,119\" data-comments-opened=\"0\" data-image-meta=\"{&quot;aperture&quot;:&quot;0&quot;,&quot;credit&quot;:&quot;&quot;,&quot;camera&quot;:&quot;&quot;,&quot;caption&quot;:&quot;&quot;,&quot;created_timestamp&quot;:&quot;0&quot;,&quot;copyright&quot;:&quot;&quot;,&quot;focal_length&quot;:&quot;0&quot;,&quot;iso&quot;:&quot;0&quot;,&quot;shutter_speed&quot;:&quot;0&quot;,&quot;title&quot;:&quot;&quot;,&quot;orientation&quot;:&quot;0&quot;}\" data-image-title=\"olcs\" data-image-description=\"\" data-image-caption=\"\" data-large-file=\"https:\/\/i0.wp.com\/jlmirall.es\/wp-content\/uploads\/2016\/03\/olcs.png?fit=418%2C119&amp;ssl=1\" src=\"https:\/\/i0.wp.com\/jlmirall.es\/wp-content\/uploads\/2016\/03\/olcs.png?resize=418%2C119&#038;ssl=1\" alt=\"\" class=\"wp-image-712 size-full\" srcset=\"https:\/\/i0.wp.com\/jlmirall.es\/wp-content\/uploads\/2016\/03\/olcs.png?w=418&amp;ssl=1 418w, https:\/\/i0.wp.com\/jlmirall.es\/wp-content\/uploads\/2016\/03\/olcs.png?resize=300%2C85&amp;ssl=1 300w\" sizes=\"auto, (max-width: 418px) 100vw, 418px\" \/><\/a><\/figure><div class=\"wp-block-media-text__content\">\n<p>P\u00e1gina de la Orquesta L\u00edrica de Castell\u00f3n, de la que he sido el pianista de la mayor\u00eda de sus producciones.<\/p>\n<\/div><\/div>\n\n\n\n<div class=\"wp-block-media-text is-stacked-on-mobile\" style=\"grid-template-columns:42% auto\"><figure class=\"wp-block-media-text__media\"><img data-recalc-dims=\"1\" loading=\"lazy\" decoding=\"async\" width=\"418\" height=\"118\" data-attachment-id=\"711\" data-permalink=\"https:\/\/jlmirall.es\/?attachment_id=711\" data-orig-file=\"https:\/\/i0.wp.com\/jlmirall.es\/wp-content\/uploads\/2016\/03\/aulaestiu.png?fit=418%2C118&amp;ssl=1\" data-orig-size=\"418,118\" data-comments-opened=\"0\" data-image-meta=\"{&quot;aperture&quot;:&quot;0&quot;,&quot;credit&quot;:&quot;&quot;,&quot;camera&quot;:&quot;&quot;,&quot;caption&quot;:&quot;&quot;,&quot;created_timestamp&quot;:&quot;0&quot;,&quot;copyright&quot;:&quot;&quot;,&quot;focal_length&quot;:&quot;0&quot;,&quot;iso&quot;:&quot;0&quot;,&quot;shutter_speed&quot;:&quot;0&quot;,&quot;title&quot;:&quot;&quot;,&quot;orientation&quot;:&quot;0&quot;}\" data-image-title=\"aulaestiu\" data-image-description=\"\" data-image-caption=\"\" data-large-file=\"https:\/\/i0.wp.com\/jlmirall.es\/wp-content\/uploads\/2016\/03\/aulaestiu.png?fit=418%2C118&amp;ssl=1\" src=\"https:\/\/i0.wp.com\/jlmirall.es\/wp-content\/uploads\/2016\/03\/aulaestiu.png?resize=418%2C118&#038;ssl=1\" alt=\"\" class=\"wp-image-711 size-full\" srcset=\"https:\/\/i0.wp.com\/jlmirall.es\/wp-content\/uploads\/2016\/03\/aulaestiu.png?w=418&amp;ssl=1 418w, https:\/\/i0.wp.com\/jlmirall.es\/wp-content\/uploads\/2016\/03\/aulaestiu.png?resize=300%2C85&amp;ssl=1 300w\" sizes=\"auto, (max-width: 418px) 100vw, 418px\" \/><\/figure><div class=\"wp-block-media-text__content\">\n<p>Curso de Perfeccionamiento Musical de verano que cre\u00e9 con Espai Cl\u00e0ssic.<\/p>\n<\/div><\/div>\n\n\n\n<div class=\"wp-block-media-text is-stacked-on-mobile\" style=\"grid-template-columns:42% auto\"><figure class=\"wp-block-media-text__media\"><img data-recalc-dims=\"1\" loading=\"lazy\" decoding=\"async\" width=\"885\" height=\"275\" data-attachment-id=\"174\" data-permalink=\"https:\/\/jlmirall.es\/?attachment_id=174\" data-orig-file=\"https:\/\/i0.wp.com\/jlmirall.es\/wp-content\/uploads\/2012\/08\/cropped-header-matilde11.png?fit=885%2C275&amp;ssl=1\" data-orig-size=\"885,275\" data-comments-opened=\"0\" data-image-meta=\"{&quot;aperture&quot;:&quot;0&quot;,&quot;credit&quot;:&quot;&quot;,&quot;camera&quot;:&quot;&quot;,&quot;caption&quot;:&quot;&quot;,&quot;created_timestamp&quot;:&quot;0&quot;,&quot;copyright&quot;:&quot;&quot;,&quot;focal_length&quot;:&quot;0&quot;,&quot;iso&quot;:&quot;0&quot;,&quot;shutter_speed&quot;:&quot;0&quot;,&quot;title&quot;:&quot;&quot;}\" data-image-title=\"cropped-header-matilde11\" data-image-description=\"\" data-image-caption=\"\" data-large-file=\"https:\/\/i0.wp.com\/jlmirall.es\/wp-content\/uploads\/2012\/08\/cropped-header-matilde11.png?fit=885%2C275&amp;ssl=1\" src=\"https:\/\/i0.wp.com\/jlmirall.es\/wp-content\/uploads\/2012\/08\/cropped-header-matilde11.png?resize=885%2C275\" alt=\"cropped-header-matilde11\" class=\"wp-image-174 size-full\" srcset=\"https:\/\/i0.wp.com\/jlmirall.es\/wp-content\/uploads\/2012\/08\/cropped-header-matilde11.png?w=885&amp;ssl=1 885w, https:\/\/i0.wp.com\/jlmirall.es\/wp-content\/uploads\/2012\/08\/cropped-header-matilde11.png?resize=300%2C93&amp;ssl=1 300w\" sizes=\"auto, (max-width: 885px) 100vw, 885px\" \/><\/figure><div class=\"wp-block-media-text__content\">\n<p>Ciclo de conciertos comentados de alumnos de m\u00fasica de c\u00e1mara en honor a Matilde Salvador.<\/p>\n<\/div><\/div>\n\n\n\n<h2 class=\"wp-block-heading\">Blogs de Creaci\u00f3n de Comunidad<\/h2>\n\n\n\n<div class=\"wp-block-media-text is-stacked-on-mobile\" style=\"grid-template-columns:36% auto\"><figure class=\"wp-block-media-text__media\"><a href=\"https:\/\/guidoblogs.org\" target=\"_blank\" rel=\"noreferrer noopener\"><img data-recalc-dims=\"1\" loading=\"lazy\" decoding=\"async\" width=\"300\" height=\"153\" data-attachment-id=\"43\" data-permalink=\"https:\/\/jlmirall.es\/?attachment_id=43\" data-orig-file=\"https:\/\/i0.wp.com\/jlmirall.es\/wp-content\/uploads\/2012\/08\/guidobannersmall.png?fit=390%2C200&amp;ssl=1\" data-orig-size=\"390,200\" data-comments-opened=\"0\" data-image-meta=\"{&quot;aperture&quot;:&quot;0&quot;,&quot;credit&quot;:&quot;&quot;,&quot;camera&quot;:&quot;&quot;,&quot;caption&quot;:&quot;&quot;,&quot;created_timestamp&quot;:&quot;0&quot;,&quot;copyright&quot;:&quot;&quot;,&quot;focal_length&quot;:&quot;0&quot;,&quot;iso&quot;:&quot;0&quot;,&quot;shutter_speed&quot;:&quot;0&quot;,&quot;title&quot;:&quot;&quot;}\" data-image-title=\"guidobannersmall\" data-image-description=\"\" data-image-caption=\"\" data-large-file=\"https:\/\/i0.wp.com\/jlmirall.es\/wp-content\/uploads\/2012\/08\/guidobannersmall.png?fit=390%2C200&amp;ssl=1\" src=\"https:\/\/i0.wp.com\/jlmirall.es\/wp-content\/uploads\/2012\/08\/guidobannersmall-300x153.png?resize=300%2C153\" alt=\"\" class=\"wp-image-43 size-full\" srcset=\"https:\/\/i0.wp.com\/jlmirall.es\/wp-content\/uploads\/2012\/08\/guidobannersmall.png?resize=300%2C153&amp;ssl=1 300w, https:\/\/i0.wp.com\/jlmirall.es\/wp-content\/uploads\/2012\/08\/guidobannersmall.png?w=390&amp;ssl=1 390w\" sizes=\"auto, (max-width: 300px) 100vw, 300px\" \/><\/a><\/figure><div class=\"wp-block-media-text__content\">\n<p>Existen muchos blogs de docentes muy bien comunicados entre ellos. Tambi\u00e9n hay bastantes blogs de Profesores de M\u00fasica de colegios e institutos. Pero el caso de los Conservatorios es un tanto especial dentro del panorama educativo. Los blogs que existen parecen peque\u00f1os\u00a0<em>oasis<\/em>\u00a0en medio de internet: la mayor\u00eda est\u00e1n desconectados entre ellos y el di\u00e1logo no fluye entre sus autores.\u00a0GuidoBlogs quiere atajar ese problema desde la raiz.<\/p>\n<\/div><\/div>\n\n\n\n<div class=\"wp-block-media-text is-stacked-on-mobile\" style=\"grid-template-columns:36% auto\"><figure class=\"wp-block-media-text__media\"><a href=\"https:\/\/www.listado.guidoblogs.org\" target=\"_blank\" rel=\"noreferrer noopener\"><img data-recalc-dims=\"1\" loading=\"lazy\" decoding=\"async\" width=\"418\" height=\"121\" data-attachment-id=\"704\" data-permalink=\"https:\/\/jlmirall.es\/?attachment_id=704\" data-orig-file=\"https:\/\/i0.wp.com\/jlmirall.es\/wp-content\/uploads\/2016\/03\/guidolistado.png?fit=418%2C121&amp;ssl=1\" data-orig-size=\"418,121\" data-comments-opened=\"0\" data-image-meta=\"{&quot;aperture&quot;:&quot;0&quot;,&quot;credit&quot;:&quot;&quot;,&quot;camera&quot;:&quot;&quot;,&quot;caption&quot;:&quot;&quot;,&quot;created_timestamp&quot;:&quot;0&quot;,&quot;copyright&quot;:&quot;&quot;,&quot;focal_length&quot;:&quot;0&quot;,&quot;iso&quot;:&quot;0&quot;,&quot;shutter_speed&quot;:&quot;0&quot;,&quot;title&quot;:&quot;&quot;,&quot;orientation&quot;:&quot;0&quot;}\" data-image-title=\"guidolistado\" data-image-description=\"\" data-image-caption=\"\" data-large-file=\"https:\/\/i0.wp.com\/jlmirall.es\/wp-content\/uploads\/2016\/03\/guidolistado.png?fit=418%2C121&amp;ssl=1\" src=\"https:\/\/i0.wp.com\/jlmirall.es\/wp-content\/uploads\/2016\/03\/guidolistado.png?resize=418%2C121&#038;ssl=1\" alt=\"\" class=\"wp-image-704 size-full\" srcset=\"https:\/\/i0.wp.com\/jlmirall.es\/wp-content\/uploads\/2016\/03\/guidolistado.png?w=418&amp;ssl=1 418w, https:\/\/i0.wp.com\/jlmirall.es\/wp-content\/uploads\/2016\/03\/guidolistado.png?resize=300%2C87&amp;ssl=1 300w\" sizes=\"auto, (max-width: 418px) 100vw, 418px\" \/><\/a><\/figure><div class=\"wp-block-media-text__content\">\n<p>Directorio de todos los blogs de GuidoBlogs, taxonomizados.<\/p>\n<\/div><\/div>\n\n\n\n<div class=\"wp-block-media-text is-stacked-on-mobile\" style=\"grid-template-columns:36% auto\"><figure class=\"wp-block-media-text__media\"><img data-recalc-dims=\"1\" loading=\"lazy\" decoding=\"async\" width=\"427\" height=\"124\" data-attachment-id=\"705\" data-permalink=\"https:\/\/jlmirall.es\/?attachment_id=705\" data-orig-file=\"https:\/\/i0.wp.com\/jlmirall.es\/wp-content\/uploads\/2016\/03\/guidoideas.png?fit=427%2C124&amp;ssl=1\" data-orig-size=\"427,124\" data-comments-opened=\"0\" data-image-meta=\"{&quot;aperture&quot;:&quot;0&quot;,&quot;credit&quot;:&quot;&quot;,&quot;camera&quot;:&quot;&quot;,&quot;caption&quot;:&quot;&quot;,&quot;created_timestamp&quot;:&quot;0&quot;,&quot;copyright&quot;:&quot;&quot;,&quot;focal_length&quot;:&quot;0&quot;,&quot;iso&quot;:&quot;0&quot;,&quot;shutter_speed&quot;:&quot;0&quot;,&quot;title&quot;:&quot;&quot;,&quot;orientation&quot;:&quot;0&quot;}\" data-image-title=\"guidoideas\" data-image-description=\"\" data-image-caption=\"\" data-large-file=\"https:\/\/i0.wp.com\/jlmirall.es\/wp-content\/uploads\/2016\/03\/guidoideas.png?fit=427%2C124&amp;ssl=1\" src=\"https:\/\/i0.wp.com\/jlmirall.es\/wp-content\/uploads\/2016\/03\/guidoideas.png?resize=427%2C124&#038;ssl=1\" alt=\"\" class=\"wp-image-705 size-full\" srcset=\"https:\/\/i0.wp.com\/jlmirall.es\/wp-content\/uploads\/2016\/03\/guidoideas.png?w=427&amp;ssl=1 427w, https:\/\/i0.wp.com\/jlmirall.es\/wp-content\/uploads\/2016\/03\/guidoideas.png?resize=300%2C87&amp;ssl=1 300w\" sizes=\"auto, (max-width: 427px) 100vw, 427px\" \/><\/figure><div class=\"wp-block-media-text__content\">\n<p>Banco de ideas para conservatorios.<\/p>\n<\/div><\/div>\n\n\n\n<div class=\"wp-block-media-text is-stacked-on-mobile\" style=\"grid-template-columns:36% auto\"><figure class=\"wp-block-media-text__media\"><img data-recalc-dims=\"1\" loading=\"lazy\" decoding=\"async\" width=\"420\" height=\"119\" data-attachment-id=\"706\" data-permalink=\"https:\/\/jlmirall.es\/?attachment_id=706\" data-orig-file=\"https:\/\/i0.wp.com\/jlmirall.es\/wp-content\/uploads\/2016\/03\/guidouni.png?fit=420%2C119&amp;ssl=1\" data-orig-size=\"420,119\" data-comments-opened=\"0\" data-image-meta=\"{&quot;aperture&quot;:&quot;0&quot;,&quot;credit&quot;:&quot;&quot;,&quot;camera&quot;:&quot;&quot;,&quot;caption&quot;:&quot;&quot;,&quot;created_timestamp&quot;:&quot;0&quot;,&quot;copyright&quot;:&quot;&quot;,&quot;focal_length&quot;:&quot;0&quot;,&quot;iso&quot;:&quot;0&quot;,&quot;shutter_speed&quot;:&quot;0&quot;,&quot;title&quot;:&quot;&quot;,&quot;orientation&quot;:&quot;0&quot;}\" data-image-title=\"guidouni\" data-image-description=\"\" data-image-caption=\"\" data-large-file=\"https:\/\/i0.wp.com\/jlmirall.es\/wp-content\/uploads\/2016\/03\/guidouni.png?fit=420%2C119&amp;ssl=1\" src=\"https:\/\/i0.wp.com\/jlmirall.es\/wp-content\/uploads\/2016\/03\/guidouni.png?resize=420%2C119&#038;ssl=1\" alt=\"\" class=\"wp-image-706 size-full\" srcset=\"https:\/\/i0.wp.com\/jlmirall.es\/wp-content\/uploads\/2016\/03\/guidouni.png?w=420&amp;ssl=1 420w, https:\/\/i0.wp.com\/jlmirall.es\/wp-content\/uploads\/2016\/03\/guidouni.png?resize=300%2C85&amp;ssl=1 300w\" sizes=\"auto, (max-width: 420px) 100vw, 420px\" \/><\/figure><div class=\"wp-block-media-text__content\">\n<p>Versi\u00f3n de GuidoBlogs para docentes universitarios relacionados con la pedagog\u00eda musical.<\/p>\n<\/div><\/div>\n\n\n\n<div class=\"wp-block-media-text is-stacked-on-mobile\" style=\"grid-template-columns:36% auto\"><figure class=\"wp-block-media-text__media\"><img data-recalc-dims=\"1\" loading=\"lazy\" decoding=\"async\" width=\"428\" height=\"122\" data-attachment-id=\"707\" data-permalink=\"https:\/\/jlmirall.es\/?attachment_id=707\" data-orig-file=\"https:\/\/i0.wp.com\/jlmirall.es\/wp-content\/uploads\/2016\/03\/guidouni-dir.png?fit=428%2C122&amp;ssl=1\" data-orig-size=\"428,122\" data-comments-opened=\"0\" data-image-meta=\"{&quot;aperture&quot;:&quot;0&quot;,&quot;credit&quot;:&quot;&quot;,&quot;camera&quot;:&quot;&quot;,&quot;caption&quot;:&quot;&quot;,&quot;created_timestamp&quot;:&quot;0&quot;,&quot;copyright&quot;:&quot;&quot;,&quot;focal_length&quot;:&quot;0&quot;,&quot;iso&quot;:&quot;0&quot;,&quot;shutter_speed&quot;:&quot;0&quot;,&quot;title&quot;:&quot;&quot;,&quot;orientation&quot;:&quot;0&quot;}\" data-image-title=\"guidouni dir\" data-image-description=\"\" data-image-caption=\"\" data-large-file=\"https:\/\/i0.wp.com\/jlmirall.es\/wp-content\/uploads\/2016\/03\/guidouni-dir.png?fit=428%2C122&amp;ssl=1\" src=\"https:\/\/i0.wp.com\/jlmirall.es\/wp-content\/uploads\/2016\/03\/guidouni-dir.png?resize=428%2C122&#038;ssl=1\" alt=\"\" class=\"wp-image-707 size-full\" srcset=\"https:\/\/i0.wp.com\/jlmirall.es\/wp-content\/uploads\/2016\/03\/guidouni-dir.png?w=428&amp;ssl=1 428w, https:\/\/i0.wp.com\/jlmirall.es\/wp-content\/uploads\/2016\/03\/guidouni-dir.png?resize=300%2C86&amp;ssl=1 300w\" sizes=\"auto, (max-width: 428px) 100vw, 428px\" \/><\/figure><div class=\"wp-block-media-text__content\">\n<p>Directorio de GuidoBlogs Uni<\/p>\n<\/div><\/div>\n\n\n\n<h2 class=\"wp-block-heading\">Blogs de Activismo<\/h2>\n\n\n\n<div class=\"wp-block-media-text is-stacked-on-mobile\" style=\"grid-template-columns:37% auto\"><figure class=\"wp-block-media-text__media\"><img data-recalc-dims=\"1\" loading=\"lazy\" decoding=\"async\" width=\"300\" height=\"83\" data-attachment-id=\"42\" data-permalink=\"https:\/\/jlmirall.es\/?attachment_id=42\" data-orig-file=\"https:\/\/i0.wp.com\/jlmirall.es\/wp-content\/uploads\/2012\/08\/Renovatoriobannerbig.jpg?fit=900%2C250&amp;ssl=1\" data-orig-size=\"900,250\" data-comments-opened=\"0\" data-image-meta=\"{&quot;aperture&quot;:&quot;0&quot;,&quot;credit&quot;:&quot;&quot;,&quot;camera&quot;:&quot;&quot;,&quot;caption&quot;:&quot;&quot;,&quot;created_timestamp&quot;:&quot;0&quot;,&quot;copyright&quot;:&quot;&quot;,&quot;focal_length&quot;:&quot;0&quot;,&quot;iso&quot;:&quot;0&quot;,&quot;shutter_speed&quot;:&quot;0&quot;,&quot;title&quot;:&quot;&quot;}\" data-image-title=\"Renovatoriobannerbig\" data-image-description=\"\" data-image-caption=\"\" data-large-file=\"https:\/\/i0.wp.com\/jlmirall.es\/wp-content\/uploads\/2012\/08\/Renovatoriobannerbig.jpg?fit=900%2C250&amp;ssl=1\" src=\"https:\/\/i0.wp.com\/jlmirall.es\/wp-content\/uploads\/2012\/08\/Renovatoriobannerbig-300x83.jpg?resize=300%2C83\" alt=\"\" class=\"wp-image-42 size-full\" srcset=\"https:\/\/i0.wp.com\/jlmirall.es\/wp-content\/uploads\/2012\/08\/Renovatoriobannerbig.jpg?resize=300%2C83&amp;ssl=1 300w, https:\/\/i0.wp.com\/jlmirall.es\/wp-content\/uploads\/2012\/08\/Renovatoriobannerbig.jpg?w=900&amp;ssl=1 900w\" sizes=\"auto, (max-width: 300px) 100vw, 300px\" \/><\/figure><div class=\"wp-block-media-text__content\">\n<p>Renovatorio es fruto de un Grupo de Trabajo que nace de la colaboraci\u00f3n de tres profesores de Conservatorios Profesionales.\u00a0Se cre\u00f3 en el a\u00f1o 2008 y su principal objetivo es detectar vac\u00edos legales y proponer mejoras referentes a la normativa de los conservatorios de m\u00fasica.<\/p>\n<\/div><\/div>\n\n\n\n<div class=\"wp-block-media-text is-stacked-on-mobile\" style=\"grid-template-columns:37% auto\"><figure class=\"wp-block-media-text__media\"><img data-recalc-dims=\"1\" loading=\"lazy\" decoding=\"async\" width=\"300\" height=\"130\" data-attachment-id=\"44\" data-permalink=\"https:\/\/jlmirall.es\/?attachment_id=44\" data-orig-file=\"https:\/\/i0.wp.com\/jlmirall.es\/wp-content\/uploads\/2012\/08\/logo-plataforma.png?fit=1237%2C539&amp;ssl=1\" data-orig-size=\"1237,539\" data-comments-opened=\"0\" data-image-meta=\"{&quot;aperture&quot;:&quot;0&quot;,&quot;credit&quot;:&quot;&quot;,&quot;camera&quot;:&quot;&quot;,&quot;caption&quot;:&quot;&quot;,&quot;created_timestamp&quot;:&quot;0&quot;,&quot;copyright&quot;:&quot;&quot;,&quot;focal_length&quot;:&quot;0&quot;,&quot;iso&quot;:&quot;0&quot;,&quot;shutter_speed&quot;:&quot;0&quot;,&quot;title&quot;:&quot;&quot;}\" data-image-title=\"logo plataforma\" data-image-description=\"\" data-image-caption=\"\" data-large-file=\"https:\/\/i0.wp.com\/jlmirall.es\/wp-content\/uploads\/2012\/08\/logo-plataforma.png?fit=1024%2C446&amp;ssl=1\" src=\"https:\/\/i0.wp.com\/jlmirall.es\/wp-content\/uploads\/2012\/08\/logo-plataforma-300x130.png?resize=300%2C130\" alt=\"\" class=\"wp-image-44 size-full\" srcset=\"https:\/\/i0.wp.com\/jlmirall.es\/wp-content\/uploads\/2012\/08\/logo-plataforma.png?resize=300%2C130&amp;ssl=1 300w, https:\/\/i0.wp.com\/jlmirall.es\/wp-content\/uploads\/2012\/08\/logo-plataforma.png?resize=1024%2C446&amp;ssl=1 1024w, https:\/\/i0.wp.com\/jlmirall.es\/wp-content\/uploads\/2012\/08\/logo-plataforma.png?w=1237&amp;ssl=1 1237w\" sizes=\"auto, (max-width: 300px) 100vw, 300px\" \/><\/figure><div class=\"wp-block-media-text__content\">\n<p>Plataforma que integr\u00f3 docentes, alumnos, sindicatos, asociaciones profesionales, centros y familias, con el objetivo de integrar las Ense\u00f1anzas Art\u00edsticas Superiores en el Sistema Universitario durante la tramitaci\u00f3n de la LOMCE, intentado subsanando la exclusi\u00f3n hist\u00f3rica que estas ense\u00f1anzas vienen sufriendo en Espa\u00f1a.<\/p>\n<\/div><\/div>\n\n\n\n<div class=\"wp-block-media-text is-stacked-on-mobile\" style=\"grid-template-columns:31% auto\"><figure class=\"wp-block-media-text__media\"><img data-recalc-dims=\"1\" loading=\"lazy\" decoding=\"async\" width=\"300\" height=\"243\" data-attachment-id=\"45\" data-permalink=\"https:\/\/jlmirall.es\/?attachment_id=45\" data-orig-file=\"https:\/\/i0.wp.com\/jlmirall.es\/wp-content\/uploads\/2012\/08\/por-reconocimiento-profesional.png?fit=580%2C471&amp;ssl=1\" data-orig-size=\"580,471\" data-comments-opened=\"0\" data-image-meta=\"{&quot;aperture&quot;:&quot;0&quot;,&quot;credit&quot;:&quot;&quot;,&quot;camera&quot;:&quot;&quot;,&quot;caption&quot;:&quot;&quot;,&quot;created_timestamp&quot;:&quot;0&quot;,&quot;copyright&quot;:&quot;&quot;,&quot;focal_length&quot;:&quot;0&quot;,&quot;iso&quot;:&quot;0&quot;,&quot;shutter_speed&quot;:&quot;0&quot;,&quot;title&quot;:&quot;&quot;}\" data-image-title=\"por reconocimiento profesional\" data-image-description=\"\" data-image-caption=\"\" data-large-file=\"https:\/\/i0.wp.com\/jlmirall.es\/wp-content\/uploads\/2012\/08\/por-reconocimiento-profesional.png?fit=580%2C471&amp;ssl=1\" src=\"https:\/\/i0.wp.com\/jlmirall.es\/wp-content\/uploads\/2012\/08\/por-reconocimiento-profesional-300x243.png?resize=300%2C243\" alt=\"\" class=\"wp-image-45 size-full\" srcset=\"https:\/\/i0.wp.com\/jlmirall.es\/wp-content\/uploads\/2012\/08\/por-reconocimiento-profesional.png?resize=300%2C243&amp;ssl=1 300w, https:\/\/i0.wp.com\/jlmirall.es\/wp-content\/uploads\/2012\/08\/por-reconocimiento-profesional.png?w=580&amp;ssl=1 580w\" sizes=\"auto, (max-width: 300px) 100vw, 300px\" \/><\/figure><div class=\"wp-block-media-text__content\">\n<p>Las titulaciones de los Conservatorios Profesionales est\u00e1n fueran del Cat\u00e1logo Nacional de Cualificaciones Profesionales. Tenemos que revertir esta situaci\u00f3n o de los contrario seguiremos fuera de todo reconocimiento nacional, europeo o internacional.<\/p>\n<\/div><\/div>\n","protected":false},"excerpt":{"rendered":"<p>Desde siempre he considerado que los blogs son una herramienta \u00fatil de reflexi\u00f3n colectiva, m\u00e1s all\u00e1 de la inmediatez de las actuales redes sociales. Por eso he creado muchos blog con diferentes fines. Aunque actualmente algunos ya no existen o no est\u00e1n activos, quiero dejar este peque\u00f1o espacio para su memoria. Blogs de reflexi\u00f3n El [&hellip;]<\/p>\n","protected":false},"author":1,"featured_media":0,"parent":1483,"menu_order":4,"comment_status":"closed","ping_status":"closed","template":"","meta":{"footnotes":""},"class_list":["post-21","page","type-page","status-publish","hentry"],"jetpack_shortlink":"https:\/\/wp.me\/P2FSry-l","jetpack-related-posts":[{"id":684,"url":"https:\/\/jlmirall.es\/?page_id=684","url_meta":{"origin":21,"position":0},"title":"Publicaciones","author":"Oysiao","date":"11 febrero, 2016","format":false,"excerpt":"Al final de cada art\u00edculo se pueden encontrar links a\u00a0las p\u00e1ginas web de la UJI (Universitat Jaume I) y ResearchGate para aquellos que est\u00e1n disponibles. 2024 Miralles-Bono, J. L. (2024). Planificaci\u00f3n Inteligente para resultados no artificiales.\u00a0Eufon\u00eda: did\u00e1ctica de la m\u00fasica,\u00a0101, 14-19. Miralles-Bono, J. L. (2024). Another AI-generated Chopin nocturne? Better\u2026","rel":"","context":"Entrada similar","block_context":{"text":"Entrada similar","link":""},"img":{"alt_text":"Captura de pantalla 2016-03-02 a les 14.59.46","src":"https:\/\/i0.wp.com\/jlmirall.es\/wp-content\/uploads\/2016\/02\/Captura-de-pantalla-2016-03-02-a-les-14.59.46.png?resize=350%2C200","width":350,"height":200},"classes":[]},{"id":335,"url":"https:\/\/jlmirall.es\/?page_id=335","url_meta":{"origin":21,"position":1},"title":"Curr\u00edculum ampliado","author":"Miralles","date":"8 julio, 2011","format":false,"excerpt":"Director Art\u00edstico del Laboratori de M\u00fasica \u00df, GuidoBlogs, pianista solista y asistente de director de la OLCS y miembro fundador Espai Cl\u00e0ssic. Colaborador de la revista M\u00fasica y Educaci\u00f3n, CEFIRE feria internacional MARTE de Arte Contempor\u00e1neo, revista cultural independiente Nomepierdoniuna, Escuela de Arte y Superior de Dise\u00f1o de Castell\u00f3n, la\u2026","rel":"","context":"Entrada similar","block_context":{"text":"Entrada similar","link":""},"img":{"alt_text":"","src":"","width":0,"height":0},"classes":[]}],"jetpack_sharing_enabled":true,"_links":{"self":[{"href":"https:\/\/jlmirall.es\/index.php?rest_route=\/wp\/v2\/pages\/21","targetHints":{"allow":["GET"]}}],"collection":[{"href":"https:\/\/jlmirall.es\/index.php?rest_route=\/wp\/v2\/pages"}],"about":[{"href":"https:\/\/jlmirall.es\/index.php?rest_route=\/wp\/v2\/types\/page"}],"author":[{"embeddable":true,"href":"https:\/\/jlmirall.es\/index.php?rest_route=\/wp\/v2\/users\/1"}],"replies":[{"embeddable":true,"href":"https:\/\/jlmirall.es\/index.php?rest_route=%2Fwp%2Fv2%2Fcomments&post=21"}],"version-history":[{"count":17,"href":"https:\/\/jlmirall.es\/index.php?rest_route=\/wp\/v2\/pages\/21\/revisions"}],"predecessor-version":[{"id":1509,"href":"https:\/\/jlmirall.es\/index.php?rest_route=\/wp\/v2\/pages\/21\/revisions\/1509"}],"up":[{"embeddable":true,"href":"https:\/\/jlmirall.es\/index.php?rest_route=\/wp\/v2\/pages\/1483"}],"wp:attachment":[{"href":"https:\/\/jlmirall.es\/index.php?rest_route=%2Fwp%2Fv2%2Fmedia&parent=21"}],"curies":[{"name":"wp","href":"https:\/\/api.w.org\/{rel}","templated":true}]}}