{"id":1483,"date":"2024-02-13T09:53:59","date_gmt":"2024-02-13T08:53:59","guid":{"rendered":"https:\/\/jlmirall.es\/?page_id=1483"},"modified":"2024-02-13T10:29:48","modified_gmt":"2024-02-13T09:29:48","slug":"proyectos","status":"publish","type":"page","link":"https:\/\/jlmirall.es\/?page_id=1483","title":{"rendered":"Proyectos"},"content":{"rendered":"<ul class=\"wp-block-page-list\"><li class=\"wp-block-pages-list__item\"><a class=\"wp-block-pages-list__item__link\" href=\"https:\/\/jlmirall.es\/?page_id=881\">M\u00fasica Experimental \/ Arte Sonoro<\/a><\/li><li class=\"wp-block-pages-list__item\"><a class=\"wp-block-pages-list__item__link\" href=\"https:\/\/jlmirall.es\/?page_id=630\">Sinf\u00f3nico &#8211; L\u00edrico<\/a><\/li><li class=\"wp-block-pages-list__item\"><a class=\"wp-block-pages-list__item__link\" href=\"https:\/\/jlmirall.es\/?page_id=543\">Ponencias y Conferencias<\/a><\/li><li class=\"wp-block-pages-list__item\"><a class=\"wp-block-pages-list__item__link\" href=\"https:\/\/jlmirall.es\/?page_id=1018\">Proyectos educativos con j\u00f3venes<\/a><\/li><li class=\"wp-block-pages-list__item\"><a class=\"wp-block-pages-list__item__link\" href=\"https:\/\/jlmirall.es\/?page_id=21\">Blogs<\/a><\/li><\/ul>","protected":false},"excerpt":{"rendered":"","protected":false},"author":1,"featured_media":0,"parent":0,"menu_order":2,"comment_status":"closed","ping_status":"closed","template":"","meta":{"footnotes":""},"class_list":["post-1483","page","type-page","status-publish","hentry"],"jetpack_shortlink":"https:\/\/wp.me\/P2FSry-nV","jetpack-related-posts":[{"id":630,"url":"https:\/\/jlmirall.es\/?page_id=630","url_meta":{"origin":1483,"position":0},"title":"Sinf\u00f3nico &#8211; L\u00edrico","author":"Oysiao","date":"8 abril, 2015","format":false,"excerpt":"Dentro de mi actividad art\u00edstica, he participado en diferentes\u00a0proyectos como pianista\u00a0solista, m\u00fasica de c\u00e1mara o piano con orquesta\u00a0que abarcan todos los estilos de m\u00fasica cl\u00e1sicos hasta la m\u00fasica contempor\u00e1nea en lo que aqu\u00ed agrupo como proyectos sinf\u00f3nicos, y diferencio as\u00ed de otros proyectos m\u00e1s experimentales que se encuentra en otro\u2026","rel":"","context":"Entrada similar","block_context":{"text":"Entrada similar","link":""},"img":{"alt_text":"","src":"","width":0,"height":0},"classes":[]},{"id":1018,"url":"https:\/\/jlmirall.es\/?page_id=1018","url_meta":{"origin":1483,"position":1},"title":"Proyectos educativos con j\u00f3venes","author":"Oysiao","date":"27 julio, 2018","format":false,"excerpt":"Como parte de mi inquietud por la educaci\u00f3n y la ense\u00f1anza, he desarrollado diversos workshops y proyectos pedag\u00f3gicos dentro y fuera de las aulas de educaci\u00f3n reglada que van m\u00e1s all\u00e1 de la docencia habitual con los alumnos. Los workshops son talleres puntuales de uno o varios d\u00edas, mientras que\u2026","rel":"","context":"Entrada similar","block_context":{"text":"Entrada similar","link":""},"img":{"alt_text":"","src":"https:\/\/i0.wp.com\/jlmirall.es\/wp-content\/uploads\/2024\/02\/eacc.gif?resize=350%2C200&ssl=1","width":350,"height":200,"srcset":"https:\/\/i0.wp.com\/jlmirall.es\/wp-content\/uploads\/2024\/02\/eacc.gif?resize=350%2C200&ssl=1 1x, https:\/\/i0.wp.com\/jlmirall.es\/wp-content\/uploads\/2024\/02\/eacc.gif?resize=525%2C300&ssl=1 1.5x, https:\/\/i0.wp.com\/jlmirall.es\/wp-content\/uploads\/2024\/02\/eacc.gif?resize=700%2C400&ssl=1 2x"},"classes":[]},{"id":881,"url":"https:\/\/jlmirall.es\/?page_id=881","url_meta":{"origin":1483,"position":2},"title":"M\u00fasica Experimental \/ Arte Sonoro","author":"Oysiao","date":"17 junio, 2018","format":false,"excerpt":"Militante de la creaci\u00f3n actual y m\u00fasica contempor\u00e1nea, desarrollo una labor especializada en la m\u00fasica para piano del s. XX y s. XXI, as\u00ed como la creaci\u00f3n de composiciones propias o la co-creaci\u00f3n\u00a0con otros artistas de diferentes disciplinas mediante partituras gr\u00e1ficas y videoartes. Dada la delgada linea que diferencia las\u2026","rel":"","context":"Entrada similar","block_context":{"text":"Entrada similar","link":""},"img":{"alt_text":"","src":"","width":0,"height":0},"classes":[]},{"id":543,"url":"https:\/\/jlmirall.es\/?page_id=543","url_meta":{"origin":1483,"position":3},"title":"Ponencias y Conferencias","author":"Oysiao","date":"6 abril, 2015","format":false,"excerpt":"Ir directamente a: Ponencias (investigaci\u00f3n) Conferencias (divulgaci\u00f3n) Ponencias Dentro de la actividad\u00a0de\u00a0investigaci\u00f3n musical, he realizado diferentes\u00a0ponencias y comunicaciones\u00a0en jornadas y congresos. Muchas han sido sobre dos grandes proyectos que coordino: GuidoBlogs y el Laboratori de M\u00fasica \u00df. \u00daltimamente, tambi\u00e9n me he centrado en el\u00a0papel de la m\u00fasica en la educaci\u00f3n\u00a0y\u2026","rel":"","context":"Entrada similar","block_context":{"text":"Entrada similar","link":""},"img":{"alt_text":"","src":"","width":0,"height":0},"classes":[]},{"id":21,"url":"https:\/\/jlmirall.es\/?page_id=21","url_meta":{"origin":1483,"position":4},"title":"Blogs","author":"Oysiao","date":"19 agosto, 2012","format":false,"excerpt":"Desde siempre he considerado que los blogs son una herramienta \u00fatil de reflexi\u00f3n colectiva, m\u00e1s all\u00e1 de la inmediatez de las actuales redes sociales. Por eso he creado muchos blog con diferentes fines. Aunque actualmente algunos ya no existen o no est\u00e1n activos, quiero dejar este peque\u00f1o espacio para su\u2026","rel":"","context":"Entrada similar","block_context":{"text":"Entrada similar","link":""},"img":{"alt_text":"","src":"https:\/\/i0.wp.com\/jlmirall.es\/wp-content\/uploads\/2024\/02\/B4131554-B31B-4AE8-923F-7442C758D601.png.webp?resize=350%2C200&ssl=1","width":350,"height":200,"srcset":"https:\/\/i0.wp.com\/jlmirall.es\/wp-content\/uploads\/2024\/02\/B4131554-B31B-4AE8-923F-7442C758D601.png.webp?resize=350%2C200&ssl=1 1x, https:\/\/i0.wp.com\/jlmirall.es\/wp-content\/uploads\/2024\/02\/B4131554-B31B-4AE8-923F-7442C758D601.png.webp?resize=525%2C300&ssl=1 1.5x, https:\/\/i0.wp.com\/jlmirall.es\/wp-content\/uploads\/2024\/02\/B4131554-B31B-4AE8-923F-7442C758D601.png.webp?resize=700%2C400&ssl=1 2x"},"classes":[]},{"id":335,"url":"https:\/\/jlmirall.es\/?page_id=335","url_meta":{"origin":1483,"position":5},"title":"Curr\u00edculum ampliado","author":"Miralles","date":"8 julio, 2011","format":false,"excerpt":"Director Art\u00edstico del Laboratori de M\u00fasica \u00df, GuidoBlogs, pianista solista y asistente de director de la OLCS y miembro fundador Espai Cl\u00e0ssic. Colaborador de la revista M\u00fasica y Educaci\u00f3n, CEFIRE feria internacional MARTE de Arte Contempor\u00e1neo, revista cultural independiente Nomepierdoniuna, Escuela de Arte y Superior de Dise\u00f1o de Castell\u00f3n, la\u2026","rel":"","context":"Entrada similar","block_context":{"text":"Entrada similar","link":""},"img":{"alt_text":"","src":"","width":0,"height":0},"classes":[]}],"jetpack_sharing_enabled":true,"_links":{"self":[{"href":"https:\/\/jlmirall.es\/index.php?rest_route=\/wp\/v2\/pages\/1483","targetHints":{"allow":["GET"]}}],"collection":[{"href":"https:\/\/jlmirall.es\/index.php?rest_route=\/wp\/v2\/pages"}],"about":[{"href":"https:\/\/jlmirall.es\/index.php?rest_route=\/wp\/v2\/types\/page"}],"author":[{"embeddable":true,"href":"https:\/\/jlmirall.es\/index.php?rest_route=\/wp\/v2\/users\/1"}],"replies":[{"embeddable":true,"href":"https:\/\/jlmirall.es\/index.php?rest_route=%2Fwp%2Fv2%2Fcomments&post=1483"}],"version-history":[{"count":2,"href":"https:\/\/jlmirall.es\/index.php?rest_route=\/wp\/v2\/pages\/1483\/revisions"}],"predecessor-version":[{"id":1501,"href":"https:\/\/jlmirall.es\/index.php?rest_route=\/wp\/v2\/pages\/1483\/revisions\/1501"}],"wp:attachment":[{"href":"https:\/\/jlmirall.es\/index.php?rest_route=%2Fwp%2Fv2%2Fmedia&parent=1483"}],"curies":[{"name":"wp","href":"https:\/\/api.w.org\/{rel}","templated":true}]}}