{"id":1705,"date":"2024-02-13T15:08:12","date_gmt":"2024-02-13T14:08:12","guid":{"rendered":"https:\/\/jlmirall.es\/?post_type=jetpack-portfolio&#038;p=1705"},"modified":"2024-02-18T00:16:46","modified_gmt":"2024-02-17T23:16:46","slug":"centenari-gojos-lledo-castello","status":"publish","type":"jetpack-portfolio","link":"https:\/\/jlmirall.es\/?portfolio=centenari-gojos-lledo-castello","title":{"rendered":"*Centenari Gojos Lled\u00f3 Castell\u00f3"},"content":{"rendered":"\n<p>Ayer por la ma\u00f1ana se celebr\u00f3 un acto hist\u00f3rico en Castell\u00f3n, era el centenario de una de las composiciones religiosas m\u00e1s destacadas de la ciudad. Gracias a la iniciativa y confianza de <a href=\"https:\/\/www.facebook.com\/cpascualperez?__cft__[0]=AZV31RQKAVaWMLqatjro2AUafvjZaNVeGCSuwBzdtstS5y0VPBOJFBkaiRCZg-Ei8Mc0ZP-4VYlI75ZBvyl72AhLQLOtzH-1cfxzXBtXCYhmYmIfaezH2Tvua7kvbZeO8PilmBh0FOjHD8KJtECh8Q_dWSfaql9um-QGODCbXwkeQw&amp;__tn__=-]K-R\">Carlos Pascual<\/a> tuve el honor de participar no solo como m\u00fasico en el acto conmemorativo sino tambi\u00e9n con la creaci\u00f3n de un nuevo acompa\u00f1amiento para piano de los (seg\u00fan figura en los manuscritos): \u00abGojos a la Mare de D\u00e9u del Lled\u00f3\u00bb en la nueva edici\u00f3n conmemorativa de los mismos junto a otras <a><\/a>versiones para banda, grupo de dulzainas y tabal, o de voces solas.<\/p>\n\n\n\n<p>Ser\u00e1 todo un honor participar en el bicentenario de la composici\u00f3n original y centenario de las nuevas versiones.<\/p>\n\n\n\n<figure class=\"wp-block-image size-large\"><a href=\"https:\/\/i0.wp.com\/jlmirall.es\/wp-content\/uploads\/2024\/02\/Captura-de-pantalla-2024-02-14-a-les-17.06.54.jpg?ssl=1\"><img data-recalc-dims=\"1\" loading=\"lazy\" decoding=\"async\" width=\"1024\" height=\"763\" data-attachment-id=\"2793\" data-permalink=\"https:\/\/jlmirall.es\/?attachment_id=2793\" data-orig-file=\"https:\/\/i0.wp.com\/jlmirall.es\/wp-content\/uploads\/2024\/02\/Captura-de-pantalla-2024-02-14-a-les-17.06.54.jpg?fit=2220%2C1654&amp;ssl=1\" data-orig-size=\"2220,1654\" data-comments-opened=\"0\" data-image-meta=\"{&quot;aperture&quot;:&quot;0&quot;,&quot;credit&quot;:&quot;&quot;,&quot;camera&quot;:&quot;&quot;,&quot;caption&quot;:&quot;&quot;,&quot;created_timestamp&quot;:&quot;0&quot;,&quot;copyright&quot;:&quot;&quot;,&quot;focal_length&quot;:&quot;0&quot;,&quot;iso&quot;:&quot;0&quot;,&quot;shutter_speed&quot;:&quot;0&quot;,&quot;title&quot;:&quot;&quot;,&quot;orientation&quot;:&quot;1&quot;}\" data-image-title=\"Captura-de-pantalla-2024-02-14-a-les-17.06.54\" data-image-description=\"\" data-image-caption=\"\" data-large-file=\"https:\/\/i0.wp.com\/jlmirall.es\/wp-content\/uploads\/2024\/02\/Captura-de-pantalla-2024-02-14-a-les-17.06.54.jpg?fit=1024%2C763&amp;ssl=1\" src=\"https:\/\/i0.wp.com\/jlmirall.es\/wp-content\/uploads\/2024\/02\/Captura-de-pantalla-2024-02-14-a-les-17.06.54.jpg?resize=1024%2C763&#038;ssl=1\" alt=\"\" class=\"wp-image-2793\" srcset=\"https:\/\/i0.wp.com\/jlmirall.es\/wp-content\/uploads\/2024\/02\/Captura-de-pantalla-2024-02-14-a-les-17.06.54.jpg?resize=1024%2C763&amp;ssl=1 1024w, https:\/\/i0.wp.com\/jlmirall.es\/wp-content\/uploads\/2024\/02\/Captura-de-pantalla-2024-02-14-a-les-17.06.54.jpg?resize=300%2C224&amp;ssl=1 300w, https:\/\/i0.wp.com\/jlmirall.es\/wp-content\/uploads\/2024\/02\/Captura-de-pantalla-2024-02-14-a-les-17.06.54.jpg?resize=768%2C572&amp;ssl=1 768w, https:\/\/i0.wp.com\/jlmirall.es\/wp-content\/uploads\/2024\/02\/Captura-de-pantalla-2024-02-14-a-les-17.06.54.jpg?resize=1536%2C1144&amp;ssl=1 1536w, https:\/\/i0.wp.com\/jlmirall.es\/wp-content\/uploads\/2024\/02\/Captura-de-pantalla-2024-02-14-a-les-17.06.54.jpg?resize=2048%2C1526&amp;ssl=1 2048w\" sizes=\"auto, (max-width: 1000px) 100vw, 1000px\" \/><\/a><\/figure>\n","protected":false},"excerpt":{"rendered":"<p>Ayer por la ma\u00f1ana se celebr\u00f3 un acto hist\u00f3rico en Castell\u00f3n, era el centenario de una de las composiciones religiosas m\u00e1s destacadas de la ciudad. Gracias a la iniciativa y confianza de Carlos Pascual tuve el honor de participar no solo como m\u00fasico en el acto conmemorativo sino tambi\u00e9n con la creaci\u00f3n de un nuevo [&hellip;]<\/p>\n","protected":false},"author":1,"featured_media":1739,"comment_status":"closed","ping_status":"closed","template":"","format":"standard","meta":{"footnotes":""},"jetpack-portfolio-type":[47,40],"jetpack-portfolio-tag":[],"class_list":["post-1705","jetpack-portfolio","type-jetpack-portfolio","status-publish","format-standard","has-post-thumbnail","hentry","jetpack-portfolio-type-liricos","jetpack-portfolio-type-sinfonico-lirico"],"jetpack-related-posts":[{"id":1751,"url":"https:\/\/jlmirall.es\/?portfolio=concierto-monografico-rzewski","url_meta":{"origin":1705,"position":0},"title":"*Concierto Monogr\u00e1fico Rzewski","author":"Oysiao","date":"13 febrero, 2024","format":false,"excerpt":"\u201cFrederic Rzewski, the greatest pianist-composer of our time\u00a0and something of a legend in modern music\u201cMark Swed,\u00a0The Los Angeles Times Pianista, compositor e improvisador \u00fanico en el mundo, Frederic Rzewski es una leyenda viva de la m\u00fasica de nuestro tiempo. Sus obras y su poli\u00e9drica actividad creativa representan un cap\u00edtulo \u00fanico\u2026","rel":"","context":"Entrada similar","block_context":{"text":"Entrada similar","link":""},"img":{"alt_text":"","src":"","width":0,"height":0},"classes":[]},{"id":1771,"url":"https:\/\/jlmirall.es\/?portfolio=mozart-part","url_meta":{"origin":1705,"position":1},"title":"*Mozart &#038; Part","author":"Oysiao","date":"13 febrero, 2024","format":false,"excerpt":"Los siguientes compases pertenecen al segundo movimiento del concierto para piano y orquesta KV 488 de Mozart. \u00bfUtilizaci\u00f3n de los m\u00ednimos recursos o esquema de algo que no lleg\u00f3 en su totalidad a ser plasmado en papel? Sabemos que Mozart ornamentaba sus propias obras y de hecho se conserva un\u2026","rel":"","context":"Entrada similar","block_context":{"text":"Entrada similar","link":""},"img":{"alt_text":"","src":"https:\/\/i0.wp.com\/jlmirall.es\/wp-content\/uploads\/2024\/02\/1889058_10152292790174516_349296492_o.jpeg?fit=1200%2C566&ssl=1&resize=350%2C200","width":350,"height":200,"srcset":"https:\/\/i0.wp.com\/jlmirall.es\/wp-content\/uploads\/2024\/02\/1889058_10152292790174516_349296492_o.jpeg?fit=1200%2C566&ssl=1&resize=350%2C200 1x, https:\/\/i0.wp.com\/jlmirall.es\/wp-content\/uploads\/2024\/02\/1889058_10152292790174516_349296492_o.jpeg?fit=1200%2C566&ssl=1&resize=525%2C300 1.5x, https:\/\/i0.wp.com\/jlmirall.es\/wp-content\/uploads\/2024\/02\/1889058_10152292790174516_349296492_o.jpeg?fit=1200%2C566&ssl=1&resize=700%2C400 2x, https:\/\/i0.wp.com\/jlmirall.es\/wp-content\/uploads\/2024\/02\/1889058_10152292790174516_349296492_o.jpeg?fit=1200%2C566&ssl=1&resize=1050%2C600 3x"},"classes":[]},{"id":1617,"url":"https:\/\/jlmirall.es\/?portfolio=el-rol-de-los-expertos-para-enriquecer-la-propia-praxis-docente","url_meta":{"origin":1705,"position":2},"title":"El rol de los expertos para enriquecer la propia praxis docente","author":"Oysiao","date":"13 febrero, 2024","format":false,"excerpt":"","rel":"","context":"Entrada similar","block_context":{"text":"Entrada similar","link":""},"img":{"alt_text":"","src":"https:\/\/i0.wp.com\/jlmirall.es\/wp-content\/uploads\/2024\/02\/rol-expertos.jpg?fit=1200%2C903&ssl=1&resize=350%2C200","width":350,"height":200,"srcset":"https:\/\/i0.wp.com\/jlmirall.es\/wp-content\/uploads\/2024\/02\/rol-expertos.jpg?fit=1200%2C903&ssl=1&resize=350%2C200 1x, https:\/\/i0.wp.com\/jlmirall.es\/wp-content\/uploads\/2024\/02\/rol-expertos.jpg?fit=1200%2C903&ssl=1&resize=525%2C300 1.5x, https:\/\/i0.wp.com\/jlmirall.es\/wp-content\/uploads\/2024\/02\/rol-expertos.jpg?fit=1200%2C903&ssl=1&resize=700%2C400 2x, https:\/\/i0.wp.com\/jlmirall.es\/wp-content\/uploads\/2024\/02\/rol-expertos.jpg?fit=1200%2C903&ssl=1&resize=1050%2C600 3x"},"classes":[]},{"id":1597,"url":"https:\/\/jlmirall.es\/?portfolio=los-secretos-de-la-lectura-a-primera-vista-en-el-piano-al-descubierto","url_meta":{"origin":1705,"position":3},"title":"Los secretos de la lectura a primera vista en el piano al descubierto","author":"Oysiao","date":"13 febrero, 2024","format":false,"excerpt":"","rel":"","context":"Entrada similar","block_context":{"text":"Entrada similar","link":""},"img":{"alt_text":"","src":"https:\/\/i0.wp.com\/jlmirall.es\/wp-content\/uploads\/2024\/02\/los-secreto.jpg?fit=1200%2C750&ssl=1&resize=350%2C200","width":350,"height":200,"srcset":"https:\/\/i0.wp.com\/jlmirall.es\/wp-content\/uploads\/2024\/02\/los-secreto.jpg?fit=1200%2C750&ssl=1&resize=350%2C200 1x, https:\/\/i0.wp.com\/jlmirall.es\/wp-content\/uploads\/2024\/02\/los-secreto.jpg?fit=1200%2C750&ssl=1&resize=525%2C300 1.5x, https:\/\/i0.wp.com\/jlmirall.es\/wp-content\/uploads\/2024\/02\/los-secreto.jpg?fit=1200%2C750&ssl=1&resize=700%2C400 2x, https:\/\/i0.wp.com\/jlmirall.es\/wp-content\/uploads\/2024\/02\/los-secreto.jpg?fit=1200%2C750&ssl=1&resize=1050%2C600 3x"},"classes":[]},{"id":1609,"url":"https:\/\/jlmirall.es\/?portfolio=revelando-los-secretos-de-la-ensenanza-de-la-lectura-a-primera-vista-en-el-piano","url_meta":{"origin":1705,"position":4},"title":"Revelando los secretos de la ense\u00f1anza de la lectura a primera vista en el piano","author":"Oysiao","date":"13 febrero, 2024","format":false,"excerpt":"","rel":"","context":"Entrada similar","block_context":{"text":"Entrada similar","link":""},"img":{"alt_text":"","src":"https:\/\/i0.wp.com\/jlmirall.es\/wp-content\/uploads\/2024\/02\/revelando.jpg?fit=1200%2C814&ssl=1&resize=350%2C200","width":350,"height":200,"srcset":"https:\/\/i0.wp.com\/jlmirall.es\/wp-content\/uploads\/2024\/02\/revelando.jpg?fit=1200%2C814&ssl=1&resize=350%2C200 1x, https:\/\/i0.wp.com\/jlmirall.es\/wp-content\/uploads\/2024\/02\/revelando.jpg?fit=1200%2C814&ssl=1&resize=525%2C300 1.5x, https:\/\/i0.wp.com\/jlmirall.es\/wp-content\/uploads\/2024\/02\/revelando.jpg?fit=1200%2C814&ssl=1&resize=700%2C400 2x, https:\/\/i0.wp.com\/jlmirall.es\/wp-content\/uploads\/2024\/02\/revelando.jpg?fit=1200%2C814&ssl=1&resize=1050%2C600 3x"},"classes":[]},{"id":1541,"url":"https:\/\/jlmirall.es\/?portfolio=ivo-pogorelich","url_meta":{"origin":1705,"position":5},"title":"Ivo Pogorelich","author":"Oysiao","date":"13 febrero, 2024","format":false,"excerpt":"Conferencia sobre la vida de Pogorelich y su m\u00fasica en un concierto en el Auditori de Castell\u00f3. Posteriormente pude pasarle las hojas durante el concierto.","rel":"","context":"Entrada similar","block_context":{"text":"Entrada similar","link":""},"img":{"alt_text":"","src":"https:\/\/i0.wp.com\/jlmirall.es\/wp-content\/uploads\/2024\/02\/Pogorelich.jpg?fit=1152%2C648&ssl=1&resize=350%2C200","width":350,"height":200,"srcset":"https:\/\/i0.wp.com\/jlmirall.es\/wp-content\/uploads\/2024\/02\/Pogorelich.jpg?fit=1152%2C648&ssl=1&resize=350%2C200 1x, https:\/\/i0.wp.com\/jlmirall.es\/wp-content\/uploads\/2024\/02\/Pogorelich.jpg?fit=1152%2C648&ssl=1&resize=525%2C300 1.5x, https:\/\/i0.wp.com\/jlmirall.es\/wp-content\/uploads\/2024\/02\/Pogorelich.jpg?fit=1152%2C648&ssl=1&resize=700%2C400 2x, https:\/\/i0.wp.com\/jlmirall.es\/wp-content\/uploads\/2024\/02\/Pogorelich.jpg?fit=1152%2C648&ssl=1&resize=1050%2C600 3x"},"classes":[]}],"jetpack_sharing_enabled":true,"_links":{"self":[{"href":"https:\/\/jlmirall.es\/index.php?rest_route=\/wp\/v2\/jetpack-portfolio\/1705","targetHints":{"allow":["GET"]}}],"collection":[{"href":"https:\/\/jlmirall.es\/index.php?rest_route=\/wp\/v2\/jetpack-portfolio"}],"about":[{"href":"https:\/\/jlmirall.es\/index.php?rest_route=\/wp\/v2\/types\/jetpack-portfolio"}],"author":[{"embeddable":true,"href":"https:\/\/jlmirall.es\/index.php?rest_route=\/wp\/v2\/users\/1"}],"replies":[{"embeddable":true,"href":"https:\/\/jlmirall.es\/index.php?rest_route=%2Fwp%2Fv2%2Fcomments&post=1705"}],"version-history":[{"count":3,"href":"https:\/\/jlmirall.es\/index.php?rest_route=\/wp\/v2\/jetpack-portfolio\/1705\/revisions"}],"predecessor-version":[{"id":2795,"href":"https:\/\/jlmirall.es\/index.php?rest_route=\/wp\/v2\/jetpack-portfolio\/1705\/revisions\/2795"}],"wp:featuredmedia":[{"embeddable":true,"href":"https:\/\/jlmirall.es\/index.php?rest_route=\/wp\/v2\/media\/1739"}],"wp:attachment":[{"href":"https:\/\/jlmirall.es\/index.php?rest_route=%2Fwp%2Fv2%2Fmedia&parent=1705"}],"wp:term":[{"taxonomy":"jetpack-portfolio-type","embeddable":true,"href":"https:\/\/jlmirall.es\/index.php?rest_route=%2Fwp%2Fv2%2Fjetpack-portfolio-type&post=1705"},{"taxonomy":"jetpack-portfolio-tag","embeddable":true,"href":"https:\/\/jlmirall.es\/index.php?rest_route=%2Fwp%2Fv2%2Fjetpack-portfolio-tag&post=1705"}],"curies":[{"name":"wp","href":"https:\/\/api.w.org\/{rel}","templated":true}]}}