{"id":1633,"date":"2024-02-13T13:47:52","date_gmt":"2024-02-13T12:47:52","guid":{"rendered":"https:\/\/jlmirall.es\/?post_type=jetpack-portfolio&#038;p=1633"},"modified":"2024-02-13T13:51:33","modified_gmt":"2024-02-13T12:51:33","slug":"cuando-hacemos-sonar-la-inteligencia-musical-cefire","status":"publish","type":"jetpack-portfolio","link":"https:\/\/jlmirall.es\/?portfolio=cuando-hacemos-sonar-la-inteligencia-musical-cefire","title":{"rendered":"Cuando hacemos sonar la inteligencia musical (CEFIRE)"},"content":{"rendered":"","protected":false},"excerpt":{"rendered":"","protected":false},"author":1,"featured_media":1641,"comment_status":"closed","ping_status":"closed","template":"","format":"standard","meta":{"footnotes":""},"jetpack-portfolio-type":[46,41],"jetpack-portfolio-tag":[],"class_list":["post-1633","jetpack-portfolio","type-jetpack-portfolio","status-publish","format-standard","has-post-thumbnail","hentry","jetpack-portfolio-type-ponencia","jetpack-portfolio-type-ponencias-conferencias"],"jetpack-related-posts":[{"id":1599,"url":"https:\/\/jlmirall.es\/?portfolio=la-evaluacion-internacional-y-la-educacion-artistico-musical-necesita-mejorar","url_meta":{"origin":1633,"position":0},"title":"La evaluaci\u00f3n internacional y la educaci\u00f3n art\u00edstico-musical necesita mejorar","author":"Oysiao","date":"13 febrero, 2024","format":false,"excerpt":"","rel":"","context":"Entrada similar","block_context":{"text":"Entrada similar","link":""},"img":{"alt_text":"","src":"https:\/\/i0.wp.com\/jlmirall.es\/wp-content\/uploads\/2024\/02\/necesita-mejorar.jpg?fit=1200%2C741&ssl=1&resize=350%2C200","width":350,"height":200,"srcset":"https:\/\/i0.wp.com\/jlmirall.es\/wp-content\/uploads\/2024\/02\/necesita-mejorar.jpg?fit=1200%2C741&ssl=1&resize=350%2C200 1x, https:\/\/i0.wp.com\/jlmirall.es\/wp-content\/uploads\/2024\/02\/necesita-mejorar.jpg?fit=1200%2C741&ssl=1&resize=525%2C300 1.5x, https:\/\/i0.wp.com\/jlmirall.es\/wp-content\/uploads\/2024\/02\/necesita-mejorar.jpg?fit=1200%2C741&ssl=1&resize=700%2C400 2x, https:\/\/i0.wp.com\/jlmirall.es\/wp-content\/uploads\/2024\/02\/necesita-mejorar.jpg?fit=1200%2C741&ssl=1&resize=1050%2C600 3x"},"classes":[]},{"id":1631,"url":"https:\/\/jlmirall.es\/?portfolio=la-educacion-musical-sufre-bullying","url_meta":{"origin":1633,"position":1},"title":"La educaci\u00f3n musical sufre bullying","author":"Oysiao","date":"13 febrero, 2024","format":false,"excerpt":"","rel":"","context":"Entrada similar","block_context":{"text":"Entrada similar","link":""},"img":{"alt_text":"","src":"https:\/\/i0.wp.com\/jlmirall.es\/wp-content\/uploads\/2024\/02\/bullying.jpg?fit=1200%2C766&ssl=1&resize=350%2C200","width":350,"height":200,"srcset":"https:\/\/i0.wp.com\/jlmirall.es\/wp-content\/uploads\/2024\/02\/bullying.jpg?fit=1200%2C766&ssl=1&resize=350%2C200 1x, https:\/\/i0.wp.com\/jlmirall.es\/wp-content\/uploads\/2024\/02\/bullying.jpg?fit=1200%2C766&ssl=1&resize=525%2C300 1.5x, https:\/\/i0.wp.com\/jlmirall.es\/wp-content\/uploads\/2024\/02\/bullying.jpg?fit=1200%2C766&ssl=1&resize=700%2C400 2x, https:\/\/i0.wp.com\/jlmirall.es\/wp-content\/uploads\/2024\/02\/bullying.jpg?fit=1200%2C766&ssl=1&resize=1050%2C600 3x"},"classes":[]},{"id":1685,"url":"https:\/\/jlmirall.es\/?portfolio=chicago-el-musical-el-taronger-olcs","url_meta":{"origin":1633,"position":2},"title":"*CHICAGO, el Musical [El taronger + OLCS]","author":"Oysiao","date":"13 febrero, 2024","format":false,"excerpt":"https:\/\/youtu.be\/dgyg3vvGE4Y?si=-TFRzhPVrkDrqlKB Fotograf\u00eda: Carmen Campos","rel":"","context":"Entrada similar","block_context":{"text":"Entrada similar","link":""},"img":{"alt_text":"","src":"https:\/\/i0.wp.com\/jlmirall.es\/wp-content\/uploads\/2024\/02\/Captura-de-pantalla-2015-04-08-a-les-20.25.47.jpg?fit=503%2C268&ssl=1&resize=350%2C200","width":350,"height":200},"classes":[]},{"id":1623,"url":"https:\/\/jlmirall.es\/?portfolio=from-re-search-to-me-search-apuntes-sobre-una-educacion-musical-reflexiva","url_meta":{"origin":1633,"position":3},"title":"From re-search to me-search: apuntes sobre una educaci\u00f3n musical reflexiva","author":"Oysiao","date":"13 febrero, 2024","format":false,"excerpt":"","rel":"","context":"Entrada similar","block_context":{"text":"Entrada similar","link":""},"img":{"alt_text":"","src":"https:\/\/i0.wp.com\/jlmirall.es\/wp-content\/uploads\/2024\/02\/from-re-search.jpg?fit=1059%2C794&ssl=1&resize=350%2C200","width":350,"height":200,"srcset":"https:\/\/i0.wp.com\/jlmirall.es\/wp-content\/uploads\/2024\/02\/from-re-search.jpg?fit=1059%2C794&ssl=1&resize=350%2C200 1x, https:\/\/i0.wp.com\/jlmirall.es\/wp-content\/uploads\/2024\/02\/from-re-search.jpg?fit=1059%2C794&ssl=1&resize=525%2C300 1.5x, https:\/\/i0.wp.com\/jlmirall.es\/wp-content\/uploads\/2024\/02\/from-re-search.jpg?fit=1059%2C794&ssl=1&resize=700%2C400 2x, https:\/\/i0.wp.com\/jlmirall.es\/wp-content\/uploads\/2024\/02\/from-re-search.jpg?fit=1059%2C794&ssl=1&resize=1050%2C600 3x"},"classes":[]},{"id":1751,"url":"https:\/\/jlmirall.es\/?portfolio=concierto-monografico-rzewski","url_meta":{"origin":1633,"position":4},"title":"*Concierto Monogr\u00e1fico Rzewski","author":"Oysiao","date":"13 febrero, 2024","format":false,"excerpt":"\u201cFrederic Rzewski, the greatest pianist-composer of our time\u00a0and something of a legend in modern music\u201cMark Swed,\u00a0The Los Angeles Times Pianista, compositor e improvisador \u00fanico en el mundo, Frederic Rzewski es una leyenda viva de la m\u00fasica de nuestro tiempo. Sus obras y su poli\u00e9drica actividad creativa representan un cap\u00edtulo \u00fanico\u2026","rel":"","context":"Entrada similar","block_context":{"text":"Entrada similar","link":""},"img":{"alt_text":"","src":"","width":0,"height":0},"classes":[]},{"id":1522,"url":"https:\/\/jlmirall.es\/?portfolio=beethoven","url_meta":{"origin":1633,"position":5},"title":"Beethoven","author":"Oysiao","date":"13 febrero, 2024","format":false,"excerpt":"Conferencia sobre la composici\u00f3n de la sinfon\u00eda Eroica de Beethoven para la Semana Cultural del Conservatorio. Previa al visionado de la pel\u00edcula Eroica de la BBC.","rel":"","context":"Entrada similar","block_context":{"text":"Entrada similar","link":""},"img":{"alt_text":"","src":"https:\/\/i0.wp.com\/jlmirall.es\/wp-content\/uploads\/2024\/02\/Eroica.jpg?fit=1200%2C899&ssl=1&resize=350%2C200","width":350,"height":200,"srcset":"https:\/\/i0.wp.com\/jlmirall.es\/wp-content\/uploads\/2024\/02\/Eroica.jpg?fit=1200%2C899&ssl=1&resize=350%2C200 1x, https:\/\/i0.wp.com\/jlmirall.es\/wp-content\/uploads\/2024\/02\/Eroica.jpg?fit=1200%2C899&ssl=1&resize=525%2C300 1.5x, https:\/\/i0.wp.com\/jlmirall.es\/wp-content\/uploads\/2024\/02\/Eroica.jpg?fit=1200%2C899&ssl=1&resize=700%2C400 2x, https:\/\/i0.wp.com\/jlmirall.es\/wp-content\/uploads\/2024\/02\/Eroica.jpg?fit=1200%2C899&ssl=1&resize=1050%2C600 3x"},"classes":[]}],"jetpack_sharing_enabled":true,"_links":{"self":[{"href":"https:\/\/jlmirall.es\/index.php?rest_route=\/wp\/v2\/jetpack-portfolio\/1633","targetHints":{"allow":["GET"]}}],"collection":[{"href":"https:\/\/jlmirall.es\/index.php?rest_route=\/wp\/v2\/jetpack-portfolio"}],"about":[{"href":"https:\/\/jlmirall.es\/index.php?rest_route=\/wp\/v2\/types\/jetpack-portfolio"}],"author":[{"embeddable":true,"href":"https:\/\/jlmirall.es\/index.php?rest_route=\/wp\/v2\/users\/1"}],"replies":[{"embeddable":true,"href":"https:\/\/jlmirall.es\/index.php?rest_route=%2Fwp%2Fv2%2Fcomments&post=1633"}],"version-history":[{"count":1,"href":"https:\/\/jlmirall.es\/index.php?rest_route=\/wp\/v2\/jetpack-portfolio\/1633\/revisions"}],"predecessor-version":[{"id":1634,"href":"https:\/\/jlmirall.es\/index.php?rest_route=\/wp\/v2\/jetpack-portfolio\/1633\/revisions\/1634"}],"wp:featuredmedia":[{"embeddable":true,"href":"https:\/\/jlmirall.es\/index.php?rest_route=\/wp\/v2\/media\/1641"}],"wp:attachment":[{"href":"https:\/\/jlmirall.es\/index.php?rest_route=%2Fwp%2Fv2%2Fmedia&parent=1633"}],"wp:term":[{"taxonomy":"jetpack-portfolio-type","embeddable":true,"href":"https:\/\/jlmirall.es\/index.php?rest_route=%2Fwp%2Fv2%2Fjetpack-portfolio-type&post=1633"},{"taxonomy":"jetpack-portfolio-tag","embeddable":true,"href":"https:\/\/jlmirall.es\/index.php?rest_route=%2Fwp%2Fv2%2Fjetpack-portfolio-tag&post=1633"}],"curies":[{"name":"wp","href":"https:\/\/api.w.org\/{rel}","templated":true}]}}