{"id":1607,"date":"2024-02-13T13:43:39","date_gmt":"2024-02-13T12:43:39","guid":{"rendered":"https:\/\/jlmirall.es\/?post_type=jetpack-portfolio&#038;p=1607"},"modified":"2024-02-13T14:00:46","modified_gmt":"2024-02-13T13:00:46","slug":"recursos-para-el-maestro-de-musica-en-lugares-insospechados","status":"publish","type":"jetpack-portfolio","link":"https:\/\/jlmirall.es\/?portfolio=recursos-para-el-maestro-de-musica-en-lugares-insospechados","title":{"rendered":"Recursos para el maestro de m\u00fasica en lugares insospechados"},"content":{"rendered":"","protected":false},"excerpt":{"rendered":"","protected":false},"author":1,"featured_media":1655,"comment_status":"closed","ping_status":"closed","template":"","format":"standard","meta":{"footnotes":""},"jetpack-portfolio-type":[46,41],"jetpack-portfolio-tag":[],"class_list":["post-1607","jetpack-portfolio","type-jetpack-portfolio","status-publish","format-standard","has-post-thumbnail","hentry","jetpack-portfolio-type-ponencia","jetpack-portfolio-type-ponencias-conferencias"],"jetpack-related-posts":[{"id":1593,"url":"https:\/\/jlmirall.es\/?portfolio=redes-informales-de-aprendizaje","url_meta":{"origin":1607,"position":0},"title":"Redes informales de aprendizaje","author":"Oysiao","date":"13 febrero, 2024","format":false,"excerpt":"Redes informales de aprendizaje para el futuro maestro de m\u00fasica.","rel":"","context":"Entrada similar","block_context":{"text":"Entrada similar","link":""},"img":{"alt_text":"","src":"https:\/\/i0.wp.com\/jlmirall.es\/wp-content\/uploads\/2024\/02\/redes-informales.jpg?fit=1200%2C750&ssl=1&resize=350%2C200","width":350,"height":200,"srcset":"https:\/\/i0.wp.com\/jlmirall.es\/wp-content\/uploads\/2024\/02\/redes-informales.jpg?fit=1200%2C750&ssl=1&resize=350%2C200 1x, https:\/\/i0.wp.com\/jlmirall.es\/wp-content\/uploads\/2024\/02\/redes-informales.jpg?fit=1200%2C750&ssl=1&resize=525%2C300 1.5x, https:\/\/i0.wp.com\/jlmirall.es\/wp-content\/uploads\/2024\/02\/redes-informales.jpg?fit=1200%2C750&ssl=1&resize=700%2C400 2x, https:\/\/i0.wp.com\/jlmirall.es\/wp-content\/uploads\/2024\/02\/redes-informales.jpg?fit=1200%2C750&ssl=1&resize=1050%2C600 3x"},"classes":[]},{"id":1530,"url":"https:\/\/jlmirall.es\/?portfolio=el-ultimo-ano-de-vida-de-schubert","url_meta":{"origin":1607,"position":1},"title":"El \u00faltimo a\u00f1o de vida de Schubert","author":"Oysiao","date":"13 febrero, 2024","format":false,"excerpt":"Concierto-Conferencia sobre la vida y m\u00fasica de Schubert en su \u00faltimo a\u00f1o de vida para la Semana Cultural del Conservatorio.","rel":"","context":"Entrada similar","block_context":{"text":"Entrada similar","link":""},"img":{"alt_text":"","src":"https:\/\/i0.wp.com\/jlmirall.es\/wp-content\/uploads\/2024\/02\/Schubert-e1707821481659.jpg?fit=1061%2C585&ssl=1&resize=350%2C200","width":350,"height":200,"srcset":"https:\/\/i0.wp.com\/jlmirall.es\/wp-content\/uploads\/2024\/02\/Schubert-e1707821481659.jpg?fit=1061%2C585&ssl=1&resize=350%2C200 1x, https:\/\/i0.wp.com\/jlmirall.es\/wp-content\/uploads\/2024\/02\/Schubert-e1707821481659.jpg?fit=1061%2C585&ssl=1&resize=525%2C300 1.5x, https:\/\/i0.wp.com\/jlmirall.es\/wp-content\/uploads\/2024\/02\/Schubert-e1707821481659.jpg?fit=1061%2C585&ssl=1&resize=700%2C400 2x, https:\/\/i0.wp.com\/jlmirall.es\/wp-content\/uploads\/2024\/02\/Schubert-e1707821481659.jpg?fit=1061%2C585&ssl=1&resize=1050%2C600 3x"},"classes":[]},{"id":1751,"url":"https:\/\/jlmirall.es\/?portfolio=concierto-monografico-rzewski","url_meta":{"origin":1607,"position":2},"title":"*Concierto Monogr\u00e1fico Rzewski","author":"Oysiao","date":"13 febrero, 2024","format":false,"excerpt":"\u201cFrederic Rzewski, the greatest pianist-composer of our time\u00a0and something of a legend in modern music\u201cMark Swed,\u00a0The Los Angeles Times Pianista, compositor e improvisador \u00fanico en el mundo, Frederic Rzewski es una leyenda viva de la m\u00fasica de nuestro tiempo. Sus obras y su poli\u00e9drica actividad creativa representan un cap\u00edtulo \u00fanico\u2026","rel":"","context":"Entrada similar","block_context":{"text":"Entrada similar","link":""},"img":{"alt_text":"","src":"","width":0,"height":0},"classes":[]},{"id":1566,"url":"https:\/\/jlmirall.es\/?portfolio=vibraccions","url_meta":{"origin":1607,"position":3},"title":"Vibraccions","author":"Oysiao","date":"13 febrero, 2024","format":false,"excerpt":"Usando un instrumento como el theremin, que todo el mundo puede tocar, generaremos sonido que interactuar\u00e1 con luces en movimiento para hacer visible qu\u00e9 escuchamos y de este modo, que todo el mundo pueda acceder visualmente y\/o auditivamente a esta experiencia. Un taller en que la m\u00fasica se podr\u00e1 ver.\u2026","rel":"","context":"Entrada similar","block_context":{"text":"Entrada similar","link":""},"img":{"alt_text":"","src":"https:\/\/i0.wp.com\/jlmirall.es\/wp-content\/uploads\/2024\/02\/Captura-de-pantalla-2024-02-13-a-les-13.15.51.jpg?fit=1200%2C774&ssl=1&resize=350%2C200","width":350,"height":200,"srcset":"https:\/\/i0.wp.com\/jlmirall.es\/wp-content\/uploads\/2024\/02\/Captura-de-pantalla-2024-02-13-a-les-13.15.51.jpg?fit=1200%2C774&ssl=1&resize=350%2C200 1x, https:\/\/i0.wp.com\/jlmirall.es\/wp-content\/uploads\/2024\/02\/Captura-de-pantalla-2024-02-13-a-les-13.15.51.jpg?fit=1200%2C774&ssl=1&resize=525%2C300 1.5x, https:\/\/i0.wp.com\/jlmirall.es\/wp-content\/uploads\/2024\/02\/Captura-de-pantalla-2024-02-13-a-les-13.15.51.jpg?fit=1200%2C774&ssl=1&resize=700%2C400 2x, https:\/\/i0.wp.com\/jlmirall.es\/wp-content\/uploads\/2024\/02\/Captura-de-pantalla-2024-02-13-a-les-13.15.51.jpg?fit=1200%2C774&ssl=1&resize=1050%2C600 3x"},"classes":[]},{"id":1771,"url":"https:\/\/jlmirall.es\/?portfolio=mozart-part","url_meta":{"origin":1607,"position":4},"title":"*Mozart &#038; Part","author":"Oysiao","date":"13 febrero, 2024","format":false,"excerpt":"Los siguientes compases pertenecen al segundo movimiento del concierto para piano y orquesta KV 488 de Mozart. \u00bfUtilizaci\u00f3n de los m\u00ednimos recursos o esquema de algo que no lleg\u00f3 en su totalidad a ser plasmado en papel? Sabemos que Mozart ornamentaba sus propias obras y de hecho se conserva un\u2026","rel":"","context":"Entrada similar","block_context":{"text":"Entrada similar","link":""},"img":{"alt_text":"","src":"https:\/\/i0.wp.com\/jlmirall.es\/wp-content\/uploads\/2024\/02\/1889058_10152292790174516_349296492_o.jpeg?fit=1200%2C566&ssl=1&resize=350%2C200","width":350,"height":200,"srcset":"https:\/\/i0.wp.com\/jlmirall.es\/wp-content\/uploads\/2024\/02\/1889058_10152292790174516_349296492_o.jpeg?fit=1200%2C566&ssl=1&resize=350%2C200 1x, https:\/\/i0.wp.com\/jlmirall.es\/wp-content\/uploads\/2024\/02\/1889058_10152292790174516_349296492_o.jpeg?fit=1200%2C566&ssl=1&resize=525%2C300 1.5x, https:\/\/i0.wp.com\/jlmirall.es\/wp-content\/uploads\/2024\/02\/1889058_10152292790174516_349296492_o.jpeg?fit=1200%2C566&ssl=1&resize=700%2C400 2x, https:\/\/i0.wp.com\/jlmirall.es\/wp-content\/uploads\/2024\/02\/1889058_10152292790174516_349296492_o.jpeg?fit=1200%2C566&ssl=1&resize=1050%2C600 3x"},"classes":[]},{"id":1765,"url":"https:\/\/jlmirall.es\/?portfolio=20-anos-20-pianos","url_meta":{"origin":1607,"position":5},"title":"*20 a\u00f1os 20 pianos","author":"Oysiao","date":"13 febrero, 2024","format":false,"excerpt":"2 de julio de 2011. Si hay una fecha, en la historia de Musikeon, es \u00e9sa. Ese concierto fue mucho m\u00e1s que un loco encuentro de 42 pianistas, dos violinistas y 2 percusionistas capaces de todo: fue una forma de hacer realidad lo que parec\u00eda una utop\u00eda. Sin director, con\u2026","rel":"","context":"Entrada similar","block_context":{"text":"Entrada similar","link":""},"img":{"alt_text":"","src":"https:\/\/i0.wp.com\/jlmirall.es\/wp-content\/uploads\/2024\/02\/266785_249622565054976_144002792283621_1192505_5500332_o.jpeg?fit=800%2C533&ssl=1&resize=350%2C200","width":350,"height":200,"srcset":"https:\/\/i0.wp.com\/jlmirall.es\/wp-content\/uploads\/2024\/02\/266785_249622565054976_144002792283621_1192505_5500332_o.jpeg?fit=800%2C533&ssl=1&resize=350%2C200 1x, https:\/\/i0.wp.com\/jlmirall.es\/wp-content\/uploads\/2024\/02\/266785_249622565054976_144002792283621_1192505_5500332_o.jpeg?fit=800%2C533&ssl=1&resize=525%2C300 1.5x, https:\/\/i0.wp.com\/jlmirall.es\/wp-content\/uploads\/2024\/02\/266785_249622565054976_144002792283621_1192505_5500332_o.jpeg?fit=800%2C533&ssl=1&resize=700%2C400 2x"},"classes":[]}],"jetpack_sharing_enabled":true,"_links":{"self":[{"href":"https:\/\/jlmirall.es\/index.php?rest_route=\/wp\/v2\/jetpack-portfolio\/1607","targetHints":{"allow":["GET"]}}],"collection":[{"href":"https:\/\/jlmirall.es\/index.php?rest_route=\/wp\/v2\/jetpack-portfolio"}],"about":[{"href":"https:\/\/jlmirall.es\/index.php?rest_route=\/wp\/v2\/types\/jetpack-portfolio"}],"author":[{"embeddable":true,"href":"https:\/\/jlmirall.es\/index.php?rest_route=\/wp\/v2\/users\/1"}],"replies":[{"embeddable":true,"href":"https:\/\/jlmirall.es\/index.php?rest_route=%2Fwp%2Fv2%2Fcomments&post=1607"}],"version-history":[{"count":1,"href":"https:\/\/jlmirall.es\/index.php?rest_route=\/wp\/v2\/jetpack-portfolio\/1607\/revisions"}],"predecessor-version":[{"id":1608,"href":"https:\/\/jlmirall.es\/index.php?rest_route=\/wp\/v2\/jetpack-portfolio\/1607\/revisions\/1608"}],"wp:featuredmedia":[{"embeddable":true,"href":"https:\/\/jlmirall.es\/index.php?rest_route=\/wp\/v2\/media\/1655"}],"wp:attachment":[{"href":"https:\/\/jlmirall.es\/index.php?rest_route=%2Fwp%2Fv2%2Fmedia&parent=1607"}],"wp:term":[{"taxonomy":"jetpack-portfolio-type","embeddable":true,"href":"https:\/\/jlmirall.es\/index.php?rest_route=%2Fwp%2Fv2%2Fjetpack-portfolio-type&post=1607"},{"taxonomy":"jetpack-portfolio-tag","embeddable":true,"href":"https:\/\/jlmirall.es\/index.php?rest_route=%2Fwp%2Fv2%2Fjetpack-portfolio-tag&post=1607"}],"curies":[{"name":"wp","href":"https:\/\/api.w.org\/{rel}","templated":true}]}}