{"id":1560,"date":"2024-02-13T13:07:05","date_gmt":"2024-02-13T12:07:05","guid":{"rendered":"https:\/\/jlmirall.es\/?post_type=jetpack-portfolio&#038;p=1560"},"modified":"2024-02-13T13:07:05","modified_gmt":"2024-02-13T12:07:05","slug":"afinant-lorientacio","status":"publish","type":"jetpack-portfolio","link":"https:\/\/jlmirall.es\/?portfolio=afinant-lorientacio","title":{"rendered":"Afinant l&#8217;orientaci\u00f3"},"content":{"rendered":"\n<p>Formaci\u00f3 per a Orientadors i Orientadores sobre orientaci\u00f3 en estudis musicales.<\/p>\n","protected":false},"excerpt":{"rendered":"<p>Formaci\u00f3 per a Orientadors i Orientadores sobre orientaci\u00f3 en estudis musicales.<\/p>\n","protected":false},"author":1,"featured_media":1561,"comment_status":"closed","ping_status":"closed","template":"","format":"standard","meta":{"footnotes":""},"jetpack-portfolio-type":[44,41],"jetpack-portfolio-tag":[],"class_list":["post-1560","jetpack-portfolio","type-jetpack-portfolio","status-publish","format-standard","has-post-thumbnail","hentry","jetpack-portfolio-type-conferencia","jetpack-portfolio-type-ponencias-conferencias"],"jetpack-related-posts":[{"id":1549,"url":"https:\/\/jlmirall.es\/?portfolio=orientacion-profesional-en-musica","url_meta":{"origin":1560,"position":0},"title":"Orientaci\u00f3n Profesional en M\u00fasica","author":"Oysiao","date":"13 febrero, 2024","format":false,"excerpt":"Conferencia sobre coaching en estudios musicales y algunos casos de \u00e9xito de carreras musicales.","rel":"","context":"Entrada similar","block_context":{"text":"Entrada similar","link":""},"img":{"alt_text":"","src":"https:\/\/i0.wp.com\/jlmirall.es\/wp-content\/uploads\/2024\/02\/Orientacion-profesional.jpg?fit=1200%2C936&ssl=1&resize=350%2C200","width":350,"height":200,"srcset":"https:\/\/i0.wp.com\/jlmirall.es\/wp-content\/uploads\/2024\/02\/Orientacion-profesional.jpg?fit=1200%2C936&ssl=1&resize=350%2C200 1x, https:\/\/i0.wp.com\/jlmirall.es\/wp-content\/uploads\/2024\/02\/Orientacion-profesional.jpg?fit=1200%2C936&ssl=1&resize=525%2C300 1.5x, https:\/\/i0.wp.com\/jlmirall.es\/wp-content\/uploads\/2024\/02\/Orientacion-profesional.jpg?fit=1200%2C936&ssl=1&resize=700%2C400 2x, https:\/\/i0.wp.com\/jlmirall.es\/wp-content\/uploads\/2024\/02\/Orientacion-profesional.jpg?fit=1200%2C936&ssl=1&resize=1050%2C600 3x"},"classes":[]},{"id":1771,"url":"https:\/\/jlmirall.es\/?portfolio=mozart-part","url_meta":{"origin":1560,"position":1},"title":"*Mozart &#038; Part","author":"Oysiao","date":"13 febrero, 2024","format":false,"excerpt":"Los siguientes compases pertenecen al segundo movimiento del concierto para piano y orquesta KV 488 de Mozart. \u00bfUtilizaci\u00f3n de los m\u00ednimos recursos o esquema de algo que no lleg\u00f3 en su totalidad a ser plasmado en papel? Sabemos que Mozart ornamentaba sus propias obras y de hecho se conserva un\u2026","rel":"","context":"Entrada similar","block_context":{"text":"Entrada similar","link":""},"img":{"alt_text":"","src":"https:\/\/i0.wp.com\/jlmirall.es\/wp-content\/uploads\/2024\/02\/1889058_10152292790174516_349296492_o.jpeg?fit=1200%2C566&ssl=1&resize=350%2C200","width":350,"height":200,"srcset":"https:\/\/i0.wp.com\/jlmirall.es\/wp-content\/uploads\/2024\/02\/1889058_10152292790174516_349296492_o.jpeg?fit=1200%2C566&ssl=1&resize=350%2C200 1x, https:\/\/i0.wp.com\/jlmirall.es\/wp-content\/uploads\/2024\/02\/1889058_10152292790174516_349296492_o.jpeg?fit=1200%2C566&ssl=1&resize=525%2C300 1.5x, https:\/\/i0.wp.com\/jlmirall.es\/wp-content\/uploads\/2024\/02\/1889058_10152292790174516_349296492_o.jpeg?fit=1200%2C566&ssl=1&resize=700%2C400 2x, https:\/\/i0.wp.com\/jlmirall.es\/wp-content\/uploads\/2024\/02\/1889058_10152292790174516_349296492_o.jpeg?fit=1200%2C566&ssl=1&resize=1050%2C600 3x"},"classes":[]},{"id":1535,"url":"https:\/\/jlmirall.es\/?portfolio=conferencia-sobre-musica-e-imagen","url_meta":{"origin":1560,"position":2},"title":"Conferencia sobre M\u00fasica e Imagen","author":"Oysiao","date":"13 febrero, 2024","format":false,"excerpt":"Diferentes formas en las que dialogan m\u00fasica cl\u00e1sica e imagen en el mundo audiovisual.","rel":"","context":"Entrada similar","block_context":{"text":"Entrada similar","link":""},"img":{"alt_text":"","src":"https:\/\/i0.wp.com\/jlmirall.es\/wp-content\/uploads\/2024\/02\/Captura-de-pantalla-2024-02-13-a-les-12.00.27.jpg?fit=1200%2C867&ssl=1&resize=350%2C200","width":350,"height":200,"srcset":"https:\/\/i0.wp.com\/jlmirall.es\/wp-content\/uploads\/2024\/02\/Captura-de-pantalla-2024-02-13-a-les-12.00.27.jpg?fit=1200%2C867&ssl=1&resize=350%2C200 1x, https:\/\/i0.wp.com\/jlmirall.es\/wp-content\/uploads\/2024\/02\/Captura-de-pantalla-2024-02-13-a-les-12.00.27.jpg?fit=1200%2C867&ssl=1&resize=525%2C300 1.5x, https:\/\/i0.wp.com\/jlmirall.es\/wp-content\/uploads\/2024\/02\/Captura-de-pantalla-2024-02-13-a-les-12.00.27.jpg?fit=1200%2C867&ssl=1&resize=700%2C400 2x, https:\/\/i0.wp.com\/jlmirall.es\/wp-content\/uploads\/2024\/02\/Captura-de-pantalla-2024-02-13-a-les-12.00.27.jpg?fit=1200%2C867&ssl=1&resize=1050%2C600 3x"},"classes":[]},{"id":1541,"url":"https:\/\/jlmirall.es\/?portfolio=ivo-pogorelich","url_meta":{"origin":1560,"position":3},"title":"Ivo Pogorelich","author":"Oysiao","date":"13 febrero, 2024","format":false,"excerpt":"Conferencia sobre la vida de Pogorelich y su m\u00fasica en un concierto en el Auditori de Castell\u00f3. Posteriormente pude pasarle las hojas durante el concierto.","rel":"","context":"Entrada similar","block_context":{"text":"Entrada similar","link":""},"img":{"alt_text":"","src":"https:\/\/i0.wp.com\/jlmirall.es\/wp-content\/uploads\/2024\/02\/Pogorelich.jpg?fit=1152%2C648&ssl=1&resize=350%2C200","width":350,"height":200,"srcset":"https:\/\/i0.wp.com\/jlmirall.es\/wp-content\/uploads\/2024\/02\/Pogorelich.jpg?fit=1152%2C648&ssl=1&resize=350%2C200 1x, https:\/\/i0.wp.com\/jlmirall.es\/wp-content\/uploads\/2024\/02\/Pogorelich.jpg?fit=1152%2C648&ssl=1&resize=525%2C300 1.5x, https:\/\/i0.wp.com\/jlmirall.es\/wp-content\/uploads\/2024\/02\/Pogorelich.jpg?fit=1152%2C648&ssl=1&resize=700%2C400 2x, https:\/\/i0.wp.com\/jlmirall.es\/wp-content\/uploads\/2024\/02\/Pogorelich.jpg?fit=1152%2C648&ssl=1&resize=1050%2C600 3x"},"classes":[]},{"id":1551,"url":"https:\/\/jlmirall.es\/?portfolio=sonotrazos-conferencia-en-feria-marte-17","url_meta":{"origin":1560,"position":4},"title":"SONOTRAZOS | Conferencia en feria MARTE \u201917","author":"Oysiao","date":"13 febrero, 2024","format":false,"excerpt":"Sobre Partituras gr\u00e1ficas hist\u00f3ricas y el proceso conjunto de creaci\u00f3n de nuevas partituras gr\u00e1ficas por parte del alumnado de la EASD de Castell\u00f3n.","rel":"","context":"Entrada similar","block_context":{"text":"Entrada similar","link":""},"img":{"alt_text":"","src":"https:\/\/i0.wp.com\/jlmirall.es\/wp-content\/uploads\/2024\/02\/sonotrazos-conf.jpg?fit=1200%2C902&ssl=1&resize=350%2C200","width":350,"height":200,"srcset":"https:\/\/i0.wp.com\/jlmirall.es\/wp-content\/uploads\/2024\/02\/sonotrazos-conf.jpg?fit=1200%2C902&ssl=1&resize=350%2C200 1x, https:\/\/i0.wp.com\/jlmirall.es\/wp-content\/uploads\/2024\/02\/sonotrazos-conf.jpg?fit=1200%2C902&ssl=1&resize=525%2C300 1.5x, https:\/\/i0.wp.com\/jlmirall.es\/wp-content\/uploads\/2024\/02\/sonotrazos-conf.jpg?fit=1200%2C902&ssl=1&resize=700%2C400 2x, https:\/\/i0.wp.com\/jlmirall.es\/wp-content\/uploads\/2024\/02\/sonotrazos-conf.jpg?fit=1200%2C902&ssl=1&resize=1050%2C600 3x"},"classes":[]},{"id":1578,"url":"https:\/\/jlmirall.es\/?portfolio=lms","url_meta":{"origin":1560,"position":5},"title":"LM\u00df","author":"Oysiao","date":"13 febrero, 2024","format":false,"excerpt":"Conferencia sobre creaci\u00f3n de redes sociales docentes en el Foro Europeo de Administradores de la Educaci\u00f3n.","rel":"","context":"Entrada similar","block_context":{"text":"Entrada similar","link":""},"img":{"alt_text":"","src":"https:\/\/i0.wp.com\/jlmirall.es\/wp-content\/uploads\/2024\/02\/Laboratori-SEM-EE.jpg?fit=1200%2C748&ssl=1&resize=350%2C200","width":350,"height":200,"srcset":"https:\/\/i0.wp.com\/jlmirall.es\/wp-content\/uploads\/2024\/02\/Laboratori-SEM-EE.jpg?fit=1200%2C748&ssl=1&resize=350%2C200 1x, https:\/\/i0.wp.com\/jlmirall.es\/wp-content\/uploads\/2024\/02\/Laboratori-SEM-EE.jpg?fit=1200%2C748&ssl=1&resize=525%2C300 1.5x, https:\/\/i0.wp.com\/jlmirall.es\/wp-content\/uploads\/2024\/02\/Laboratori-SEM-EE.jpg?fit=1200%2C748&ssl=1&resize=700%2C400 2x, https:\/\/i0.wp.com\/jlmirall.es\/wp-content\/uploads\/2024\/02\/Laboratori-SEM-EE.jpg?fit=1200%2C748&ssl=1&resize=1050%2C600 3x"},"classes":[]}],"jetpack_sharing_enabled":true,"_links":{"self":[{"href":"https:\/\/jlmirall.es\/index.php?rest_route=\/wp\/v2\/jetpack-portfolio\/1560","targetHints":{"allow":["GET"]}}],"collection":[{"href":"https:\/\/jlmirall.es\/index.php?rest_route=\/wp\/v2\/jetpack-portfolio"}],"about":[{"href":"https:\/\/jlmirall.es\/index.php?rest_route=\/wp\/v2\/types\/jetpack-portfolio"}],"author":[{"embeddable":true,"href":"https:\/\/jlmirall.es\/index.php?rest_route=\/wp\/v2\/users\/1"}],"replies":[{"embeddable":true,"href":"https:\/\/jlmirall.es\/index.php?rest_route=%2Fwp%2Fv2%2Fcomments&post=1560"}],"version-history":[{"count":1,"href":"https:\/\/jlmirall.es\/index.php?rest_route=\/wp\/v2\/jetpack-portfolio\/1560\/revisions"}],"predecessor-version":[{"id":1562,"href":"https:\/\/jlmirall.es\/index.php?rest_route=\/wp\/v2\/jetpack-portfolio\/1560\/revisions\/1562"}],"wp:featuredmedia":[{"embeddable":true,"href":"https:\/\/jlmirall.es\/index.php?rest_route=\/wp\/v2\/media\/1561"}],"wp:attachment":[{"href":"https:\/\/jlmirall.es\/index.php?rest_route=%2Fwp%2Fv2%2Fmedia&parent=1560"}],"wp:term":[{"taxonomy":"jetpack-portfolio-type","embeddable":true,"href":"https:\/\/jlmirall.es\/index.php?rest_route=%2Fwp%2Fv2%2Fjetpack-portfolio-type&post=1560"},{"taxonomy":"jetpack-portfolio-tag","embeddable":true,"href":"https:\/\/jlmirall.es\/index.php?rest_route=%2Fwp%2Fv2%2Fjetpack-portfolio-tag&post=1560"}],"curies":[{"name":"wp","href":"https:\/\/api.w.org\/{rel}","templated":true}]}}