{"id":1544,"date":"2024-02-13T12:06:28","date_gmt":"2024-02-13T11:06:28","guid":{"rendered":"https:\/\/jlmirall.es\/?post_type=jetpack-portfolio&#038;p=1544"},"modified":"2024-02-13T12:06:28","modified_gmt":"2024-02-13T11:06:28","slug":"la-musa-despistada","status":"publish","type":"jetpack-portfolio","link":"https:\/\/jlmirall.es\/?portfolio=la-musa-despistada","title":{"rendered":"La musa despistada"},"content":{"rendered":"\n<p>Concierto-conferencia explicando obras interpretadas por alumnos del conservatorio a alumnos de instituto.<\/p>\n","protected":false},"excerpt":{"rendered":"<p>Concierto-conferencia explicando obras interpretadas por alumnos del conservatorio a alumnos de instituto.<\/p>\n","protected":false},"author":1,"featured_media":1545,"comment_status":"closed","ping_status":"closed","template":"","format":"standard","meta":{"footnotes":""},"jetpack-portfolio-type":[44,41],"jetpack-portfolio-tag":[],"class_list":["post-1544","jetpack-portfolio","type-jetpack-portfolio","status-publish","format-standard","has-post-thumbnail","hentry","jetpack-portfolio-type-conferencia","jetpack-portfolio-type-ponencias-conferencias"],"jetpack-related-posts":[{"id":1751,"url":"https:\/\/jlmirall.es\/?portfolio=concierto-monografico-rzewski","url_meta":{"origin":1544,"position":0},"title":"*Concierto Monogr\u00e1fico Rzewski","author":"Oysiao","date":"13 febrero, 2024","format":false,"excerpt":"\u201cFrederic Rzewski, the greatest pianist-composer of our time\u00a0and something of a legend in modern music\u201cMark Swed,\u00a0The Los Angeles Times Pianista, compositor e improvisador \u00fanico en el mundo, Frederic Rzewski es una leyenda viva de la m\u00fasica de nuestro tiempo. Sus obras y su poli\u00e9drica actividad creativa representan un cap\u00edtulo \u00fanico\u2026","rel":"","context":"Entrada similar","block_context":{"text":"Entrada similar","link":""},"img":{"alt_text":"","src":"","width":0,"height":0},"classes":[]},{"id":1538,"url":"https:\/\/jlmirall.es\/?portfolio=concierto-claret-colom","url_meta":{"origin":1544,"position":1},"title":"Concierto Claret &#038; Colom","author":"Oysiao","date":"13 febrero, 2024","format":false,"excerpt":"Conferencia de Notas al Programa para la excursi\u00f3n de alumnos a un concierto de Llu\u00eds Claret y Josep Mar\u00eda Colom en el Auditorio de Castell\u00f3n.","rel":"","context":"Entrada similar","block_context":{"text":"Entrada similar","link":""},"img":{"alt_text":"","src":"https:\/\/i0.wp.com\/jlmirall.es\/wp-content\/uploads\/2024\/02\/Claret-Colom.jpg?fit=1152%2C648&ssl=1&resize=350%2C200","width":350,"height":200,"srcset":"https:\/\/i0.wp.com\/jlmirall.es\/wp-content\/uploads\/2024\/02\/Claret-Colom.jpg?fit=1152%2C648&ssl=1&resize=350%2C200 1x, https:\/\/i0.wp.com\/jlmirall.es\/wp-content\/uploads\/2024\/02\/Claret-Colom.jpg?fit=1152%2C648&ssl=1&resize=525%2C300 1.5x, https:\/\/i0.wp.com\/jlmirall.es\/wp-content\/uploads\/2024\/02\/Claret-Colom.jpg?fit=1152%2C648&ssl=1&resize=700%2C400 2x, https:\/\/i0.wp.com\/jlmirall.es\/wp-content\/uploads\/2024\/02\/Claret-Colom.jpg?fit=1152%2C648&ssl=1&resize=1050%2C600 3x"},"classes":[]},{"id":1530,"url":"https:\/\/jlmirall.es\/?portfolio=el-ultimo-ano-de-vida-de-schubert","url_meta":{"origin":1544,"position":2},"title":"El \u00faltimo a\u00f1o de vida de Schubert","author":"Oysiao","date":"13 febrero, 2024","format":false,"excerpt":"Concierto-Conferencia sobre la vida y m\u00fasica de Schubert en su \u00faltimo a\u00f1o de vida para la Semana Cultural del Conservatorio.","rel":"","context":"Entrada similar","block_context":{"text":"Entrada similar","link":""},"img":{"alt_text":"","src":"https:\/\/i0.wp.com\/jlmirall.es\/wp-content\/uploads\/2024\/02\/Schubert-e1707821481659.jpg?fit=1061%2C585&ssl=1&resize=350%2C200","width":350,"height":200,"srcset":"https:\/\/i0.wp.com\/jlmirall.es\/wp-content\/uploads\/2024\/02\/Schubert-e1707821481659.jpg?fit=1061%2C585&ssl=1&resize=350%2C200 1x, https:\/\/i0.wp.com\/jlmirall.es\/wp-content\/uploads\/2024\/02\/Schubert-e1707821481659.jpg?fit=1061%2C585&ssl=1&resize=525%2C300 1.5x, https:\/\/i0.wp.com\/jlmirall.es\/wp-content\/uploads\/2024\/02\/Schubert-e1707821481659.jpg?fit=1061%2C585&ssl=1&resize=700%2C400 2x, https:\/\/i0.wp.com\/jlmirall.es\/wp-content\/uploads\/2024\/02\/Schubert-e1707821481659.jpg?fit=1061%2C585&ssl=1&resize=1050%2C600 3x"},"classes":[]},{"id":1615,"url":"https:\/\/jlmirall.es\/?portfolio=horarios-deberes-practica-ese-fragil-equilibrio-de-los-alumnos-de-conservatorio","url_meta":{"origin":1544,"position":3},"title":"Horarios, deberes, pr\u00e1ctica,\u2026 ese fr\u00e1gil equilibrio de los alumnos de conservatorio","author":"Oysiao","date":"13 febrero, 2024","format":false,"excerpt":"","rel":"","context":"Entrada similar","block_context":{"text":"Entrada similar","link":""},"img":{"alt_text":"","src":"https:\/\/i0.wp.com\/jlmirall.es\/wp-content\/uploads\/2024\/02\/horarios.jpg?fit=1200%2C676&ssl=1&resize=350%2C200","width":350,"height":200,"srcset":"https:\/\/i0.wp.com\/jlmirall.es\/wp-content\/uploads\/2024\/02\/horarios.jpg?fit=1200%2C676&ssl=1&resize=350%2C200 1x, https:\/\/i0.wp.com\/jlmirall.es\/wp-content\/uploads\/2024\/02\/horarios.jpg?fit=1200%2C676&ssl=1&resize=525%2C300 1.5x, https:\/\/i0.wp.com\/jlmirall.es\/wp-content\/uploads\/2024\/02\/horarios.jpg?fit=1200%2C676&ssl=1&resize=700%2C400 2x, https:\/\/i0.wp.com\/jlmirall.es\/wp-content\/uploads\/2024\/02\/horarios.jpg?fit=1200%2C676&ssl=1&resize=1050%2C600 3x"},"classes":[]},{"id":1522,"url":"https:\/\/jlmirall.es\/?portfolio=beethoven","url_meta":{"origin":1544,"position":4},"title":"Beethoven","author":"Oysiao","date":"13 febrero, 2024","format":false,"excerpt":"Conferencia sobre la composici\u00f3n de la sinfon\u00eda Eroica de Beethoven para la Semana Cultural del Conservatorio. Previa al visionado de la pel\u00edcula Eroica de la BBC.","rel":"","context":"Entrada similar","block_context":{"text":"Entrada similar","link":""},"img":{"alt_text":"","src":"https:\/\/i0.wp.com\/jlmirall.es\/wp-content\/uploads\/2024\/02\/Eroica.jpg?fit=1200%2C899&ssl=1&resize=350%2C200","width":350,"height":200,"srcset":"https:\/\/i0.wp.com\/jlmirall.es\/wp-content\/uploads\/2024\/02\/Eroica.jpg?fit=1200%2C899&ssl=1&resize=350%2C200 1x, https:\/\/i0.wp.com\/jlmirall.es\/wp-content\/uploads\/2024\/02\/Eroica.jpg?fit=1200%2C899&ssl=1&resize=525%2C300 1.5x, https:\/\/i0.wp.com\/jlmirall.es\/wp-content\/uploads\/2024\/02\/Eroica.jpg?fit=1200%2C899&ssl=1&resize=700%2C400 2x, https:\/\/i0.wp.com\/jlmirall.es\/wp-content\/uploads\/2024\/02\/Eroica.jpg?fit=1200%2C899&ssl=1&resize=1050%2C600 3x"},"classes":[]},{"id":1513,"url":"https:\/\/jlmirall.es\/?portfolio=clasicismo","url_meta":{"origin":1544,"position":5},"title":"Clasicismo","author":"Oysiao","date":"13 febrero, 2024","format":false,"excerpt":"Conferencia sobre el clasicismo para la Semana Cultural del Conservatorio. Previa al visionado de la pel\u00edcula Amadeus.","rel":"","context":"Entrada similar","block_context":{"text":"Entrada similar","link":""},"img":{"alt_text":"","src":"https:\/\/i0.wp.com\/jlmirall.es\/wp-content\/uploads\/2024\/02\/Clasicismo.jpg?fit=1200%2C896&ssl=1&resize=350%2C200","width":350,"height":200,"srcset":"https:\/\/i0.wp.com\/jlmirall.es\/wp-content\/uploads\/2024\/02\/Clasicismo.jpg?fit=1200%2C896&ssl=1&resize=350%2C200 1x, https:\/\/i0.wp.com\/jlmirall.es\/wp-content\/uploads\/2024\/02\/Clasicismo.jpg?fit=1200%2C896&ssl=1&resize=525%2C300 1.5x, https:\/\/i0.wp.com\/jlmirall.es\/wp-content\/uploads\/2024\/02\/Clasicismo.jpg?fit=1200%2C896&ssl=1&resize=700%2C400 2x, https:\/\/i0.wp.com\/jlmirall.es\/wp-content\/uploads\/2024\/02\/Clasicismo.jpg?fit=1200%2C896&ssl=1&resize=1050%2C600 3x"},"classes":[]}],"jetpack_sharing_enabled":true,"_links":{"self":[{"href":"https:\/\/jlmirall.es\/index.php?rest_route=\/wp\/v2\/jetpack-portfolio\/1544","targetHints":{"allow":["GET"]}}],"collection":[{"href":"https:\/\/jlmirall.es\/index.php?rest_route=\/wp\/v2\/jetpack-portfolio"}],"about":[{"href":"https:\/\/jlmirall.es\/index.php?rest_route=\/wp\/v2\/types\/jetpack-portfolio"}],"author":[{"embeddable":true,"href":"https:\/\/jlmirall.es\/index.php?rest_route=\/wp\/v2\/users\/1"}],"replies":[{"embeddable":true,"href":"https:\/\/jlmirall.es\/index.php?rest_route=%2Fwp%2Fv2%2Fcomments&post=1544"}],"version-history":[{"count":1,"href":"https:\/\/jlmirall.es\/index.php?rest_route=\/wp\/v2\/jetpack-portfolio\/1544\/revisions"}],"predecessor-version":[{"id":1546,"href":"https:\/\/jlmirall.es\/index.php?rest_route=\/wp\/v2\/jetpack-portfolio\/1544\/revisions\/1546"}],"wp:featuredmedia":[{"embeddable":true,"href":"https:\/\/jlmirall.es\/index.php?rest_route=\/wp\/v2\/media\/1545"}],"wp:attachment":[{"href":"https:\/\/jlmirall.es\/index.php?rest_route=%2Fwp%2Fv2%2Fmedia&parent=1544"}],"wp:term":[{"taxonomy":"jetpack-portfolio-type","embeddable":true,"href":"https:\/\/jlmirall.es\/index.php?rest_route=%2Fwp%2Fv2%2Fjetpack-portfolio-type&post=1544"},{"taxonomy":"jetpack-portfolio-tag","embeddable":true,"href":"https:\/\/jlmirall.es\/index.php?rest_route=%2Fwp%2Fv2%2Fjetpack-portfolio-tag&post=1544"}],"curies":[{"name":"wp","href":"https:\/\/api.w.org\/{rel}","templated":true}]}}